{"id":2661,"date":"2024-11-20T09:30:57","date_gmt":"2024-11-20T09:30:57","guid":{"rendered":"https:\/\/alpacafe.sk\/?page_id=2661"},"modified":"2025-11-29T12:26:21","modified_gmt":"2025-11-29T11:26:21","slug":"darcekovy-poukaz","status":"publish","type":"page","link":"https:\/\/alpacafe.sk\/en\/darcekovy-poukaz\/","title":{"rendered":"Dar\u010dekov\u00e9 poukazy"},"content":{"rendered":"<div class=\"wp-block-cover alignfull has-parallax\" style=\"min-height:100vh;aspect-ratio:unset;\"><div class=\"wp-block-cover__image-background wp-image-2666 has-parallax\" style=\"background-position:50% 50%;background-image:url(https:\/\/alpacafe.sk\/wp-content\/uploads\/2024\/11\/darceky-obalene-v-baliacom-papieri-so-vzorom-alpak.jpg)\"><\/div><span aria-hidden=\"true\" class=\"wp-block-cover__background has-primary-background-color has-background-dim\"><\/span><div class=\"wp-block-cover__inner-container is-layout-flow wp-block-cover-is-layout-flow\">\n<p class=\"has-text-align-center has-white-color has-text-color\" style=\"font-size:clamp(37.821px, 2.364rem + ((1vw - 3.2px) * 3.352), 70px);font-style:normal;font-weight:900\"><strong>Dar\u010dekov\u00e1 pouk\u00e1\u017eka<\/strong><\/p>\n\n\n\n<p class=\"has-text-align-center has-white-color has-text-color has-medium-font-size\" style=\"letter-spacing:1px\">H\u013ead\u00e1te origin\u00e1lny dar\u010dek, ktor\u00fd pote\u0161\u00ed ka\u017ed\u00e9ho milovn\u00edka zvierat a nev\u0161edn\u00fdch z\u00e1\u017eitkov? <br>Objavte k\u00fazlo na\u0161ich dar\u010dekov\u00fdch voucherov na z\u00e1\u017eitky s alpakami v AlpaCaf\u00e9!<\/p>\n<\/div><\/div>\n\n\n\n<div class=\"wp-block-group alignfull has-global-padding is-content-justification-center is-layout-constrained wp-container-core-group-is-layout-c7f866ca wp-block-group-is-layout-constrained\" style=\"margin-top:0;margin-bottom:0;padding-top:calc( 0.5 * var(--wp--style--root--padding-right, var(--wp--custom--gap--horizontal)));padding-right:var(--wp--style--root--padding-right, var(--wp--custom--gap--horizontal));padding-bottom:calc( 0.5 * var(--wp--style--root--padding-right, var(--wp--custom--gap--horizontal)));padding-left:var(--wp--style--root--padding-left, var(--wp--custom--gap--horizontal))\">\n<div style=\"height:calc( 0.25 * var(--wp--style--root--padding-right, var(--wp--custom--gap--horizontal)))\" aria-hidden=\"true\" class=\"wp-block-spacer\"><\/div>\n\n\n\n<div class=\"wp-block-columns alignfull is-layout-flex wp-container-core-columns-is-layout-7c9548a8 wp-block-columns-is-layout-flex\" style=\"padding-top:0;padding-right:0;padding-bottom:0;padding-left:0\">\n<div class=\"wp-block-column is-vertically-aligned-center has-global-padding is-layout-constrained wp-container-core-column-is-layout-254f1302 wp-block-column-is-layout-constrained\" style=\"padding-top:0;padding-right:0;padding-bottom:0;padding-left:0\">\n<div class=\"wp-block-group alignfull is-layout-flow wp-block-group-is-layout-flow\" style=\"margin-top:var(--wp--preset--spacing--40);margin-bottom:var(--wp--preset--spacing--40);padding-top:0px;padding-right:60px;padding-bottom:0px;padding-left:60px\">\n<h2 class=\"wp-block-heading has-text-align-left has-large-font-size\"><br><strong>\u2731<\/strong> <strong>Darujte origin\u00e1lny z\u00e1\u017eitok, na ktor\u00fd sa nezab\u00fada&#8230;<\/strong><\/h2>\n\n\n\n<p style=\"margin-bottom:var(--wp--preset--spacing--40)\">\ud83c\udf81&nbsp;<strong>Pre\u010do darova\u0165 z\u00e1\u017eitok?<\/strong><br>Na\u0161e alpaky s\u00fa zaru\u010den\u00fdmi odborn\u00edkmi na dobr\u00fa n\u00e1ladu a relax str\u00e1ven\u00fd na \u010derstvom vzduchu. Dar\u010dekov\u00fd poukaz na stretnutie s nimi je perfektn\u00fdm sp\u00f4sobom, ako pote\u0161i\u0165 rodinu, priate\u013eov \u010di kolegov. Dar\u010dekov\u00fd poukaz si viete jednoducho zak\u00fapi\u0165 ni\u017e\u0161ie a po zaplaten\u00ed V\u00e1m pr\u00edde rovno na V\u00e1\u0161 e-mail a Vy si ho m\u00f4\u017eete vytla\u010di\u0165.<\/p>\n<\/div>\n<\/div>\n<\/div>\n\n\n\n<div style=\"height:0px\" aria-hidden=\"true\" class=\"wp-block-spacer\"><\/div>\n<\/div>\n\n\n\n<div class=\"wp-block-group alignfull has-background has-global-padding is-layout-constrained wp-block-group-is-layout-constrained\" style=\"background-color:#053c5c;padding-top:var(--wp--preset--spacing--small);padding-bottom:var(--wp--preset--spacing--small)\">\n<div class=\"wp-block-columns is-layout-flex wp-container-core-columns-is-layout-7db7aa3e wp-block-columns-is-layout-flex\" style=\"padding-right:0;padding-left:0\">\n<div class=\"wp-block-column is-vertically-aligned-center is-layout-flow wp-block-column-is-layout-flow\">\n<h2 class=\"wp-block-heading has-white-color has-text-color has-link-color has-medium-font-size wp-elements-cc2bc27e86ae0a04452be1359480e5e1\" style=\"text-transform:uppercase\"><strong>\u2731<\/strong> jedine\u010dn\u00fd dar\u010dek pre ka\u017ed\u00fa pr\u00edle\u017eitos\u0165<\/h2>\n\n\n\n<p class=\"has-white-color has-text-color has-link-color wp-elements-373d48b7b0071da07bcefcaf6efdb2b0\">Z\u00e1\u017eitky s\u00fa to, \u010do si pam\u00e4t\u00e1me najdlh\u0161ie. Darujte mo\u017enos\u0165 za\u017ei\u0165 nie\u010do nov\u00e9, odd\u00fdchnu\u0165 si a str\u00e1vi\u0165 \u010das s na\u0161imi alpakami v jedine\u010dnom prostred\u00ed AlpaCaf\u00e9.<\/p>\n\n\n\n<p class=\"has-white-color has-text-color has-link-color wp-elements-ce5a08ec7c2e928260f3cd5cd8012685\"><strong>\u2731 JEDNODUCHO, R\u00ddCHLO A BEZ STAROST\u00cd<\/strong><\/p>\n\n\n\n<p class=\"has-white-color has-text-color has-link-color wp-elements-835300c37d259bb40b478339d55d3ab6\">Dar\u010dekov\u00fd poukaz objedn\u00e1te za p\u00e1r min\u00fat. Po zaplaten\u00ed V\u00e1m voucher pr\u00edde rovno do Va\u0161ej e-mailovej schr\u00e1nky.<\/p>\n<\/div>\n\n\n\n<div class=\"wp-block-column is-layout-flow wp-block-column-is-layout-flow\">\n<figure class=\"wp-block-image size-full has-custom-border\"><img loading=\"lazy\" decoding=\"async\" width=\"2560\" height=\"1920\" src=\"https:\/\/alpacafe.sk\/wp-content\/uploads\/2025\/05\/KP_80-edited-1-scaled.jpg\" alt=\"\" class=\"wp-image-3554\" style=\"border-radius:19px\" srcset=\"https:\/\/alpacafe.sk\/wp-content\/uploads\/2025\/05\/KP_80-edited-1-scaled.jpg 2560w, https:\/\/alpacafe.sk\/wp-content\/uploads\/2025\/05\/KP_80-edited-1-300x225.jpg 300w, https:\/\/alpacafe.sk\/wp-content\/uploads\/2025\/05\/KP_80-edited-1-1024x768.jpg 1024w, https:\/\/alpacafe.sk\/wp-content\/uploads\/2025\/05\/KP_80-edited-1-2000x1500.jpg 2000w, https:\/\/alpacafe.sk\/wp-content\/uploads\/2025\/05\/KP_80-edited-1-scaled-16x12.jpg 16w\" sizes=\"auto, (max-width: 2560px) 100vw, 2560px\" \/><\/figure>\n<\/div>\n<\/div>\n<\/div>\n\n\n\n<div class=\"wp-block-group has-global-padding is-layout-constrained wp-block-group-is-layout-constrained\">\n<h3 class=\"wp-block-heading has-text-align-center has-large-font-size\">Pre\u010do pr\u00e1ve AlpaCaf\u00e9 dar\u010dekov\u00fd poukaz?<\/h3>\n\n\n\n<div class=\"wp-block-columns is-layout-flex wp-container-core-columns-is-layout-28f84493 wp-block-columns-is-layout-flex\">\n<div class=\"wp-block-column is-style-default is-layout-flow wp-block-column-is-layout-flow\" style=\"border-style:none;border-width:0px;padding-top:0;padding-right:0;padding-bottom:0;padding-left:0\">\n<div class=\"wp-block-outermost-icon-block aligncenter items-justified-center\"><div class=\"icon-container has-icon-color\" style=\"color:#0bb4aa;width:48px;transform:rotate(0deg) scaleX(1) scaleY(1)\"><svg width=\"50\" height=\"50\" viewbox=\"0 0 50 50\" fill=\"none\" xmlns=\"https:\/\/www.w3.org\/2000\/svg\"><path d=\"M50 27.7778H31.6667L44.7222 40.8333L40.8333 44.7222L27.7778 31.6667V50H22.2222V31.3889L9.16667 44.4444L5.27778 40.5556L17.7778 27.7778H0V22.2222H18.3333L5.27778 9.16667L9.16667 5.27778L22.2222 18.3333V0H27.7778V17.7778L40.5556 5L44.4444 9.16667L31.3889 22.2222H50V27.7778Z\" fill=\"var(--wp--preset--color--primary)\"><\/path><\/svg><\/div><\/div>\n\n\n\n<h2 class=\"wp-block-heading has-text-align-center\">Flexibiln\u00fd v\u00fdber term\u00ednu<\/h2>\n\n\n\n<p class=\"has-text-align-center\">Platnos\u0165 v\u0161etk\u00fdch dar\u010dekov\u00fdch voucherov je 1 rok od d\u00e1tumu zak\u00fapenia. Obdarovan\u00ed si sami m\u00f4\u017eu vybra\u0165, ktor\u00fd d\u00e1tum n\u00e1v\u0161tevy im bude najviac vyhovova\u0165.<\/p>\n<\/div>\n\n\n\n<div class=\"wp-block-column is-style-default is-layout-flow wp-block-column-is-layout-flow\" style=\"border-style:none;border-width:0px;padding-top:0;padding-right:0;padding-bottom:0;padding-left:0\">\n<div class=\"wp-block-outermost-icon-block aligncenter items-justified-center\"><div class=\"icon-container has-icon-color\" style=\"color:#0bb4aa;width:48px;transform:rotate(0deg) scaleX(1) scaleY(1)\"><svg width=\"50\" height=\"50\" viewbox=\"0 0 50 50\" fill=\"none\" xmlns=\"https:\/\/www.w3.org\/2000\/svg\"><path d=\"M50 27.7778H31.6667L44.7222 40.8333L40.8333 44.7222L27.7778 31.6667V50H22.2222V31.3889L9.16667 44.4444L5.27778 40.5556L17.7778 27.7778H0V22.2222H18.3333L5.27778 9.16667L9.16667 5.27778L22.2222 18.3333V0H27.7778V17.7778L40.5556 5L44.4444 9.16667L31.3889 22.2222H50V27.7778Z\" fill=\"var(--wp--preset--color--primary)\"><\/path><\/svg><\/div><\/div>\n\n\n\n<h2 class=\"wp-block-heading has-text-align-center\">Personaliz\u00e1cia<\/h2>\n\n\n\n<p class=\"has-text-align-center\">Na v\u00fdber m\u00e1me nieko\u013eko mot\u00edvov dar\u010dekov\u00fdch pouk\u00e1\u017eok, tak\u017ee si m\u00f4\u017eete vybra\u0165 ten, ktor\u00fd sa najlep\u0161ie hod\u00ed k danej pr\u00edle\u017eitosti \u2013 \u010di u\u017e ide o narodeniny, v\u00fdro\u010die, Vianoce alebo len tak pre rados\u0165. Na dar\u010dekov\u00fd voucher je taktie\u017e mo\u017en\u00e9 prida\u0165 personalizovan\u00fd odkaz. <\/p>\n<\/div>\n\n\n\n<div class=\"wp-block-column is-style-default is-layout-flow wp-block-column-is-layout-flow\" style=\"border-style:none;border-width:0px;padding-top:0;padding-right:0;padding-bottom:0;padding-left:0\">\n<div class=\"wp-block-outermost-icon-block aligncenter items-justified-center\"><div class=\"icon-container has-icon-color\" style=\"color:#0bb4aa;width:48px;transform:rotate(0deg) scaleX(1) scaleY(1)\"><svg width=\"50\" height=\"50\" viewbox=\"0 0 50 50\" fill=\"none\" xmlns=\"https:\/\/www.w3.org\/2000\/svg\"><path d=\"M50 27.7778H31.6667L44.7222 40.8333L40.8333 44.7222L27.7778 31.6667V50H22.2222V31.3889L9.16667 44.4444L5.27778 40.5556L17.7778 27.7778H0V22.2222H18.3333L5.27778 9.16667L9.16667 5.27778L22.2222 18.3333V0H27.7778V17.7778L40.5556 5L44.4444 9.16667L31.3889 22.2222H50V27.7778Z\" fill=\"var(--wp--preset--color--primary)\"><\/path><\/svg><\/div><\/div>\n\n\n\n<h2 class=\"wp-block-heading has-text-align-center\">Doru\u010denie a uplatnenie<\/h2>\n\n\n\n<p class=\"has-text-align-center\">Po zaplaten\u00ed V\u00e1m voucher pr\u00edde na V\u00e1\u0161 e-mail v PDF dokumente, kter\u00fd si viete jednoducho vytla\u010di\u0165. Voucherov\u00fd k\u00f3dik si obdarovan\u00ed \u013eahko uplatnia pri vytvoren\u00ed rezerv\u00e1cie &#8211; <strong>k\u00f3d sa zad\u00e1va pri vyp\u013a\u0148an\u00ed faktura\u010dn\u00fdch \u00fadajov<\/strong>.<\/p>\n<\/div>\n<\/div>\n\n\n\n<p><\/p>\n\n\n\n<div class=\"wp-block-group has-background has-global-padding is-layout-constrained wp-block-group-is-layout-constrained\" style=\"background-color:#f2f3ec;padding-top:var(--wp--preset--spacing--small);padding-bottom:var(--wp--preset--spacing--small)\">\n<div class=\"wp-block-columns is-layout-flex wp-container-core-columns-is-layout-7db7aa3e wp-block-columns-is-layout-flex\" style=\"padding-right:0;padding-left:0\">\n<div class=\"wp-block-column is-vertically-aligned-center is-layout-flow wp-block-column-is-layout-flow\">\n<h2 class=\"wp-block-heading has-text-align-center has-medium-font-size\" style=\"text-transform:uppercase\"><strong>D\u00d4LE\u017dit\u00e9 inform\u00e1cie<\/strong><\/h2>\n\n\n\n<p><strong>\u2731<\/strong> <strong>Platnos\u0165 pouk\u00e1\u017eky:<\/strong> Platnos\u0165 pouk\u00e1\u017eky je <strong>1 rok od zak\u00fapenia<\/strong>. Platnos\u0165 pouk\u00e1\u017eky nie je mo\u017en\u00e9 pred\u013a\u017ei\u0165.<\/p>\n\n\n\n<p><strong>\u2731 Uplatnenie:<\/strong> Dar\u010dekov\u00fd voucher m\u00f4\u017eete pou\u017ei\u0165 na <strong>ak\u00fako\u013evek aktivitu s alpakami <\/strong>z na\u0161ej ponuky. Z vouchera sa <strong>nevyd\u00e1va<\/strong> a pri zvolen\u00ed drah\u0161ej aktivity ako je hodnota voucheru je <strong>nutn\u00e9 rozdiel doplati\u0165<\/strong>.<\/p>\n\n\n\n<p><strong>\u2731<\/strong> <strong>Rezerv\u00e1cia:<\/strong> Pred Va\u0161ou n\u00e1v\u0161tevou je nutn\u00e9 si rezervova\u0165 term\u00edn na na\u0161om webe v sekcii &#8218;Rezerv\u00e1cie&#8216;.<\/p>\n\n\n\n<hr class=\"wp-block-separator has-alpha-channel-opacity\"\/>\n\n\n\n<h2 class=\"wp-block-heading has-text-align-center has-medium-font-size\"><strong>DOSTAL\/A SOM POUK\u00c1\u017dKU &#8211; AKO JU M\u00c1M POU\u017dI\u0164?<\/strong><\/h2>\n\n\n\n<p><strong>\u2731 Kde n\u00e1jdem voucherov\u00fd k\u00f3d?<\/strong> &#8211; Voucherov\u00fd k\u00f3d sa nach\u00e1dza <strong>priamo na pouk\u00e1\u017eke<\/strong>. Je to 8-miestny k\u00f3d, ktor\u00fd sa sklad\u00e1 z r\u00f4znych p\u00edsmen a \u010d\u00edsel.<\/p>\n\n\n\n<p><strong>\u2731<\/strong> <strong>Ako voucherov\u00fd k\u00f3d uplatn\u00edm?<\/strong> &#8211; Voucherov\u00fd k\u00f3d sa zad\u00e1va pri objedn\u00e1vke V\u00e1\u0161ho term\u00ednu v sekcii &#8218;Rezerv\u00e1cie&#8216;. Najsk\u00f4r si vyberte neobsaden\u00fd term\u00edn, ktor\u00fd V\u00e1m bude najviac vyhovova\u0165, n\u00e1sledne vypl\u0148te prvotn\u00e9 \u00fadaje. Po vyplnen\u00ed prvotn\u00fdch \u00fadajov sa V\u00e1m otvor\u00ed str\u00e1nka na vyplnenie faktura\u010dn\u00fdch \u00fadajov. Hne\u010f na za\u010diatku tejto str\u00e1nky sa nach\u00e1dza miesto pre zadanie voucherov\u00e9ho k\u00f3du z Va\u0161ej pouk\u00e1\u017eky. Po zadan\u00ed k\u00f3du bude z Va\u0161ej fin\u00e1lnej sumy objedn\u00e1vky od\u010d\u00edtan\u00e1 dan\u00e1 suma.<\/p>\n<\/div>\n<\/div>\n<\/div>\n\n\n\n<h1 class=\"wp-block-heading\"><strong>\u2731<\/strong> Vyberte si z na\u0161ej aktu\u00e1lnej ponuky pouk\u00e1\u017eok:<\/h1>\n<\/div>\n\n\n<div data-block-name=\"woocommerce\/featured-product\" data-content-align=\"right\" data-edit-mode=\"false\" data-focal-point=\"{&quot;x&quot;:0.320000000000000006661338147750939242541790008544921875,&quot;y&quot;:0.1000000000000000055511151231257827021181583404541015625}\" data-image-fit=\"cover\" data-media-id=\"4993\" data-media-src=\"https:\/\/alpacafe.sk\/wp-content\/uploads\/2025\/11\/7.png\" data-product-id=\"4999\" data-show-price=\"false\" class=\"wc-block-featured-product alignnone has-background-dim has-right-content wp-block-woocommerce-featured-product\" style=\"min-height:500px;\"><div class=\"wc-block-featured-product__wrapper\"><div class=\"background-dim__overlay\" style=\"background-color: #000000\"><\/div><img decoding=\"async\" alt=\"Dar\u010dekov\u00e1 pouk\u00e1\u017eka na terapiu s alpakami\" class=\"wc-block-featured-product__background-image\" src=\"https:\/\/alpacafe.sk\/wp-content\/uploads\/2025\/11\/7-1024x726.png\" style=\"object-fit: cover;object-position: 32% 10%;\" \/><h2 class=\"wc-block-featured-product__title\">Dar\u010dekov\u00e1 pouk\u00e1\u017eka na terapiu s alpakami<\/h2><div class=\"wc-block-featured-product__description\"><p>Mot\u00edv: Viano\u010dn\u00e1 alpaka s \u010diapkou<\/p>\n<\/div><div class=\"wc-block-featured-product__link\">\n\n<div class=\"wp-block-buttons is-content-justification-right is-layout-flex wp-container-core-buttons-is-layout-d445cf74 wp-block-buttons-is-layout-flex\">\n<div class=\"wp-block-button is-style-outline is-style-outline--1\"><a class=\"wp-block-button__link has-text-align-right wp-element-button\" href=\"https:\/\/alpacafe.sk\/en\/product\/darcekova-poukazka-na-terapiu-s-alpakami-kopia-3\/\">K\u00fapi\u0165 <strong>\u2192<\/strong><\/a><\/div>\n<\/div>\n\n<\/div><\/div><\/div>\n\n\n<p><\/p>\n\n\n<div data-block-name=\"woocommerce\/featured-product\" data-content-align=\"right\" data-edit-mode=\"false\" data-focal-point=\"{&quot;x&quot;:0.289999999999999980015985556747182272374629974365234375,&quot;y&quot;:0.13000000000000000444089209850062616169452667236328125}\" data-image-fit=\"cover\" data-media-id=\"4992\" data-media-src=\"https:\/\/alpacafe.sk\/wp-content\/uploads\/2025\/11\/6.png\" data-product-id=\"4997\" data-show-price=\"false\" class=\"wc-block-featured-product alignnone has-background-dim has-right-content wp-block-woocommerce-featured-product\" style=\"min-height:500px;\"><div class=\"wc-block-featured-product__wrapper\"><div class=\"background-dim__overlay\" style=\"background-color: #000000\"><\/div><img decoding=\"async\" alt=\"Dar\u010dekov\u00e1 pouk\u00e1\u017eka na terapiu s alpakami\" class=\"wc-block-featured-product__background-image\" src=\"https:\/\/alpacafe.sk\/wp-content\/uploads\/2025\/11\/6-1024x726.png\" style=\"object-fit: cover;object-position: 29% 13%;\" \/><h2 class=\"wc-block-featured-product__title\">Dar\u010dekov\u00e1 pouk\u00e1\u017eka na terapiu s alpakami<\/h2><div class=\"wc-block-featured-product__description\"><p>Mot\u00edv: Viano\u010dn\u00e1 alpaka s dar\u010dekmi<\/p>\n<\/div><div class=\"wc-block-featured-product__link\">\n\n<div class=\"wp-block-buttons is-content-justification-right is-layout-flex wp-container-core-buttons-is-layout-d445cf74 wp-block-buttons-is-layout-flex\">\n<div class=\"wp-block-button is-style-outline is-style-outline--2\"><a class=\"wp-block-button__link wp-element-button\" href=\"https:\/\/alpacafe.sk\/en\/product\/darcekova-poukazka-na-terapiu-s-alpakami-3\/\">K\u00fapi\u0165 <strong>\u2192<\/strong><\/a><\/div>\n<\/div>\n\n<\/div><\/div><\/div>\n\n\n<p><\/p>\n\n\n<div data-block-name=\"woocommerce\/featured-product\" data-edit-mode=\"false\" data-focal-point=\"{&quot;x&quot;:0.5300000000000000266453525910037569701671600341796875,&quot;y&quot;:0.299999999999999988897769753748434595763683319091796875}\" data-image-fit=\"cover\" data-media-id=\"424\" data-media-src=\"https:\/\/alpacafe.sk\/wp-content\/uploads\/2024\/02\/KP_65-scaled.jpg\" data-product-id=\"4051\" data-show-price=\"false\" class=\"wc-block-featured-product alignnone has-background-dim wp-block-woocommerce-featured-product\" style=\"min-height:500px;\"><div class=\"wc-block-featured-product__wrapper\"><div class=\"background-dim__overlay\" style=\"background-color: #000000\"><\/div><img decoding=\"async\" alt=\"Dar\u010dekov\u00e1 pouk\u00e1\u017eka na terapiu s alpakami\" class=\"wc-block-featured-product__background-image\" src=\"https:\/\/alpacafe.sk\/wp-content\/uploads\/2024\/02\/KP_65-1024x683.jpg\" style=\"object-fit: cover;object-position: 53% 30%;\" \/><h2 class=\"wc-block-featured-product__title\">Dar\u010dekov\u00e1 pouk\u00e1\u017eka na terapiu s alpakami<\/h2><div class=\"wc-block-featured-product__description\"><p>Mot\u00edv: Coco a Lima<\/p>\n<\/div><div class=\"wc-block-featured-product__link\">\n\n<div class=\"wp-block-buttons is-content-justification-center is-layout-flex wp-container-core-buttons-is-layout-a89b3969 wp-block-buttons-is-layout-flex\">\n<div class=\"wp-block-button\"><a class=\"wp-block-button__link wp-element-button\" href=\"https:\/\/alpacafe.sk\/en\/product\/darcekova-poukazka-na-terapiu-s-alpakami-2\/\">K\u00fapi\u0165 <strong>\u2192<\/strong><\/a><\/div>\n<\/div>\n\n<\/div><\/div><\/div>\n\n\n<div style=\"height:0px\" aria-hidden=\"true\" class=\"wp-block-spacer\"><\/div>\n\n\n\n<p><\/p>\n\n\n<div data-block-name=\"woocommerce\/featured-product\" data-edit-mode=\"false\" data-focal-point=\"{&quot;x&quot;:0.5,&quot;y&quot;:0.25}\" data-image-fit=\"cover\" data-media-id=\"3615\" data-media-src=\"https:\/\/alpacafe.sk\/wp-content\/uploads\/2025\/05\/IMG_2771.jpg\" data-product-id=\"4061\" data-show-price=\"false\" class=\"wc-block-featured-product alignnone has-background-dim wp-block-woocommerce-featured-product\" style=\"min-height:500px;\"><div class=\"wc-block-featured-product__wrapper\"><div class=\"background-dim__overlay\" style=\"background-color: #000000\"><\/div><img decoding=\"async\" alt=\"Dar\u010dekov\u00e1 pouk\u00e1\u017eka na terapiu s alpakami\" class=\"wc-block-featured-product__background-image\" src=\"https:\/\/alpacafe.sk\/wp-content\/uploads\/2025\/05\/IMG_2771-1024x1024.jpg\" style=\"object-fit: cover;object-position: 50% 25%;\" \/><h2 class=\"wc-block-featured-product__title\">Dar\u010dekov\u00e1 pouk\u00e1\u017eka na terapiu s alpakami<\/h2><div class=\"wc-block-featured-product__description\"><p>Mot\u00edv: Luna a Diego<\/p>\n<\/div><div class=\"wc-block-featured-product__link\">\n\n<div class=\"wp-block-buttons is-content-justification-center is-layout-flex wp-container-core-buttons-is-layout-a89b3969 wp-block-buttons-is-layout-flex\">\n<div class=\"wp-block-button\"><a class=\"wp-block-button__link wp-element-button\" href=\"https:\/\/alpacafe.sk\/en\/product\/darcekova-poukazka-na-terapiu-s-alpakami-kopia\/\">K\u00fapi\u0165 <strong>\u2192<\/strong><\/a><\/div>\n<\/div>\n\n<\/div><\/div><\/div>\n\n\n<p><\/p>\n\n\n<div data-block-name=\"woocommerce\/featured-product\" data-edit-mode=\"false\" data-focal-point=\"{&quot;x&quot;:0.61999999999999999555910790149937383830547332763671875,&quot;y&quot;:0.54000000000000003552713678800500929355621337890625}\" data-image-fit=\"cover\" data-media-id=\"4064\" data-media-src=\"https:\/\/alpacafe.sk\/wp-content\/uploads\/2025\/07\/KP_29-scaled.jpg\" data-product-id=\"4062\" data-show-price=\"false\" class=\"wc-block-featured-product alignnone has-background-dim wp-block-woocommerce-featured-product\" style=\"min-height:500px;\"><div class=\"wc-block-featured-product__wrapper\"><div class=\"background-dim__overlay\" style=\"background-color: #000000\"><\/div><img decoding=\"async\" alt=\"Dar\u010dekov\u00e1 pouk\u00e1\u017eka na terapiu s alpakami\" class=\"wc-block-featured-product__background-image\" src=\"https:\/\/alpacafe.sk\/wp-content\/uploads\/2025\/07\/KP_29-1024x683.jpg\" style=\"object-fit: cover;object-position: 62% 54%;\" \/><h2 class=\"wc-block-featured-product__title\">Dar\u010dekov\u00e1 pouk\u00e1\u017eka na terapiu s alpakami<\/h2><div class=\"wc-block-featured-product__description\"><p>Mot\u00edv: Alma<\/p>\n<\/div><div class=\"wc-block-featured-product__link\">\n\n<div class=\"wp-block-buttons is-content-justification-center is-layout-flex wp-container-core-buttons-is-layout-a89b3969 wp-block-buttons-is-layout-flex\">\n<div class=\"wp-block-button\"><a class=\"wp-block-button__link wp-element-button\" href=\"https:\/\/alpacafe.sk\/en\/product\/darcekova-poukazka-na-terapiu-s-alpakami-kopia-2\/\">K\u00fapi\u0165 <strong>\u2192<\/strong><\/a><\/div>\n<\/div>\n\n<\/div><\/div><\/div>\n\n\n<p><\/p>\n\n\n<div data-block-name=\"woocommerce\/featured-product\" data-edit-mode=\"false\" data-image-fit=\"cover\" data-media-id=\"4030\" data-media-src=\"https:\/\/alpacafe.sk\/wp-content\/uploads\/2025\/07\/Vas-AlpaCafe-voucher-\u2764\ufe0f-1.png\" data-min-height=\"477\" data-product-id=\"4002\" data-show-price=\"false\" data-style=\"{&quot;elements&quot;:{&quot;link&quot;:{&quot;color&quot;:{&quot;text&quot;:&quot;var:preset|color|white&quot;}}}}\" data-text-color=\"white\" class=\"wc-block-featured-product alignnone has-background-dim has-text-color has-white-color wp-elements-d7ca72bfe944abb6da4ba7d0d6135d27 wp-block-woocommerce-featured-product\" style=\"min-height:477px;\"><div class=\"wc-block-featured-product__wrapper\"><div class=\"background-dim__overlay\" style=\"background-color: #000000\"><\/div><img decoding=\"async\" alt=\"Dar\u010dekov\u00e1 pouk\u00e1\u017eka na terapiu s alpakami\" class=\"wc-block-featured-product__background-image\" src=\"https:\/\/alpacafe.sk\/wp-content\/uploads\/2025\/07\/Vas-AlpaCafe-voucher-\u2764\ufe0f-1-1024x726.png\" style=\"object-fit: cover;object-position: 50% 50%;\" \/><h2 class=\"wc-block-featured-product__title\">Dar\u010dekov\u00e1 pouk\u00e1\u017eka na terapiu s alpakami<\/h2><div class=\"wc-block-featured-product__description\"><p>Mot\u00edv: narodeninov\u00e1 alpaka<\/p>\n<\/div><div class=\"wc-block-featured-product__link\">\n\n<div class=\"wp-block-buttons is-content-justification-center is-layout-flex wp-container-core-buttons-is-layout-a89b3969 wp-block-buttons-is-layout-flex\">\n<div class=\"wp-block-button\"><a class=\"wp-block-button__link wp-element-button\" href=\"https:\/\/alpacafe.sk\/en\/product\/darcekova-poukazka-na-terapiu-s-alpakami\/\">K\u00fapi\u0165 <strong>\u2192<\/strong><\/a><\/div>\n<\/div>\n\n<\/div><\/div><\/div>\n\n\n<div style=\"height:100px\" aria-hidden=\"true\" class=\"wp-block-spacer\"><\/div>","protected":false},"excerpt":{"rendered":"<p>\u2731 Darujte origin\u00e1lny z\u00e1\u017eitok, na ktor\u00fd sa nezab\u00fada&#8230; \ud83c\udf81&nbsp;Pre\u010do darova\u0165 z\u00e1\u017eitok?Na\u0161e alpaky s\u00fa zaru\u010den\u00fdmi odborn\u00edkmi na dobr\u00fa n\u00e1ladu a relax str\u00e1ven\u00fd na \u010derstvom vzduchu. Dar\u010dekov\u00fd poukaz na stretnutie s nimi je perfektn\u00fdm sp\u00f4sobom, ako pote\u0161i\u0165 rodinu, priate\u013eov \u010di kolegov. Dar\u010dekov\u00fd poukaz si viete jednoducho zak\u00fapi\u0165 ni\u017e\u0161ie a po zaplaten\u00ed V\u00e1m pr\u00edde rovno na V\u00e1\u0161 e-mail &hellip; <\/p>\n<p class=\"link-more\"><a href=\"https:\/\/alpacafe.sk\/en\/darcekovy-poukaz\/\" class=\"more-link\">Read more<span class=\"screen-reader-text\"> &#8222;Dar\u010dekov\u00e9 poukazy&#8220;<\/span><\/a><\/p>","protected":false},"author":1,"featured_media":0,"parent":0,"menu_order":0,"comment_status":"closed","ping_status":"closed","template":"","meta":{"footnotes":""},"class_list":["post-2661","page","type-page","status-publish","hentry"],"_links":{"self":[{"href":"https:\/\/alpacafe.sk\/en\/wp-json\/wp\/v2\/pages\/2661","targetHints":{"allow":["GET"]}}],"collection":[{"href":"https:\/\/alpacafe.sk\/en\/wp-json\/wp\/v2\/pages"}],"about":[{"href":"https:\/\/alpacafe.sk\/en\/wp-json\/wp\/v2\/types\/page"}],"author":[{"embeddable":true,"href":"https:\/\/alpacafe.sk\/en\/wp-json\/wp\/v2\/users\/1"}],"replies":[{"embeddable":true,"href":"https:\/\/alpacafe.sk\/en\/wp-json\/wp\/v2\/comments?post=2661"}],"version-history":[{"count":52,"href":"https:\/\/alpacafe.sk\/en\/wp-json\/wp\/v2\/pages\/2661\/revisions"}],"predecessor-version":[{"id":5004,"href":"https:\/\/alpacafe.sk\/en\/wp-json\/wp\/v2\/pages\/2661\/revisions\/5004"}],"wp:attachment":[{"href":"https:\/\/alpacafe.sk\/en\/wp-json\/wp\/v2\/media?parent=2661"}],"curies":[{"name":"wp","href":"https:\/\/api.w.org\/{rel}","templated":true}]}}