{"id":2205,"date":"2024-09-13T16:34:22","date_gmt":"2024-09-13T16:34:22","guid":{"rendered":"https:\/\/alpacafe.sk\/?page_id=2205"},"modified":"2025-11-29T11:55:16","modified_gmt":"2025-11-29T10:55:16","slug":"oslava_akcia","status":"publish","type":"page","link":"https:\/\/alpacafe.sk\/en\/oslava_akcia\/","title":{"rendered":"Oslavy &#038; akcie"},"content":{"rendered":"<div class=\"wp-block-cover alignfull\" style=\"min-height:100vh;aspect-ratio:unset;\"><video class=\"wp-block-cover__video-background intrinsic-ignore\" autoplay muted loop playsinline src=\"https:\/\/alpacafe.sk\/wp-content\/uploads\/2025\/05\/Video-2.mov\" data-object-fit=\"cover\"><\/video><span aria-hidden=\"true\" class=\"wp-block-cover__background has-primary-background-color has-background-dim\"><\/span><div class=\"wp-block-cover__inner-container is-layout-flow wp-block-cover-is-layout-flow\">\n<p class=\"has-text-align-center has-white-color has-text-color\" style=\"font-size:clamp(37.821px, 2.364rem + ((1vw - 3.2px) * 3.352), 70px);font-style:normal;font-weight:900\"><strong>Jedine\u010dn\u00e1 oslava<\/strong> v AlpaCaf\u00e9<\/p>\n\n\n\n<p class=\"has-text-align-center has-white-color has-text-color has-medium-font-size\" style=\"letter-spacing:1px\">Narodeninov\u00e9 oslavy, teambuildingy, svadobn\u00e9 fotenia, \u010di in\u00e9 akcie&#8230;<\/p>\n<\/div><\/div>\n\n\n\n<div class=\"wp-block-columns is-layout-flex wp-container-core-columns-is-layout-7db7aa3e wp-block-columns-is-layout-flex\" style=\"padding-right:0;padding-left:0\">\n<div class=\"wp-block-column is-vertically-aligned-center is-layout-flow wp-block-column-is-layout-flow\">\n<h2 class=\"wp-block-heading has-medium-font-size\" style=\"text-transform:uppercase\"><strong>Jedine\u010dn\u00e9 miesto pre V\u00e1\u0161 v\u00fdnimo\u010dn\u00fd de\u0148&#8230;<\/strong><\/h2>\n\n\n\n<p><strong>\u2731<\/strong>&nbsp;<strong>Akcie v AlpaCaf\u00e9<\/strong><\/p>\n\n\n\n<p><strong>H\u013ead\u00e1te ide\u00e1lne miesto na oslavu, event, teambuilding, \u010di jedine\u010dn\u00e9 svadobn\u00e9 fotenie?<\/strong><\/p>\n\n\n\n<p>AlpaCaf\u00e9 je perfektnou a origin\u00e1lnou vo\u013ebou pre r\u00f4zne pr\u00edle\u017eitosti. Na\u0161a kaviare\u0148 s unik\u00e1tnym prostred\u00edm pon\u00faka pr\u00edjemn\u00e9 a flexibiln\u00e9 priestory, ktor\u00e9 s\u00fa ide\u00e1lne pre r\u00f4zne typy akci\u00ed.<\/p>\n\n\n\n<p class=\"has-text-color has-link-color wp-elements-25eb18d9c131c8ba10184ffd1e2852c8\" style=\"color:#ba9b37\"><strong>\u2731<\/strong> Pre organizovanie akcie v AlpaCaf\u00e9 si odpor\u00fa\u010dame pozrie\u0165 n\u00e1\u0161 rezerva\u010dn\u00fd kalend\u00e1r. Akciu sa d\u00e1 napl\u00e1nova\u0165 len v term\u00ednoch, ktor\u00e9 s\u00fa e\u0161te neobsaden\u00e9.<\/p>\n\n\n\n<div class=\"wp-block-buttons is-horizontal is-content-justification-left is-layout-flex wp-container-core-buttons-is-layout-20be11b6 wp-block-buttons-is-layout-flex\">\n<div class=\"wp-block-button is-style-outline is-style-outline--1\"><a class=\"wp-block-button__link has-text-align-center wp-element-button\" href=\"https:\/\/alpacafe.sk\/en\/rezervacie\/\" style=\"border-radius:10px\">Prezrite si na\u0161e dostupn\u00e9 term\u00edny \u2192<\/a><\/div>\n<\/div>\n<\/div>\n\n\n\n<div class=\"wp-block-column is-layout-flow wp-block-column-is-layout-flow\">\n<figure class=\"wp-block-image aligncenter size-large is-resized has-custom-border\"><img loading=\"lazy\" decoding=\"async\" width=\"807\" height=\"1076\" src=\"https:\/\/alpacafe.sk\/wp-content\/uploads\/2025\/06\/Vas-AlpaCafe-voucher-\u2764\ufe0f-edited.png\" alt=\"\" class=\"wp-image-3841\" style=\"border-radius:27px;width:422px;height:auto\" srcset=\"https:\/\/alpacafe.sk\/wp-content\/uploads\/2025\/06\/Vas-AlpaCafe-voucher-\u2764\ufe0f-edited.png 807w, https:\/\/alpacafe.sk\/wp-content\/uploads\/2025\/06\/Vas-AlpaCafe-voucher-\u2764\ufe0f-edited-225x300.png 225w, https:\/\/alpacafe.sk\/wp-content\/uploads\/2025\/06\/Vas-AlpaCafe-voucher-\u2764\ufe0f-edited-768x1024.png 768w, https:\/\/alpacafe.sk\/wp-content\/uploads\/2025\/06\/Vas-AlpaCafe-voucher-\u2764\ufe0f-edited-9x12.png 9w\" sizes=\"auto, (max-width: 807px) 100vw, 807px\" \/><\/figure>\n<\/div>\n<\/div>\n\n\n\n<div class=\"wp-block-group alignfull has-white-background-color has-background has-global-padding is-layout-constrained wp-block-group-is-layout-constrained\">\n<p><\/p>\n\n\n\n<h2 class=\"wp-block-heading alignwide has-text-align-center has-large-font-size\" id=\"inspiro-is-a-digital-product-agency-that-focuses-on-strategy-and-design\" style=\"font-style:normal;font-weight:100\"><strong>\u2731<\/strong> <strong>Nezabudnute\u013en\u00fd z\u00e1\u017eitok pre v\u0161etk\u00fdch&#8230;<\/strong><\/h2>\n\n\n\n<p class=\"has-text-align-center\">V Alpacaf\u00e9 pon\u00fakame tri typy akciov\u00fdch bal\u00ed\u010dkov vhodn\u00fdch pre <strong>narodeninov\u00e9 oslavy, akcie \u010di teambuildingy<\/strong>. Ka\u017ed\u00fd z nich pon\u00faka v\u00fdnimo\u010dn\u00fd z\u00e1\u017eitok s alpakami a pohodov\u00fa atmosf\u00e9ru n\u00e1\u0161ho AlpaCaf\u00e9 bistra.<\/p>\n\n\n\n<div class=\"wp-block-columns is-layout-flex wp-container-core-columns-is-layout-28f84493 wp-block-columns-is-layout-flex\">\n<div class=\"wp-block-column is-layout-flow wp-block-column-is-layout-flow\">\n<h3 class=\"wp-block-heading has-text-align-center has-text-color\" style=\"color:#ba9b37;font-size:clamp(17.905px, 1.119rem + ((1vw - 3.2px) * 1.052), 28px);\"><strong>Bal\u00ed\u010dek STANDARD<\/strong><\/h3>\n\n\n\n<p class=\"has-text-align-center has-text-color\" style=\"color:#7a7a7a\">\u2731 <strong>Rezerv\u00e1cia priestoru<\/strong> na 2 hodiny<br>\u2731 <strong>45 min\u00fatov\u00fd program<\/strong> s alpakami: prech\u00e1dzka s v\u00fdkladom o zauj\u00edmavostiach zo sveta alp\u00e1k<br>\u2731 <strong>1x n\u00e1poj<\/strong> pod\u013ea v\u00fdberu<br><br><strong><mark style=\"background-color:rgba(0, 0, 0, 0)\" class=\"has-inline-color has-primary-color\">\u2731&nbsp;Cena:&nbsp;21\u20ac \/ osoba<\/mark><\/strong><br><\/p>\n<\/div>\n\n\n\n<div class=\"wp-block-column is-layout-flow wp-block-column-is-layout-flow\">\n<h3 class=\"wp-block-heading has-text-align-center has-text-color\" style=\"color:#ba9b37;font-size:clamp(17.905px, 1.119rem + ((1vw - 3.2px) * 1.052), 28px);\"><strong><strong>Bal\u00ed\u010dek PREMIUM<\/strong><\/strong><\/h3>\n\n\n\n<p class=\"has-text-align-center has-text-color\" style=\"color:#7a7a7a\">\u2731 <strong>Rezerv\u00e1cia priestoru<\/strong> na 3 hodiny<br>\u2731 <strong>1 hodinov\u00fd program<\/strong> s alpakami: prech\u00e1dzka a k\u0155menie alp\u00e1k<br>\u2731 <strong>1x n\u00e1poj<\/strong> pod\u013ea v\u00fdberu<br>\u2731 <strong>1x snack<\/strong> pod\u013ea ponuky: <br>Nachos \/ Alpaka cookie<br><br><strong><mark style=\"background-color:rgba(0, 0, 0, 0)\" class=\"has-inline-color has-primary-color\">\u2731&nbsp;Cena:&nbsp;25\u20ac \/ osoba<\/mark><\/strong><\/p>\n<\/div>\n\n\n\n<div class=\"wp-block-column is-layout-flow wp-block-column-is-layout-flow\">\n<h3 class=\"wp-block-heading has-text-align-center has-text-color\" style=\"color:#ba9b37;font-size:clamp(17.905px, 1.119rem + ((1vw - 3.2px) * 1.052), 28px);\"><strong><strong>Bal\u00ed\u010dek EXCLUSIVE<\/strong><\/strong><\/h3>\n\n\n\n<p class=\"has-text-align-center has-text-color\" style=\"color:#7a7a7a\">\u2731 <strong>Rezerv\u00e1cia priestoru<\/strong> na 4 hodiny<br>\u2731 <strong>1 a pol hodinov\u00fd program<\/strong> s alpakami: prech\u00e1dzka a k\u0155menie mal\u00fdch aj ve\u013ek\u00fdch alp\u00e1k <br>\u2731 <strong>1x n\u00e1poj<\/strong> pod\u013ea v\u00fdberu<br>\u2731 <strong>1x \u013eubovo\u013en\u00fd snack<\/strong> pod\u013ea ponuky<br><br><strong><mark style=\"background-color:rgba(0, 0, 0, 0)\" class=\"has-inline-color has-primary-color\">\u2731&nbsp;Cena:&nbsp;31\u20ac \/ osoba<\/mark><\/strong><\/p>\n<\/div>\n<\/div>\n\n\n\n<p><\/p>\n<\/div>\n\n\n\n<div class=\"wp-block-group alignfull has-background has-global-padding is-layout-constrained wp-block-group-is-layout-constrained\" style=\"background-color:#f2f3ec;padding-top:var(--wp--preset--spacing--small);padding-bottom:var(--wp--preset--spacing--small)\">\n<div class=\"wp-block-columns is-layout-flex wp-container-core-columns-is-layout-7db7aa3e wp-block-columns-is-layout-flex\" style=\"padding-right:0;padding-left:0\">\n<div class=\"wp-block-column is-vertically-aligned-center is-layout-flow wp-block-column-is-layout-flow\">\n<h2 class=\"wp-block-heading has-medium-font-size\" style=\"text-transform:uppercase\"><strong>\u2731<\/strong>&nbsp;s\u00fakromn\u00e9 akcie v alpacaf\u00e9<\/h2>\n\n\n\n<p>S\u00fakromn\u00e9 akcie organizujeme pre skupiny od&nbsp;<strong>minim\u00e1lne 10 do maxim\u00e1lne 25 os\u00f4b<\/strong>.<\/p>\n\n\n\n<h4 class=\"wp-block-heading\">Men\u0161ia skupina?<\/h4>\n\n\n\n<p>Ak je v\u00e1s menej ako 10, pon\u00fakame mo\u017enos\u0165&nbsp;<strong>rezervova\u0165 si konkr\u00e9tny verejn\u00fd event len pre va\u0161u skupinu<\/strong>&nbsp;(v trvan\u00ed dan\u00e9ho podujatia), s mo\u017enos\u0165ou \u010fal\u0161ieho posedenia a\u017e do za\u010diatku nasleduj\u00facej aktivity. Pri tejto forme rezerv\u00e1cie&nbsp;<strong>nie je AlpaCaf\u00e9 uzavret\u00e9 len pre v\u00e1s<\/strong>&nbsp;\u2013 vonkaj\u0161ia terasa zost\u00e1va pr\u00edstupn\u00e1 aj ostatn\u00fdm n\u00e1v\u0161tevn\u00edkom.<\/p>\n\n\n\n<h3 class=\"wp-block-heading\"><strong>\u2731<\/strong>&nbsp;D\u00d4LE\u017dIT\u00c9 INFORM\u00c1CIE<\/h3>\n\n\n\n<ul class=\"wp-block-list\">\n<li><strong>Pred\u013a\u017eenie pren\u00e1jmu<\/strong> priestorov: v pr\u00edpade z\u00e1ujmu je mo\u017en\u00e9 pred\u013a\u017ei\u0165 za poplatok&nbsp;<strong>70\u202f\u20ac \/ hodina<\/strong>. Pred\u013a\u017eenie pren\u00e1jmu priestoru mus\u00ed by\u0165 vopred dohodnut\u00e9.<\/li>\n\n\n\n<li><strong>Vlastn\u00e9 n\u00e1poje<\/strong>: nie je mo\u017en\u00e9 prinies\u0165 si vlastn\u00e9 n\u00e1poje.<\/li>\n\n\n\n<li><strong>Torta a ob\u010derstvenie<\/strong>: vlastn\u00fa tortu a drobn\u00e9 ob\u010derstvenie&nbsp;si m\u00f4\u017eete prinies\u0165 bez poplatku. Serv\u00edrovanie je vo va\u0161ej r\u00e9\u017eii, pr\u00edpadne si m\u00f4\u017eete bezplatne zapo\u017ei\u010da\u0165 n\u00e1\u0161 invent\u00e1r.<\/li>\n\n\n\n<li><strong>V\u00fdzdoba<\/strong>: v\u00fdzdobu moment\u00e1lne neposkytujeme, ale&nbsp;<strong>m\u00f4\u017eete si prinies\u0165 vlastn\u00fa<\/strong>. Priestor si m\u00f4\u017eete pripravi\u0165 pred za\u010diatkom akcie \u2013 n\u00e1\u0161 person\u00e1l v\u00e1m s t\u00fdm r\u00e1d pom\u00f4\u017ee.<\/li>\n\n\n\n<li><strong>Hudba<\/strong>: m\u00f4\u017eete sa&nbsp;<strong>pripoji\u0165 na n\u00e1\u0161 Bluetooth reproduktor<\/strong>. Po\u010das programu s alpakami je potrebn\u00e9 hudbu st\u00ed\u0161i\u0165.<\/li>\n\n\n\n<li><strong>Parkovanie<\/strong>: <strong>bezplatn\u00e9 parkovanie<\/strong>&nbsp;je dostupn\u00e9 priamo pri are\u00e1li. Rezerv\u00e1cia parkovac\u00edch miest nie je potrebn\u00e1.<\/li>\n<\/ul>\n\n\n\n<p class=\"has-medium-font-size\"><strong>\u2731<\/strong>&nbsp;<strong>PLATBA<\/strong><\/p>\n\n\n\n<p><strong>Rezerva\u010dn\u00fd poplatok<\/strong>: cel\u00fd bal\u00ed\u010dek sa hrad\u00ed&nbsp;<strong>vopred<\/strong> vystaven\u00edm fakt\u00fary, pod\u013ea po\u010dtu os\u00f4b uveden\u00fdch pri rezerv\u00e1cii. Va\u0161a rezerv\u00e1cia oslavy bude definit\u00edvne potvrden\u00e1 a\u017e po \u00fahrade akcie.<\/p>\n\n\n\n<p><strong>Platby na mieste<\/strong>: dodato\u010dn\u00e9 objedn\u00e1vky (napr. extra n\u00e1poje, dezerty \u010di suven\u00edrov\u00e9 produkty) sa&nbsp;<strong>hradia na mieste<\/strong>, v hotovosti alebo kartou \u2013 pod\u013ea va\u0161ich preferenci\u00ed.<\/p>\n\n\n\n<p class=\"has-medium-font-size\"><strong>\u2731<\/strong>&nbsp;<strong>NIE STE SI IST\u00cd PO\u010cTOM HOST\u00cd?<\/strong><\/p>\n\n\n\n<p>Ak si e\u0161te nie ste ist\u00ed fin\u00e1lnym po\u010dtom,&nbsp;<strong>odpor\u00fa\u010dame pri rezerv\u00e1cii uhradi\u0165 len minim\u00e1lny po\u010det os\u00f4b<\/strong>, o ktor\u00fdch viete, \u017ee sa ur\u010dite z\u00fa\u010dastnia. <strong>Dva dni pred akciou v\u00e1s budeme kontaktova\u0165<\/strong>&nbsp;a spolu dolad\u00edme kone\u010dn\u00fd po\u010det host\u00ed.<br>Za dodato\u010dn\u00fdch \u00fa\u010dastn\u00edkov m\u00f4\u017eete n\u00e1sledne&nbsp;<strong>doplati\u0165 priamo na mieste<\/strong>&nbsp;po dohode s na\u0161\u00edm person\u00e1lom \u2013 hotovos\u0165ou alebo kartou.<\/p>\n<\/div>\n<\/div>\n<\/div>\n\n\n\n<p><\/p>\n\n\n\n<p class=\"has-text-align-left has-large-font-size\">   <strong>\u2731<\/strong> <strong>\u010cO OBSAHUJE KTOR\u00dd BAL\u00cdK?<\/strong><\/p>\n\n\n\n<figure class=\"wp-block-image aligncenter size-large\"><img loading=\"lazy\" decoding=\"async\" width=\"1024\" height=\"726\" src=\"https:\/\/alpacafe.sk\/wp-content\/uploads\/2025\/06\/AlpaCafe-menu-NEW-\u2013-kopia-148-x-105-mm-3-1024x726.png\" alt=\"\" class=\"wp-image-3848\" srcset=\"https:\/\/alpacafe.sk\/wp-content\/uploads\/2025\/06\/AlpaCafe-menu-NEW-\u2013-kopia-148-x-105-mm-3-1024x726.png 1024w, https:\/\/alpacafe.sk\/wp-content\/uploads\/2025\/06\/AlpaCafe-menu-NEW-\u2013-kopia-148-x-105-mm-3-300x213.png 300w, https:\/\/alpacafe.sk\/wp-content\/uploads\/2025\/06\/AlpaCafe-menu-NEW-\u2013-kopia-148-x-105-mm-3-18x12.png 18w, https:\/\/alpacafe.sk\/wp-content\/uploads\/2025\/06\/AlpaCafe-menu-NEW-\u2013-kopia-148-x-105-mm-3.png 1748w\" sizes=\"auto, (max-width: 1024px) 100vw, 1024px\" \/><\/figure>\n\n\n\n<div class=\"wp-block-group alignwide has-background has-global-padding is-layout-constrained wp-block-group-is-layout-constrained\" style=\"background-color:#053c5c;padding-top:var(--wp--preset--spacing--small);padding-bottom:var(--wp--preset--spacing--small)\">\n<div class=\"wp-block-columns is-layout-flex wp-container-core-columns-is-layout-7db7aa3e wp-block-columns-is-layout-flex\" style=\"padding-right:0;padding-left:0\">\n<div class=\"wp-block-column is-vertically-aligned-center is-layout-flow wp-block-column-is-layout-flow\">\n<h2 class=\"wp-block-heading has-text-align-center has-white-color has-text-color has-link-color has-medium-font-size wp-elements-bfd98dbb86c2d7fcd2be1a6def58d1a5\" style=\"text-transform:uppercase\"><strong>\u2731<\/strong> mo\u017enosti ob\u010derstvenia v bal\u00ed\u010dkoch<\/h2>\n\n\n\n<p class=\"has-white-color has-text-color has-link-color wp-elements-2fcd1b9cd533a6a3fe76f2952216085a\"><strong>\u2731<\/strong>&nbsp;<strong>N\u00c1POJE <\/strong>(v\u0161etky bal\u00edky) <\/p>\n\n\n\n<p class=\"has-white-color has-text-color has-link-color wp-elements-e35b9fb45bf7a45fe51be2cf3fb2f5bb\">Ka\u017ed\u00e1 osoba m\u00e1 v cene\u00a0<strong>1 n\u00e1poj pod\u013ea vlastn\u00e9ho v\u00fdberu<\/strong>\u00a0z ponuky: v\u0161etky druhy\u00a0<strong>k\u00e1vy a tepl\u00fdch n\u00e1pojov<\/strong>\u00a0ozna\u010den\u00e9 &#8218;*&#8216; v na\u0161om n\u00e1pojovom menu. Po\u010das celej akcie s\u00fa k dispoz\u00edcii\u00a0<strong>f\u013ea\u0161e s filtrovanou vodou<\/strong>, ktor\u00e9 priebe\u017ene dop\u013a\u0148ame zdarma.<\/p>\n\n\n\n<hr class=\"wp-block-separator has-alpha-channel-opacity\"\/>\n\n\n\n<p class=\"has-white-color has-text-color has-link-color wp-elements-44c8004a202e392a7697ca93843a7438\"><strong>\u2731<\/strong>&nbsp;<strong>SNACKS <\/strong>(bal\u00ed\u010dek PREMIUM) <\/p>\n\n\n\n<p class=\"has-white-color has-text-color has-link-color wp-elements-cc0794d07be054581d7c8aa6c29c9c74\">V r\u00e1mci bal\u00edka&nbsp;<strong>Premium m\u00e1 ka\u017ed\u00e1 osoba v cene 1 snack pod\u013ea v\u00fdberu<\/strong>: <strong>Nachos s roztopen\u00fdm cheddarom<\/strong>&nbsp;a BBQ om\u00e1\u010dkou \/ ke\u010dupom alebo n\u00e1\u0161 <strong>Dom\u00e1ci Alpaka Cookie<\/strong>&nbsp;\u2013 sladk\u00e1 bodka ku k\u00e1ve.<\/p>\n\n\n\n<hr class=\"wp-block-separator has-alpha-channel-opacity\"\/>\n\n\n\n<p class=\"has-white-color has-text-color has-link-color wp-elements-b924890184d42d355a43da375e0d7d4a\"><strong>\u2731<\/strong>&nbsp;<strong>SNACKS <\/strong>(bal\u00ed\u010dek EXCLUSIVE) <\/p>\n\n\n\n<p class=\"has-white-color has-text-color has-link-color wp-elements-7ed32bf46726b0c381c6f64bce863b12\">V r\u00e1mci bal\u00edka&nbsp;<strong>Exclusive<\/strong>&nbsp;si m\u00f4\u017eete vybra\u0165 z ob\u010derstvenia, ktor\u00e9 s\u00fa rozdelen\u00e9 na individu\u00e1lne aj zdie\u013ean\u00e9 snacky:<\/p>\n\n\n\n<p class=\"has-white-color has-text-color has-link-color wp-elements-0843e22cd33f107be3afbb9d0b74a40c\"><strong>Individu\u00e1lne snacky (1 snack na osobu):<\/strong><br>&#8211; Nachos s roztopen\u00fdm cheddarom\u00a0a BBQ om\u00e1\u010dkou \/ ke\u010dupom<br>&#8211; Sladk\u00e9 lievance s vanilkovo-Lotus kr\u00e9mom<br>&#8211; Hor\u00faca \u010dokol\u00e1da so \u0161\u013eaha\u010dkou a na\u0161ou dom\u00e1cou alpaka su\u0161ienkou<br>&#8211; Medovn\u00edkov\u00fd kol\u00e1\u010d<\/p>\n\n\n\n<p class=\"has-white-color has-text-color has-link-color wp-elements-aa8ebe1556633eb1d29b47e6e6206725\"><strong>Zdie\u013ean\u00e9 snacky (na ka\u017ed\u00e9 2 osoby):<\/strong><br>&#8211; <strong>Antipasti tanier<\/strong>: v\u00fdber talianskych m\u00e4sov\u00fdch v\u00fdrobkov (prosciutto, mortadella, sal\u00e1ma), syrov, ol\u00edv a bagetiek (1 tanier na min. 2 osoby)<br>&#8211; <strong>Eta\u017e\u00e9r s \u010derstv\u00fdm pe\u010divom<\/strong>: v\u00fdber pe\u010diva, sez\u00f3nne ovocie a green snack s hummusom (1 eta\u017e\u00e9r na 2 osoby)<\/p>\n\n\n\n<hr class=\"wp-block-separator has-alpha-channel-opacity\"\/>\n\n\n\n<p class=\"has-white-color has-text-color has-link-color wp-elements-3d9dcd3c097bf8756c338d2ae805c6e9\"><strong>V\u00fdber snacku je potrebn\u00e9 nahl\u00e1si\u0165 vopred,<\/strong>&nbsp;ide\u00e1lne pri rezerv\u00e1cii alebo najnesk\u00f4r 2 dni pred podujat\u00edm.<\/p>\n<\/div>\n<\/div>\n<\/div>\n\n\n\n<div class=\"wp-block-group alignfull has-global-padding is-layout-constrained wp-block-group-is-layout-constrained\" style=\"margin-top:0px\">\n<div class=\"wp-block-columns is-layout-flex wp-container-core-columns-is-layout-28f84493 wp-block-columns-is-layout-flex\">\n<div class=\"wp-block-column is-layout-flow wp-block-column-is-layout-flow\">\n<p><\/p>\n<\/div>\n\n\n\n<div class=\"wp-block-column is-layout-flow wp-block-column-is-layout-flow\">\n<p><\/p>\n<\/div>\n<\/div>\n\n\n\n<h2 class=\"wp-block-heading has-large-font-size\"><strong>\u2731 Storno podmienky<\/strong><\/h2>\n\n\n\n<div class=\"wp-block-columns has-smaller-left-margin is-layout-flex wp-container-core-columns-is-layout-28f84493 wp-block-columns-is-layout-flex\">\n<div class=\"wp-block-column is-style-shadow has-background-background-color has-background is-layout-flow wp-container-core-column-is-layout-dba16a7e wp-block-column-is-layout-flow\" style=\"padding-top:0;padding-right:0;padding-bottom:0;padding-left:0\">\n<div class=\"wp-block-group has-background-color has-text-color has-background is-layout-flow wp-block-group-is-layout-flow\" style=\"border-top-left-radius:20px;border-top-right-radius:20px;background-color:#ba9b37;padding-top:20px;padding-right:30px;padding-bottom:20px;padding-left:30px\">\n<div style=\"height:20px\" aria-hidden=\"true\" class=\"wp-block-spacer\"><\/div>\n\n\n\n<h3 class=\"wp-block-heading has-text-align-center has-white-color has-text-color\" style=\"font-size:clamp(18.959px, 1.185rem + ((1vw - 3.2px) * 1.15), 30px);\">7+ days before the start of the event<\/h3>\n\n\n\n<div style=\"height:20px\" aria-hidden=\"true\" class=\"wp-block-spacer\"><\/div>\n<\/div>\n\n\n\n<div class=\"wp-block-group is-layout-flow wp-container-core-group-is-layout-8a7de2ab wp-block-group-is-layout-flow\" style=\"border-style:none;border-width:0px;padding-top:40px;padding-right:40px;padding-bottom:40px;padding-left:40px\">\n<p class=\"has-text-align-center has-small-font-size\"><strong>Bezplatn\u00e9 storno<\/strong>: pri zru\u0161en\u00ed <strong>najnesk\u00f4r 7 dn\u00ed<\/strong> pred term\u00ednom akcie.<\/p>\n<\/div>\n<\/div>\n\n\n\n<div class=\"wp-block-column is-style-shadow has-background-background-color has-background is-layout-flow wp-container-core-column-is-layout-dba16a7e wp-block-column-is-layout-flow\" style=\"border-style:none;border-width:0px;padding-top:0;padding-right:0;padding-bottom:0;padding-left:0\">\n<div class=\"wp-block-group has-background-color has-text-color has-background has-global-padding is-layout-constrained wp-container-core-group-is-layout-4a803732 wp-block-group-is-layout-constrained\" style=\"border-top-left-radius:20px;border-top-right-radius:20px;background-color:#053c5c;padding-top:20px;padding-right:30px;padding-bottom:20px;padding-left:30px\">\n<div style=\"height:20px\" aria-hidden=\"true\" class=\"wp-block-spacer\"><\/div>\n\n\n\n<h3 class=\"wp-block-heading has-text-align-center has-white-color has-text-color\" style=\"font-size:clamp(18.959px, 1.185rem + ((1vw - 3.2px) * 1.15), 30px);\">3 \u2013 6 dn\u00ed pred za\u010dat\u00edm akcie<\/h3>\n\n\n\n<div style=\"height:20px\" aria-hidden=\"true\" class=\"wp-block-spacer\"><\/div>\n<\/div>\n\n\n\n<div class=\"wp-block-group has-global-padding is-layout-constrained wp-container-core-group-is-layout-c1694ee5 wp-block-group-is-layout-constrained\" style=\"border-style:none;border-width:0px;padding-top:40px;padding-right:40px;padding-bottom:40px;padding-left:40px\">\n<p class=\"has-text-align-center has-small-font-size\"><strong>50 % storno poplatok<\/strong>: pri zru\u0161en\u00ed <strong>6 a\u017e 3 dni<\/strong> pred akciou.<\/p>\n<\/div>\n<\/div>\n\n\n\n<div class=\"wp-block-column is-style-shadow has-background-background-color has-background is-layout-flow wp-container-core-column-is-layout-dba16a7e wp-block-column-is-layout-flow\" style=\"border-style:none;border-width:0px;padding-top:0;padding-right:0;padding-bottom:0;padding-left:0\">\n<div class=\"wp-block-group has-background-color has-text-color has-background has-global-padding is-layout-constrained wp-container-core-group-is-layout-4a803732 wp-block-group-is-layout-constrained\" style=\"border-top-left-radius:20px;border-top-right-radius:20px;background-color:#ba9b37;padding-top:20px;padding-right:30px;padding-bottom:20px;padding-left:30px\">\n<div style=\"height:20px\" aria-hidden=\"true\" class=\"wp-block-spacer\"><\/div>\n\n\n\n<h3 class=\"wp-block-heading has-text-align-center has-white-color has-text-color\" style=\"font-size:clamp(18.959px, 1.185rem + ((1vw - 3.2px) * 1.15), 30px);\">Menej ne\u017e 2 dni pred akciou<\/h3>\n\n\n\n<div style=\"height:20px\" aria-hidden=\"true\" class=\"wp-block-spacer\"><\/div>\n<\/div>\n\n\n\n<div class=\"wp-block-group has-global-padding is-layout-constrained wp-container-core-group-is-layout-c1694ee5 wp-block-group-is-layout-constrained\" style=\"border-style:none;border-width:0px;padding-top:40px;padding-right:40px;padding-bottom:40px;padding-left:40px\">\n<p class=\"has-text-align-center has-small-font-size\">V pr\u00edpade zru\u0161enia rezerv\u00e1cie do 48 hod\u00edn pred za\u010diatkom si <strong>\u00fa\u010dtujeme pln\u00fa cenu<\/strong> rezerv\u00e1cie.<\/p>\n<\/div>\n<\/div>\n<\/div>\n<\/div>\n\n\n\n<hr class=\"wp-block-separator has-alpha-channel-opacity is-style-wide\"\/>\n\n\n\n<div class=\"wp-block-columns is-layout-flex wp-container-core-columns-is-layout-c375d253 wp-block-columns-is-layout-flex\">\n<div class=\"wp-block-column is-vertically-aligned-center is-layout-flow wp-block-column-is-layout-flow\">\n<h1 class=\"wp-block-heading has-large-font-size\" style=\"text-transform:uppercase\"><br><strong>\u2731<\/strong> FOTENIE S ALPAKAMI<\/h1>\n\n\n\n<p>H\u013ead\u00e1te jedine\u010dn\u00e9 miesto, kde vznikn\u00fa fotografie pln\u00e9 em\u00f3ci\u00ed, pr\u00edrody a v\u00fdnimo\u010dnej atmosf\u00e9ry? V AlpaCaf\u00e9 v\u00e1m pon\u00fakame mo\u017enos\u0165 origin\u00e1lneho fotenia s na\u0161imi alpakami \u2013 ide\u00e1lne pre&nbsp;<strong>svadobn\u00e9<\/strong>, <strong>z\u00e1snubn\u00e9<\/strong>,&nbsp;<strong>rodinn\u00e9<\/strong>,&nbsp;<strong>tehotensk\u00e9<\/strong>,&nbsp;<strong>portr\u00e9tne<\/strong>&nbsp;aj&nbsp;<strong>lifestyle<\/strong>&nbsp;z\u00e1bery.<\/p>\n\n\n\n<p>Na\u0161e alpaky s\u00fa skvel\u00fdmi spolo\u010dn\u00edkmi, ktor\u00ed dodaj\u00fa v\u00e1\u0161mu ve\u013ek\u00e9mu d\u0148u neopakovate\u013en\u00e9 \u010daro. Za\u017eijete prirodzen\u00fa kr\u00e1su a pokoj v srdci pr\u00edrody, pri\u010dom z\u00edskate n\u00e1dhern\u00e9 fotografie, ktor\u00e9 bud\u00fa ozdobou v\u00e1\u0161ho albumu.<\/p>\n\n\n\n<ul class=\"wp-block-list\">\n<li>Cena: <strong>95\u20ac<\/strong> za ka\u017ed\u00fa za\u010dat\u00fa hodinu<\/li>\n\n\n\n<li>V cene je zahrnut\u00e1 asistencia n\u00e1\u0161ho person\u00e1lu, ktor\u00fd v\u00e1m pom\u00f4\u017ee s organiz\u00e1ciou alp\u00e1k a bude v\u00e1m po cel\u00fd \u010das k dispoz\u00edcii<\/li>\n\n\n\n<li>K\u00e1va a \u010daj pre v\u00e1s a v\u00e1\u0161 t\u00edm po\u010das fotenia<\/li>\n<\/ul>\n\n\n\n<p>Na po\u017eiadanie vieme zabezpe\u010di\u0165 aj fotografa \u010di in\u00e9 slu\u017eby. Postar\u00e1me sa o to, aby va\u0161e fotenie bolo nezabudnute\u013en\u00fdm z\u00e1\u017eitkom, pln\u00fdm l\u00e1sky, radosti a pohody s na\u0161imi mil\u00fdmi alpakami.<\/p>\n\n\n\n<p><strong>V pr\u00edpade z\u00e1ujmu si m\u00f4\u017eete napl\u00e1nova\u0165 fotenie aj po\u010das na\u0161ich be\u017en\u00fdch aktiv\u00edt s alpakami &#8211; v takom pr\u00edpade je v\u0161ak nutn\u00e9 zarezervova\u0165 jeden cel\u00fd event pre seba ke\u010f\u017ee na na\u0161ich eventoch s\u00fa zvy\u010dajne aj in\u00ed n\u00e1v\u0161tevn\u00edci. <\/strong><\/p>\n<\/div>\n\n\n\n<div class=\"wp-block-column is-layout-flow wp-block-column-is-layout-flow\">\n<figure class=\"wp-block-image aligncenter size-full is-resized has-custom-border\"><img loading=\"lazy\" decoding=\"async\" width=\"1110\" height=\"1598\" src=\"https:\/\/alpacafe.sk\/wp-content\/uploads\/2025\/06\/IMG_3422.jpg\" alt=\"\" class=\"wp-image-3862\" style=\"border-radius:20px;width:504px;height:auto\" srcset=\"https:\/\/alpacafe.sk\/wp-content\/uploads\/2025\/06\/IMG_3422.jpg 1110w, https:\/\/alpacafe.sk\/wp-content\/uploads\/2025\/06\/IMG_3422-208x300.jpg 208w, https:\/\/alpacafe.sk\/wp-content\/uploads\/2025\/06\/IMG_3422-711x1024.jpg 711w, https:\/\/alpacafe.sk\/wp-content\/uploads\/2025\/06\/IMG_3422-8x12.jpg 8w\" sizes=\"auto, (max-width: 1110px) 100vw, 1110px\" \/><\/figure>\n<\/div>\n<\/div>\n\n\n\n<figure class=\"wp-block-gallery has-nested-images columns-default is-cropped wp-block-gallery-2 is-layout-flex wp-block-gallery-is-layout-flex\">\n<figure class=\"wp-block-image size-large has-custom-border\"><img loading=\"lazy\" decoding=\"async\" width=\"683\" height=\"1024\" data-id=\"3837\" src=\"https:\/\/alpacafe.sk\/wp-content\/uploads\/2025\/06\/Unknown-8-683x1024.jpg\" alt=\"\" class=\"wp-image-3837\" style=\"border-radius:15px\" srcset=\"https:\/\/alpacafe.sk\/wp-content\/uploads\/2025\/06\/Unknown-8-683x1024.jpg 683w, https:\/\/alpacafe.sk\/wp-content\/uploads\/2025\/06\/Unknown-8-200x300.jpg 200w, https:\/\/alpacafe.sk\/wp-content\/uploads\/2025\/06\/Unknown-8-2000x2998.jpg 2000w, https:\/\/alpacafe.sk\/wp-content\/uploads\/2025\/06\/Unknown-8-scaled-8x12.jpg 8w, https:\/\/alpacafe.sk\/wp-content\/uploads\/2025\/06\/Unknown-8-scaled.jpg 1708w\" sizes=\"auto, (max-width: 683px) 100vw, 683px\" \/><\/figure>\n\n\n\n<figure class=\"wp-block-image size-large has-custom-border\"><img loading=\"lazy\" decoding=\"async\" width=\"1024\" height=\"1024\" data-id=\"3616\" src=\"https:\/\/alpacafe.sk\/wp-content\/uploads\/2025\/05\/IMG_2770-1024x1024.jpg\" alt=\"\" class=\"wp-image-3616\" style=\"border-radius:15px\" srcset=\"https:\/\/alpacafe.sk\/wp-content\/uploads\/2025\/05\/IMG_2770-1024x1024.jpg 1024w, https:\/\/alpacafe.sk\/wp-content\/uploads\/2025\/05\/IMG_2770-300x300.jpg 300w, https:\/\/alpacafe.sk\/wp-content\/uploads\/2025\/05\/IMG_2770-150x150.jpg 150w, https:\/\/alpacafe.sk\/wp-content\/uploads\/2025\/05\/IMG_2770-12x12.jpg 12w, https:\/\/alpacafe.sk\/wp-content\/uploads\/2025\/05\/IMG_2770.jpg 1290w\" sizes=\"auto, (max-width: 1024px) 100vw, 1024px\" \/><\/figure>\n\n\n\n<figure class=\"wp-block-image size-large has-custom-border\"><img loading=\"lazy\" decoding=\"async\" width=\"683\" height=\"1024\" data-id=\"3836\" src=\"https:\/\/alpacafe.sk\/wp-content\/uploads\/2025\/06\/Unknown-3-683x1024.jpg\" alt=\"\" class=\"wp-image-3836\" style=\"border-radius:15px\" srcset=\"https:\/\/alpacafe.sk\/wp-content\/uploads\/2025\/06\/Unknown-3-683x1024.jpg 683w, https:\/\/alpacafe.sk\/wp-content\/uploads\/2025\/06\/Unknown-3-200x300.jpg 200w, https:\/\/alpacafe.sk\/wp-content\/uploads\/2025\/06\/Unknown-3-2000x3000.jpg 2000w, https:\/\/alpacafe.sk\/wp-content\/uploads\/2025\/06\/Unknown-3-scaled-8x12.jpg 8w, https:\/\/alpacafe.sk\/wp-content\/uploads\/2025\/06\/Unknown-3-scaled.jpg 1707w\" sizes=\"auto, (max-width: 683px) 100vw, 683px\" \/><\/figure>\n<\/figure>\n\n\n\n<hr class=\"wp-block-separator has-alpha-channel-opacity is-style-wide\"\/>\n\n\n\n<form method=\"post\" class=\"wp-block-gutena-forms gutena-forms-contact-form gutena_forms_ID_dbc97c2459_1392024183959 after_submit_message is-layout-flow wp-container-gutena-forms-is-layout-00b5b574 wp-block-gutena-forms-is-layout-flow\" style=\"padding-top:2rem;padding-bottom:5rem\" action=\"\"><input type=\"hidden\" name=\"formid\" value=\"gutena_forms_ID_dbc97c2459_1392024183959\"\/>\n<div class=\"wp-block-gutena-field-group  field-group-type-text is-layout-flow wp-block-gutena-field-group-is-layout-flow\">\n<div class=\"wp-block-group is-vertical is-layout-flex wp-container-core-group-is-layout-501cef26 wp-block-group-is-layout-flex\">\n<p class=\"has-large-font-size\"><strong>M\u00e1te z\u00e1ujem? Kontaktujte n\u00e1s!<\/strong><\/p>\n\n\n\n<h3 class=\"wp-block-heading heading-input-label-gutena\">Name<\/h3>\n\n\n<div class=\"gutena-forms-text-field field-name-first_name  wp-block-gutena-form-field\"><input\n\t\t\t\tid=\"first_name\"\n\t\t\t\t name=\"first_name\" type=\"text\" class=\"gutena-forms-field text-field required-field\" placeholder=\"Enter your first name\"  required\n\t\t\t\t\t\t\/><\/div><\/div>\n\n\n\n<p class=\"gutena-forms-field-error-msg\"><\/p>\n<\/div>\n\n\n\n<div class=\"wp-block-gutena-field-group  field-group-type-text is-layout-flow wp-block-gutena-field-group-is-layout-flow\">\n<div class=\"wp-block-group is-vertical is-layout-flex wp-container-core-group-is-layout-501cef26 wp-block-group-is-layout-flex\">\n<h3 class=\"wp-block-heading heading-input-label-gutena\">Surname<\/h3>\n\n\n<div class=\"gutena-forms-text-field field-name-last_name  wp-block-gutena-form-field\"><input\n\t\t\t\tid=\"last_name\"\n\t\t\t\t name=\"last_name\" type=\"text\" class=\"gutena-forms-field text-field required-field\" placeholder=\"Enter your last name\"  required\n\t\t\t\t\t\t\/><\/div><\/div>\n\n\n\n<p class=\"gutena-forms-field-error-msg\"><\/p>\n<\/div>\n\n\n\n<div class=\"wp-block-gutena-field-group  field-group-type-email is-layout-flow wp-block-gutena-field-group-is-layout-flow\">\n<div class=\"wp-block-group is-vertical is-layout-flex wp-container-core-group-is-layout-501cef26 wp-block-group-is-layout-flex\">\n<h3 class=\"wp-block-heading heading-input-label-gutena\">E-mail<\/h3>\n\n\n<div class=\"gutena-forms-email-field field-name-email  wp-block-gutena-form-field\"><input\n\t\t\t\tid=\"email\"\n\t\t\t\t name=\"email\" type=\"email\" class=\"gutena-forms-field email-field required-field\" placeholder=\"example@gmail.com\"  required\n\t\t\t\t\t\t\/><\/div><\/div>\n\n\n\n<div class=\"wp-block-group is-vertical is-layout-flex wp-container-core-group-is-layout-501cef26 wp-block-group-is-layout-flex\">\n<h3 class=\"wp-block-heading heading-input-label-gutena\">Telef\u00f3nne \u010d\u00edslo<\/h3>\n\n\n<div class=\"gutena-forms-email-field field-name-f_0  wp-block-gutena-form-field\"><input\n\t\t\t\tid=\"f_0\"\n\t\t\t\t name=\"f_0\" type=\"email\" class=\"gutena-forms-field email-field required-field\" placeholder=\"0901 234 567\"  required\n\t\t\t\t\t\t\/><\/div><\/div>\n\n\n\n<p class=\"gutena-forms-field-error-msg\"><\/p>\n<\/div>\n\n\n\n<div class=\"wp-block-gutena-field-group  field-group-type-text is-layout-flow wp-block-gutena-field-group-is-layout-flow\">\n<div class=\"wp-block-group is-vertical is-layout-flex wp-container-core-group-is-layout-501cef26 wp-block-group-is-layout-flex\">\n<h3 class=\"wp-block-heading heading-input-label-gutena\">Subject<\/h3>\n\n\n<div class=\"gutena-forms-text-field field-name-subject  wp-block-gutena-form-field\"><input\n\t\t\t\tid=\"subject\"\n\t\t\t\t name=\"subject\" type=\"text\" class=\"gutena-forms-field text-field required-field\" placeholder=\"Oslava \/ Teambuilding \/ Svadobn\u00e9 fotenie\"  required\n\t\t\t\t\t\t\/><\/div><\/div>\n\n\n\n<p class=\"gutena-forms-field-error-msg\"><\/p>\n<\/div>\n\n\n\n<div class=\"wp-block-gutena-field-group  field-group-type-textarea is-layout-flow wp-block-gutena-field-group-is-layout-flow\">\n<div class=\"wp-block-group is-vertical is-layout-flex wp-container-core-group-is-layout-501cef26 wp-block-group-is-layout-flex\">\n<h3 class=\"wp-block-heading heading-input-label-gutena\">Spr\u00e1va<\/h3>\n\n\n<div class=\"gutena-forms-textarea-field field-name-message  wp-block-gutena-form-field\"><textarea\n\t\t\t\tid=\"message\"\n\t\t\t\t name=\"message\" rows=\"5\" class=\"gutena-forms-field textarea-field required-field\" placeholder=\"Pros\u00edm uve\u010fte Va\u0161e prestavy o akcii - preferovan\u00fd d\u00e1tum akcie \u010di fotenia, o ak\u00fd bal\u00ed\u010dek m\u00e1te z\u00e1ujem, predpokladan\u00fd po\u010det host\u00ed, pr\u00edpadn\u00e9 \u0161peci\u00e1lne po\u017eiadavky...\"  required\n\t\t\t\t><\/textarea><\/div><\/div>\n\n\n\n<p class=\"gutena-forms-field-error-msg\"><\/p>\n<\/div>\n\n\n\n<div class=\"wp-block-buttons gutena-forms-submit-buttons is-layout-flex wp-block-buttons-is-layout-flex\">\n<div class=\"wp-block-button gutena-forms-submit-button\"><button class=\"wp-block-button__link wp-element-button\">Send<\/button><\/div>\n<\/div>\n\n\n\n<div class=\"wp-block-gutena-form-confirm-msg is-layout-flow wp-block-gutena-form-confirm-msg-is-layout-flow\">\n<div class=\"wp-block-group has-background is-content-justification-left is-nowrap is-layout-flex wp-container-core-group-is-layout-385d3396 wp-block-group-is-layout-flex\" style=\"border-radius:5px;background-color:#d8eacc;padding-top:12px;padding-right:12px;padding-bottom:12px;padding-left:12px\">\n<figure class=\"wp-block-image size-large form-message-icon\"><img decoding=\"async\" src=\"data:image\/svg+xml;base64,PHN2ZyB3aWR0aD0iMTYiIGhlaWdodD0iMTYiIHZpZXdCb3g9IjAgMCAxNiAxNiIgZmlsbD0ibm9uZSIgeG1sbnM9Imh0dHA6Ly93d3cudzMub3JnLzIwMDAvc3ZnIj4KPHBhdGggZD0iTTggMTZDMy41ODE2IDE2IDAgMTIuNDE4NCAwIDhDMCAzLjU4MTYgMy41ODE2IDAgOCAwQzEyLjQxODQgMCAxNiAzLjU4MTYgMTYgOEMxNiAxMi40MTg0IDEyLjQxODQgMTYgOCAxNlpNOCAxNC40QzkuNjk3MzkgMTQuNCAxMS4zMjUzIDEzLjcyNTcgMTIuNTI1NSAxMi41MjU1QzEzLjcyNTcgMTEuMzI1MyAxNC40IDkuNjk3MzkgMTQuNCA4QzE0LjQgNi4zMDI2MSAxMy43MjU3IDQuNjc0NzUgMTIuNTI1NSAzLjQ3NDUyQzExLjMyNTMgMi4yNzQyOCA5LjY5NzM5IDEuNiA4IDEuNkM2LjMwMjYxIDEuNiA0LjY3NDc1IDIuMjc0MjggMy40NzQ1MiAzLjQ3NDUyQzIuMjc0MjggNC42NzQ3NSAxLjYgNi4zMDI2MSAxLjYgOEMxLjYgOS42OTczOSAyLjI3NDI4IDExLjMyNTMgMy40NzQ1MiAxMi41MjU1QzQuNjc0NzUgMTMuNzI1NyA2LjMwMjYxIDE0LjQgOCAxNC40Wk03LjIwMjQgMTEuMkwzLjgwOCA3LjgwNTZMNC45MzkyIDYuNjc0NEw3LjIwMjQgOC45Mzc2TDExLjcyNzIgNC40MTJMMTIuODU5MiA1LjU0MzJMNy4yMDI0IDExLjJaIiBmaWxsPSIjNDY4NDFFIi8+Cjwvc3ZnPgo=\" alt=\"Success\" class=\"wp-image-3811\"\/><\/figure>\n\n\n\n<p class=\"has-black-color has-text-color has-tiny-font-size\" style=\"font-size:12px;font-style:normal;font-weight:500;line-height:1.2\">Your form submitted successfully!<\/p>\n<\/div>\n<\/div>\n\n\n\n<div class=\"wp-block-gutena-form-error-msg is-layout-flow wp-block-gutena-form-error-msg-is-layout-flow\">\n<div class=\"wp-block-group has-background is-content-justification-left is-nowrap is-layout-flex wp-container-core-group-is-layout-385d3396 wp-block-group-is-layout-flex\" style=\"border-radius:5px;background-color:#ffd3d3;padding-top:12px;padding-right:12px;padding-bottom:12px;padding-left:12px\">\n<figure class=\"wp-block-image size-large form-message-icon\"><img decoding=\"async\" src=\"data:image\/svg+xml;base64,PHN2ZyB3aWR0aD0iMTYiIGhlaWdodD0iMTYiIHZpZXdCb3g9IjAgMCAxNiAxNiIgZmlsbD0ibm9uZSIgeG1sbnM9Imh0dHA6Ly93d3cudzMub3JnLzIwMDAvc3ZnIj4KPHBhdGggZD0iTTggMTZDMy41ODE2IDE2IDAgMTIuNDE4NCAwIDhDMCAzLjU4MTYgMy41ODE2IDAgOCAwQzEyLjQxODQgMCAxNiAzLjU4MTYgMTYgOEMxNiAxMi40MTg0IDEyLjQxODQgMTYgOCAxNlpNOCAxNC40QzkuNjk3MzkgMTQuNCAxMS4zMjUzIDEzLjcyNTcgMTIuNTI1NSAxMi41MjU1QzEzLjcyNTcgMTEuMzI1MyAxNC40IDkuNjk3MzkgMTQuNCA4QzE0LjQgNi4zMDI2MSAxMy43MjU3IDQuNjc0NzUgMTIuNTI1NSAzLjQ3NDUyQzExLjMyNTMgMi4yNzQyOCA5LjY5NzM5IDEuNiA4IDEuNkM2LjMwMjYxIDEuNiA0LjY3NDc1IDIuMjc0MjggMy40NzQ1MiAzLjQ3NDUyQzIuMjc0MjggNC42NzQ3NSAxLjYgNi4zMDI2MSAxLjYgOEMxLjYgOS42OTczOSAyLjI3NDI4IDExLjMyNTMgMy40NzQ1MiAxMi41MjU1QzQuNjc0NzUgMTMuNzI1NyA2LjMwMjYxIDE0LjQgOCAxNC40Wk03LjIgMTAuNEg4LjhWMTJINy4yVjEwLjRaTTcuMiA0SDguOFY4LjhINy4yVjRaIiBmaWxsPSIjQzUxOTE5Ii8+Cjwvc3ZnPgo=\" alt=\"Error\" class=\"wp-image-3811\"\/><\/figure>\n\n\n\n<p class=\"gutena-forms-error-text has-black-color has-text-color\" style=\"font-size:12px;font-style:normal;font-weight:500;line-height:1.2\">Sorry! your form was not submitted properly, Please check the errors above.<\/p>\n<\/div>\n<\/div>\n<input type=\"hidden\" name=\"trp-form-language\" value=\"en\"\/><\/form>\n\n\n\n<p><\/p>","protected":false},"excerpt":{"rendered":"<p>Jedine\u010dn\u00e9 miesto pre V\u00e1\u0161 v\u00fdnimo\u010dn\u00fd de\u0148&#8230; \u2731&nbsp;Akcie v AlpaCaf\u00e9 H\u013ead\u00e1te ide\u00e1lne miesto na oslavu, event, teambuilding, \u010di jedine\u010dn\u00e9 svadobn\u00e9 fotenie? AlpaCaf\u00e9 je perfektnou a origin\u00e1lnou vo\u013ebou pre r\u00f4zne pr\u00edle\u017eitosti. Na\u0161a kaviare\u0148 s unik\u00e1tnym prostred\u00edm pon\u00faka pr\u00edjemn\u00e9 a flexibiln\u00e9 priestory, ktor\u00e9 s\u00fa ide\u00e1lne pre r\u00f4zne typy akci\u00ed. \u2731 Pre organizovanie akcie v AlpaCaf\u00e9 si odpor\u00fa\u010dame pozrie\u0165 &hellip; <\/p>\n<p class=\"link-more\"><a href=\"https:\/\/alpacafe.sk\/en\/oslava_akcia\/\" class=\"more-link\">Read more<span class=\"screen-reader-text\"> &#8222;Oslavy &#038; akcie&#8220;<\/span><\/a><\/p>","protected":false},"author":1,"featured_media":0,"parent":0,"menu_order":0,"comment_status":"closed","ping_status":"closed","template":"","meta":{"footnotes":""},"class_list":["post-2205","page","type-page","status-publish","hentry"],"_links":{"self":[{"href":"https:\/\/alpacafe.sk\/en\/wp-json\/wp\/v2\/pages\/2205","targetHints":{"allow":["GET"]}}],"collection":[{"href":"https:\/\/alpacafe.sk\/en\/wp-json\/wp\/v2\/pages"}],"about":[{"href":"https:\/\/alpacafe.sk\/en\/wp-json\/wp\/v2\/types\/page"}],"author":[{"embeddable":true,"href":"https:\/\/alpacafe.sk\/en\/wp-json\/wp\/v2\/users\/1"}],"replies":[{"embeddable":true,"href":"https:\/\/alpacafe.sk\/en\/wp-json\/wp\/v2\/comments?post=2205"}],"version-history":[{"count":25,"href":"https:\/\/alpacafe.sk\/en\/wp-json\/wp\/v2\/pages\/2205\/revisions"}],"predecessor-version":[{"id":4990,"href":"https:\/\/alpacafe.sk\/en\/wp-json\/wp\/v2\/pages\/2205\/revisions\/4990"}],"wp:attachment":[{"href":"https:\/\/alpacafe.sk\/en\/wp-json\/wp\/v2\/media?parent=2205"}],"curies":[{"name":"wp","href":"https:\/\/api.w.org\/{rel}","templated":true}]}}