{"id":2194,"date":"2024-09-13T15:59:13","date_gmt":"2024-09-13T15:59:13","guid":{"rendered":"https:\/\/alpacafe.sk\/?page_id=2194"},"modified":"2024-10-14T14:15:23","modified_gmt":"2024-10-14T14:15:23","slug":"workshopy","status":"publish","type":"page","link":"https:\/\/alpacafe.sk\/en\/workshopy\/","title":{"rendered":"Workshopy"},"content":{"rendered":"<div class=\"wp-block-group has-global-padding is-layout-constrained wp-block-group-is-layout-constrained\">\n<h2 class=\"wp-block-heading has-text-align-center has-medium-font-size\" style=\"letter-spacing:1px\">KREAT\u00cdVNE WORKSHOPY V ALPACAF\u00c9<\/h2>\n\n\n\n<p class=\"has-text-align-center\">Objavte svet kreativity v prostred\u00ed plnom pohody a pr\u00edrody! Na\u0161e workshopy s\u00fa skvelou pr\u00edle\u017eitos\u0165ou, ako unikn\u00fa\u0165 ka\u017edodenn\u00e9mu zhonu a rozvin\u00fa\u0165 Va\u0161u fant\u00e1ziu. V AlpaCaf\u00e9 ponuke workshopov n\u00e1jdete r\u00f4znorod\u00e9 tvoriv\u00e9 aktivity, ktor\u00e9 V\u00e1m umo\u017enia odd\u00fdchnu\u0165 si, vytvori\u0165 nie\u010do vlastn\u00fdmi rukami a u\u017ei\u0165 si skvel\u00fd \u010das v spolo\u010dnosti \u010fal\u0161\u00edch nad\u0161encov kreat\u00edvnych n\u00e1padov.<\/p>\n\n\n\n<div class=\"wp-block-buttons is-horizontal is-content-justification-center is-layout-flex wp-container-core-buttons-is-layout-03627597 wp-block-buttons-is-layout-flex\">\n<div class=\"wp-block-button has-custom-font-size is-style-outline has-small-font-size is-style-outline--1\"><a class=\"wp-block-button__link wp-element-button\" href=\"https:\/\/alpacafe.sk\/en\/rezervacie\/\" style=\"border-radius:0px\">Reservation system \u2192<\/a><\/div>\n<\/div>\n\n\n\n<div style=\"height:57px\" aria-hidden=\"true\" class=\"wp-block-spacer\"><\/div>\n<\/div>\n\n\n\n<div class=\"wp-block-group alignfull has-global-padding is-layout-constrained wp-block-group-is-layout-constrained\">\n<div class=\"wp-block-group has-global-padding is-layout-constrained wp-block-group-is-layout-constrained\" style=\"padding-top:var(--wp--preset--spacing--small);padding-bottom:var(--wp--preset--spacing--small)\">\n<div class=\"wp-block-columns is-layout-flex wp-container-core-columns-is-layout-c375d253 wp-block-columns-is-layout-flex\">\n<div class=\"wp-block-column is-vertically-aligned-center is-layout-flow wp-block-column-is-layout-flow\">\n<p class=\"has-secondary-color has-text-color has-link-color wp-elements-1ef42d7ec63158b0b5fff1daa7998e01\">20.10.2024 &#8211; 16:00<\/p>\n\n\n\n<h2 class=\"wp-block-heading has-medium-font-size\" style=\"text-transform:uppercase\">Candle art: Ma\u013eovanie na svie\u010dky<\/h2>\n\n\n\n<p>Pridajte sa k n\u00e1m na jedine\u010dn\u00fd kreat\u00edvny workshop <strong>Candle Art<\/strong>, kde si m\u00f4\u017eete vlastnoru\u010dne nama\u013eova\u0165 svoju svie\u010dku akrylov\u00fdmi farbami. Nez\u00e1le\u017e\u00ed na tom, \u010di ste za\u010diato\u010dn\u00edk alebo sk\u00fasen\u00fd umelec \u2013 ka\u017ed\u00fd si m\u00f4\u017ee vytvori\u0165 origin\u00e1lny dizajn pod\u013ea vlastnej fant\u00e1zie a svie\u010dku si zobra\u0165 domov ako kr\u00e1snu pamiatku.<\/p>\n\n\n\n<p><strong>Price includes:<\/strong><\/p>\n\n\n\n<ul class=\"wp-block-list\">\n<li>30-min\u00fatov\u00fd program k\u0155menia na\u0161ich roztomil\u00fdch alp\u00e1k v AlpaCaf\u00e9 bistre.<\/li>\n\n\n\n<li>V\u0161etky potrebn\u00e9 materi\u00e1ly (svie\u010dky, farby, \u0161tetce).<\/li>\n\n\n\n<li>1 n\u00e1poj pod\u013ea vlastn\u00e9ho v\u00fdberu (k\u00e1va alebo \u010daj z na\u0161ej ponuky).<\/li>\n\n\n\n<li>N\u00e1\u0161 dom\u00e1ci alpaka cookie.<\/li>\n<\/ul>\n\n\n\n<p>Aktivita je vhodn\u00e1 aj pre deti, tak\u017ee nev\u00e1hajte pr\u00eds\u0165 s celou rodinou! D\u013a\u017eka trvania workshopu je <strong>90 min\u00fat<\/strong>, po\u010das ktor\u00fdch si odd\u00fdchnete, vychutn\u00e1te \u010das s alpakami a odnesiete si domov svoju jedine\u010dn\u00fa svie\u010dku. <\/p>\n\n\n\n<div class=\"wp-block-buttons is-content-justification-center is-layout-flex wp-container-core-buttons-is-layout-a89b3969 wp-block-buttons-is-layout-flex\">\n<div class=\"wp-block-button is-style-outline is-style-outline--2\"><a class=\"wp-block-button__link wp-element-button\" href=\"#\" style=\"border-radius:0px\">25\u20ac \/ osoba<\/a><\/div>\n<\/div>\n<\/div>\n\n\n\n<div class=\"wp-block-column is-layout-flow wp-block-column-is-layout-flow\">\n<figure class=\"wp-block-image size-full has-custom-border\"><img loading=\"lazy\" decoding=\"async\" width=\"564\" height=\"752\" src=\"https:\/\/alpacafe.sk\/wp-content\/uploads\/2024\/09\/391917b40574220bc057accaae70b920.jpg\" alt=\"\" class=\"wp-image-2201\" style=\"border-style:none;border-width:0px;border-radius:20px\" srcset=\"https:\/\/alpacafe.sk\/wp-content\/uploads\/2024\/09\/391917b40574220bc057accaae70b920.jpg 564w, https:\/\/alpacafe.sk\/wp-content\/uploads\/2024\/09\/391917b40574220bc057accaae70b920-225x300.jpg 225w, https:\/\/alpacafe.sk\/wp-content\/uploads\/2024\/09\/391917b40574220bc057accaae70b920-9x12.jpg 9w\" sizes=\"auto, (max-width: 564px) 100vw, 564px\" \/><\/figure>\n<\/div>\n<\/div>\n\n\n\n<div style=\"height:30px\" aria-hidden=\"true\" class=\"wp-block-spacer\"><\/div>\n<\/div>\n<\/div>\n\n\n\n<div class=\"wp-block-group alignfull has-global-padding is-layout-constrained wp-block-group-is-layout-constrained\">\n<div class=\"wp-block-group has-global-padding is-layout-constrained wp-block-group-is-layout-constrained\" style=\"padding-top:var(--wp--preset--spacing--small);padding-bottom:var(--wp--preset--spacing--small)\">\n<div class=\"wp-block-columns is-layout-flex wp-container-core-columns-is-layout-c375d253 wp-block-columns-is-layout-flex\">\n<div class=\"wp-block-column is-vertically-aligned-center is-layout-flow wp-block-column-is-layout-flow\">\n<p class=\"has-secondary-color has-text-color has-link-color wp-elements-6b12b517d593d7c971483aa1ae334899\">20.10.2024 &#8211; 13:00<\/p>\n\n\n\n<h2 class=\"wp-block-heading has-medium-font-size\" style=\"text-transform:uppercase\">handmade jewelry: v\u00fdroba prstienkov<\/h2>\n\n\n\n<p>Vytvorte si jedine\u010dn\u00fd \u0161perk pod\u013ea vlastn\u00e9ho vkusu na na\u0161om workshope <strong>Handmade Jewelry<\/strong> v spolupr\u00e1ci s Art Soul Jewels. Na tomto workshope si vyrob\u00edte dva vlastn\u00e9 prstene, ktor\u00e9 bud\u00fa odr\u00e1\u017ea\u0165 va\u0161u osobnos\u0165 a \u0161t\u00fdl.<\/p>\n\n\n\n<p>A \u010do je na tom najlep\u0161ie? Po\u010das tvorby sa budete m\u00f4c\u0165 zozn\u00e1mi\u0165 s na\u0161imi priate\u013esk\u00fdmi alpakami. Str\u00e1vte kreat\u00edvny de\u0148 v pr\u00edjemnej atmosf\u00e9re, vyrobte si vlastn\u00e9 \u0161perky a vytvorte si nezabudnute\u013en\u00e9 z\u00e1\u017eitky so zvierac\u00edmi kamar\u00e1tmi!<\/p>\n\n\n\n<p><strong>Price includes:<\/strong><\/p>\n\n\n\n<ul class=\"wp-block-list\">\n<li>30-min\u00fatov\u00fd program k\u0155menia na\u0161ich roztomil\u00fdch alp\u00e1k v AlpaCaf\u00e9 bistre.<\/li>\n\n\n\n<li>V\u0161etky potrebn\u00e9 materi\u00e1ly.<\/li>\n\n\n\n<li>1 n\u00e1poj pod\u013ea vlastn\u00e9ho v\u00fdberu (k\u00e1va alebo \u010daj z na\u0161ej ponuky).<\/li>\n\n\n\n<li>N\u00e1\u0161 dom\u00e1ci alpaka cookie.<\/li>\n<\/ul>\n\n\n\n<p>Aktivita je vhodn\u00e1 aj pre deti <strong>od 10 rokov<\/strong>. Workshop trv\u00e1 <strong>90 min\u00fat<\/strong>, po\u010das ktor\u00fdch si vychutn\u00e1te kreativitu, \u010das s alpakami a odnesiete si domov vlastnoru\u010dne vyroben\u00fd \u0161perk.<\/p>\n\n\n\n<p><strong>Minim\u00e1lna kapacita tohto workshopu je 5 os\u00f4b &#8211; ak sa term\u00edn nezapln\u00ed nad t\u00fato kapacitu tak si vyhradzujeme pr\u00e1vo zru\u0161i\u0165 event so 100% z\u00e1rukou vr\u00e1tenia pe\u0148az\u00ed.<\/strong><\/p>\n\n\n\n<div class=\"wp-block-buttons is-content-justification-center is-layout-flex wp-container-core-buttons-is-layout-a89b3969 wp-block-buttons-is-layout-flex\">\n<div class=\"wp-block-button is-style-outline is-style-outline--3\"><a class=\"wp-block-button__link wp-element-button\" href=\"#\" style=\"border-radius:0px\">45\u20ac \/ osoba<\/a><\/div>\n<\/div>\n<\/div>\n\n\n\n<div class=\"wp-block-column is-layout-flow wp-block-column-is-layout-flow\">\n<figure class=\"wp-block-image size-full has-custom-border\"><img loading=\"lazy\" decoding=\"async\" width=\"1169\" height=\"1169\" src=\"https:\/\/alpacafe.sk\/wp-content\/uploads\/2024\/10\/image00002.jpeg\" alt=\"\" class=\"wp-image-2417\" style=\"border-style:none;border-width:0px;border-radius:20px\" srcset=\"https:\/\/alpacafe.sk\/wp-content\/uploads\/2024\/10\/image00002.jpeg 1169w, https:\/\/alpacafe.sk\/wp-content\/uploads\/2024\/10\/image00002-300x300.jpeg 300w, https:\/\/alpacafe.sk\/wp-content\/uploads\/2024\/10\/image00002-1024x1024.jpeg 1024w, https:\/\/alpacafe.sk\/wp-content\/uploads\/2024\/10\/image00002-150x150.jpeg 150w, https:\/\/alpacafe.sk\/wp-content\/uploads\/2024\/10\/image00002-12x12.jpeg 12w\" sizes=\"auto, (max-width: 1169px) 100vw, 1169px\" \/><\/figure>\n<\/div>\n<\/div>\n\n\n\n<div style=\"height:30px\" aria-hidden=\"true\" class=\"wp-block-spacer\"><\/div>\n<\/div>\n<\/div>\n\n\n\n<div class=\"wp-block-group alignfull has-global-padding is-layout-constrained wp-block-group-is-layout-constrained\">\n<div class=\"wp-block-group has-global-padding is-layout-constrained wp-block-group-is-layout-constrained\" style=\"padding-top:var(--wp--preset--spacing--small);padding-bottom:var(--wp--preset--spacing--small)\">\n<div class=\"wp-block-columns is-layout-flex wp-container-core-columns-is-layout-c375d253 wp-block-columns-is-layout-flex\">\n<div class=\"wp-block-column is-vertically-aligned-center is-layout-flow wp-block-column-is-layout-flow\">\n<p class=\"has-secondary-color has-text-color has-link-color wp-elements-5528cb80880d65e335fa8d91e0a79bd5\">26.10.2024 &#8211; 13:00<\/p>\n\n\n\n<h2 class=\"wp-block-heading has-medium-font-size\" style=\"text-transform:uppercase\">handmade jewelry: v\u00fdroba n\u00e1ramkov<\/h2>\n\n\n\n<p>Vytvorte si jedine\u010dn\u00fd \u0161perk pod\u013ea vlastn\u00e9ho vkusu na na\u0161om workshope <strong>Handmade Jewelry<\/strong> v spolupr\u00e1ci s Art Soul Jewels. \u010cak\u00e1 V\u00e1s tvoriv\u00fd z\u00e1\u017eitok, kde si m\u00f4\u017eete vybra\u0165 z r\u00f4znych materi\u00e1lov a vytvori\u0165 n\u00e1ramok, n\u00e1hrdeln\u00edk \u010di in\u00fd doplnok, ktor\u00fd si zoberiete domov ako osobn\u00fd suven\u00edr.<\/p>\n\n\n\n<p><strong>Price includes:<\/strong><\/p>\n\n\n\n<ul class=\"wp-block-list\">\n<li>V\u0161etky potrebn\u00e9 materi\u00e1ly a know-how na v\u00fdrobu \u0161perkov.<\/li>\n\n\n\n<li>1 n\u00e1poj pod\u013ea vlastn\u00e9ho v\u00fdberu (k\u00e1va alebo \u010daj z na\u0161ej ponuky).<\/li>\n\n\n\n<li>30-min\u00fatov\u00fd program k\u0155menia na\u0161ich alp\u00e1k v AlpaCaf\u00e9 bistre.<\/li>\n<\/ul>\n\n\n\n<p>Aktivita je vhodn\u00e1 aj pre deti <strong>od 10 rokov<\/strong>. Workshop trv\u00e1 <strong>90 min\u00fat<\/strong>, po\u010das ktor\u00fdch si vychutn\u00e1te kreativitu, \u010das s alpakami a odnesiete si domov vlastnoru\u010dne vyroben\u00fd \u0161perk.<\/p>\n\n\n\n<p><strong>Minim\u00e1lna kapacita tohto workshopu je 5 os\u00f4b &#8211; ak sa term\u00edn nezapln\u00ed nad t\u00fato kapacitu tak si vyhradzujeme pr\u00e1vo zru\u0161i\u0165 event so 100% z\u00e1rukou vr\u00e1tenia pe\u0148az\u00ed.<\/strong><\/p>\n\n\n\n<div class=\"wp-block-buttons is-content-justification-center is-layout-flex wp-container-core-buttons-is-layout-a89b3969 wp-block-buttons-is-layout-flex\">\n<div class=\"wp-block-button is-style-outline is-style-outline--4\"><a class=\"wp-block-button__link wp-element-button\" href=\"#\" style=\"border-radius:0px\">45\u20ac \/ osoba<\/a><\/div>\n<\/div>\n<\/div>\n\n\n\n<div class=\"wp-block-column is-layout-flow wp-block-column-is-layout-flow\">\n<figure class=\"wp-block-image size-full has-custom-border\"><img loading=\"lazy\" decoding=\"async\" width=\"1920\" height=\"2560\" src=\"https:\/\/alpacafe.sk\/wp-content\/uploads\/2024\/09\/IMG_7703_jpg-scaled.jpg\" alt=\"\" class=\"wp-image-2200\" style=\"border-style:none;border-width:0px;border-radius:20px\" srcset=\"https:\/\/alpacafe.sk\/wp-content\/uploads\/2024\/09\/IMG_7703_jpg-scaled.jpg 1920w, https:\/\/alpacafe.sk\/wp-content\/uploads\/2024\/09\/IMG_7703_jpg-225x300.jpg 225w, https:\/\/alpacafe.sk\/wp-content\/uploads\/2024\/09\/IMG_7703_jpg-768x1024.jpg 768w, https:\/\/alpacafe.sk\/wp-content\/uploads\/2024\/09\/IMG_7703_jpg-2000x2667.jpg 2000w, https:\/\/alpacafe.sk\/wp-content\/uploads\/2024\/09\/IMG_7703_jpg-scaled-9x12.jpg 9w, https:\/\/alpacafe.sk\/wp-content\/uploads\/2024\/09\/IMG_7703_jpg-scaled-600x800.jpg 600w\" sizes=\"auto, (max-width: 1920px) 100vw, 1920px\" \/><\/figure>\n<\/div>\n<\/div>\n\n\n\n<div style=\"height:30px\" aria-hidden=\"true\" class=\"wp-block-spacer\"><\/div>\n<\/div>\n<\/div>\n\n\n\n<div class=\"wp-block-group alignfull pattern_multiple_covers has-background has-global-padding is-layout-constrained wp-block-group-is-layout-constrained\" id=\"services\" style=\"background-color:#f8f8f8\">\n<p><\/p>\n\n\n\n<h2 class=\"wp-block-heading has-text-align-left\">Na\u0161e workshopy<\/h2>\n\n\n\n<p class=\"has-text-align-left\">Nez\u00e1le\u017e\u00ed na tom, \u010di ste za\u010diato\u010dn\u00edk alebo sk\u00fasen\u00fd tvorca \u2013 na\u0161e workshopy s\u00fa vhodn\u00e9 pre v\u0161etk\u00fdch! Od\u00eddete od n\u00e1s nie len s origin\u00e1lnymi v\u00fdrobkami, ale aj s jedine\u010dn\u00fdmi z\u00e1\u017eitkami. \u010co m\u00f4\u017eete o\u010dak\u00e1va\u0165?<\/p>\n\n\n\n<div class=\"wp-block-group alignfull has-text-color has-background has-link-color wp-elements-0fc4417a389e5fbee1a5faa3939493b8 has-global-padding is-layout-constrained wp-block-group-is-layout-constrained\" style=\"color:#000000;background-color:#e5e9ec;padding-top:var(--wp--preset--spacing--small);padding-bottom:var(--wp--preset--spacing--small)\">\n<div class=\"wp-block-columns is-layout-flex wp-container-core-columns-is-layout-28f84493 wp-block-columns-is-layout-flex\">\n<div class=\"wp-block-column is-layout-flow wp-block-column-is-layout-flow\">\n<p class=\"has-huge-font-size\">1<\/p>\n\n\n\n<h3 class=\"wp-block-heading has-extra-large-font-size\">Relax s alpakami<\/h3>\n\n\n\n<p>Ka\u017ed\u00fd workshop je spojen\u00fd s kr\u00e1tkym programom s na\u0161imi priate\u013esk\u00fdmi alpakami. U\u017eite si chv\u00ed\u013eu oddychu pri ich k\u0155men\u00ed a foten\u00ed.<\/p>\n<\/div>\n\n\n\n<div class=\"wp-block-column is-layout-flow wp-block-column-is-layout-flow\" style=\"padding-top:3em;padding-right:3em;padding-bottom:3em;padding-left:3em\">\n<p class=\"has-huge-font-size\">2<\/p>\n\n\n\n<h3 class=\"wp-block-heading has-extra-large-font-size\">Pr\u00edjemn\u00e9 prostredie<\/h3>\n\n\n\n<p>Na\u0161a \u00fatuln\u00e1 kaviare\u0148 obklopen\u00e1 pr\u00edrodou je ide\u00e1lnym miestom na tvorbu aj relax. Skvel\u00e1 atmosf\u00e9ra je doplnen\u00e1 o skvel\u00fa k\u00e1vi\u010dku, \u010di in\u00e9 n\u00e1poje pod\u013ea ponuky.<\/p>\n<\/div>\n\n\n\n<div class=\"wp-block-column is-layout-flow wp-block-column-is-layout-flow\" style=\"padding-top:6em\">\n<p class=\"has-huge-font-size\">3<\/p>\n\n\n\n<h3 class=\"wp-block-heading has-extra-large-font-size\">Kreat\u00edvne aktivity<\/h3>\n\n\n\n<p>\u010ci u\u017e m\u00e1te radi ma\u013eovanie, tvorbu dekor\u00e1ci\u00ed alebo handmade v\u00fdrobky, na\u0161e workshopy v\u00e1m pon\u00faknu priestor na rozvoj va\u0161ej kreativity.<\/p>\n\n\n\n<div style=\"height:10px\" aria-hidden=\"true\" class=\"wp-block-spacer\"><\/div>\n<\/div>\n<\/div>\n<\/div>\n<\/div>\n\n\n\n<div class=\"wp-block-group alignfull has-global-padding is-layout-constrained wp-block-group-is-layout-constrained\" style=\"margin-top:0px\">\n<p><\/p>\n\n\n\n<h2 class=\"wp-block-heading has-text-align-left has-x-large-font-size\" id=\"pricing-table\">Cancellation terms<\/h2>\n\n\n\n<div class=\"wp-block-columns has-smaller-left-margin is-layout-flex wp-container-core-columns-is-layout-28f84493 wp-block-columns-is-layout-flex\">\n<div class=\"wp-block-column is-style-shadow has-background-background-color has-background is-layout-flow wp-container-core-column-is-layout-dba16a7e wp-block-column-is-layout-flow\" style=\"padding-top:0;padding-right:0;padding-bottom:0;padding-left:0\">\n<div class=\"wp-block-group has-background-color has-text-color has-background is-layout-flow wp-block-group-is-layout-flow\" style=\"border-top-left-radius:20px;border-top-right-radius:20px;background-color:#74909e;padding-top:20px;padding-right:30px;padding-bottom:20px;padding-left:30px\">\n<div style=\"height:20px\" aria-hidden=\"true\" class=\"wp-block-spacer\"><\/div>\n\n\n\n<h3 class=\"wp-block-heading has-text-align-center has-white-color has-text-color\" style=\"font-size:clamp(18.959px, 1.185rem + ((1vw - 3.2px) * 1.15), 30px);\">7+ days before the start of the event<\/h3>\n\n\n\n<div style=\"height:20px\" aria-hidden=\"true\" class=\"wp-block-spacer\"><\/div>\n<\/div>\n\n\n\n<div class=\"wp-block-group is-layout-flow wp-container-core-group-is-layout-8a7de2ab wp-block-group-is-layout-flow\" style=\"border-style:none;border-width:0px;padding-top:40px;padding-right:40px;padding-bottom:40px;padding-left:40px\">\n<p class=\"has-text-align-center has-small-font-size\">Cancellation of reservation free of charge.<\/p>\n<\/div>\n<\/div>\n\n\n\n<div class=\"wp-block-column is-style-shadow has-background-background-color has-background is-layout-flow wp-container-core-column-is-layout-dba16a7e wp-block-column-is-layout-flow\" style=\"border-style:none;border-width:0px;padding-top:0;padding-right:0;padding-bottom:0;padding-left:0\">\n<div class=\"wp-block-group has-background-color has-primary-background-color has-text-color has-background has-global-padding is-layout-constrained wp-container-core-group-is-layout-4a803732 wp-block-group-is-layout-constrained\" style=\"border-top-left-radius:20px;border-top-right-radius:20px;padding-top:20px;padding-right:30px;padding-bottom:20px;padding-left:30px\">\n<div style=\"height:20px\" aria-hidden=\"true\" class=\"wp-block-spacer\"><\/div>\n\n\n\n<h3 class=\"wp-block-heading has-text-align-center has-white-color has-text-color\" style=\"font-size:clamp(18.959px, 1.185rem + ((1vw - 3.2px) * 1.15), 30px);\">3 - 7 days before the start of the event <\/h3>\n\n\n\n<div style=\"height:20px\" aria-hidden=\"true\" class=\"wp-block-spacer\"><\/div>\n<\/div>\n\n\n\n<div class=\"wp-block-group has-global-padding is-layout-constrained wp-container-core-group-is-layout-c1694ee5 wp-block-group-is-layout-constrained\" style=\"border-style:none;border-width:0px;padding-top:40px;padding-right:40px;padding-bottom:40px;padding-left:40px\">\n<p class=\"has-text-align-center has-small-font-size\">You will receive a voucher of 50% of the amount of your order.<\/p>\n<\/div>\n<\/div>\n\n\n\n<div class=\"wp-block-column is-style-shadow has-background-background-color has-background is-layout-flow wp-container-core-column-is-layout-dba16a7e wp-block-column-is-layout-flow\" style=\"border-style:none;border-width:0px;padding-top:0;padding-right:0;padding-bottom:0;padding-left:0\">\n<div class=\"wp-block-group has-background-color has-text-color has-background has-global-padding is-layout-constrained wp-container-core-group-is-layout-4a803732 wp-block-group-is-layout-constrained\" style=\"border-top-left-radius:20px;border-top-right-radius:20px;background-color:#74909e;padding-top:20px;padding-right:30px;padding-bottom:20px;padding-left:30px\">\n<div style=\"height:20px\" aria-hidden=\"true\" class=\"wp-block-spacer\"><\/div>\n\n\n\n<h3 class=\"wp-block-heading has-text-align-center has-white-color has-text-color\" style=\"font-size:clamp(18.959px, 1.185rem + ((1vw - 3.2px) * 1.15), 30px);\">Less than 3 days before the start of the event<\/h3>\n\n\n\n<div style=\"height:20px\" aria-hidden=\"true\" class=\"wp-block-spacer\"><\/div>\n<\/div>\n\n\n\n<div class=\"wp-block-group has-global-padding is-layout-constrained wp-container-core-group-is-layout-c1694ee5 wp-block-group-is-layout-constrained\" style=\"border-style:none;border-width:0px;padding-top:40px;padding-right:40px;padding-bottom:40px;padding-left:40px\">\n<p class=\"has-text-align-center has-small-font-size\">Unfortunately, in case of cancellation up to 72 hours before the start, we will have to charge the full price.<\/p>\n<\/div>\n<\/div>\n<\/div>\n<\/div>\n\n\n\n<p><\/p>","protected":false},"excerpt":{"rendered":"<p>KREAT\u00cdVNE WORKSHOPY V ALPACAF\u00c9 Objavte svet kreativity v prostred\u00ed plnom pohody a pr\u00edrody! Na\u0161e workshopy s\u00fa skvelou pr\u00edle\u017eitos\u0165ou, ako unikn\u00fa\u0165 ka\u017edodenn\u00e9mu zhonu a rozvin\u00fa\u0165 Va\u0161u fant\u00e1ziu. V AlpaCaf\u00e9 ponuke workshopov n\u00e1jdete r\u00f4znorod\u00e9 tvoriv\u00e9 aktivity, ktor\u00e9 V\u00e1m umo\u017enia odd\u00fdchnu\u0165 si, vytvori\u0165 nie\u010do vlastn\u00fdmi rukami a u\u017ei\u0165 si skvel\u00fd \u010das v spolo\u010dnosti \u010fal\u0161\u00edch nad\u0161encov kreat\u00edvnych n\u00e1padov. 20.10.2024 &hellip; <\/p>\n<p class=\"link-more\"><a href=\"https:\/\/alpacafe.sk\/en\/workshopy\/\" class=\"more-link\">Read more<span class=\"screen-reader-text\"> &#8222;Workshopy&#8220;<\/span><\/a><\/p>","protected":false},"author":1,"featured_media":0,"parent":0,"menu_order":0,"comment_status":"closed","ping_status":"closed","template":"","meta":{"footnotes":""},"class_list":["post-2194","page","type-page","status-publish","hentry"],"_links":{"self":[{"href":"https:\/\/alpacafe.sk\/en\/wp-json\/wp\/v2\/pages\/2194","targetHints":{"allow":["GET"]}}],"collection":[{"href":"https:\/\/alpacafe.sk\/en\/wp-json\/wp\/v2\/pages"}],"about":[{"href":"https:\/\/alpacafe.sk\/en\/wp-json\/wp\/v2\/types\/page"}],"author":[{"embeddable":true,"href":"https:\/\/alpacafe.sk\/en\/wp-json\/wp\/v2\/users\/1"}],"replies":[{"embeddable":true,"href":"https:\/\/alpacafe.sk\/en\/wp-json\/wp\/v2\/comments?post=2194"}],"version-history":[{"count":19,"href":"https:\/\/alpacafe.sk\/en\/wp-json\/wp\/v2\/pages\/2194\/revisions"}],"predecessor-version":[{"id":2418,"href":"https:\/\/alpacafe.sk\/en\/wp-json\/wp\/v2\/pages\/2194\/revisions\/2418"}],"wp:attachment":[{"href":"https:\/\/alpacafe.sk\/en\/wp-json\/wp\/v2\/media?parent=2194"}],"curies":[{"name":"wp","href":"https:\/\/api.w.org\/{rel}","templated":true}]}}