{"id":99,"date":"2024-02-04T19:33:36","date_gmt":"2024-02-04T19:33:36","guid":{"rendered":"https:\/\/alpacafe.sk\/?page_id=99"},"modified":"2025-06-28T13:29:31","modified_gmt":"2025-06-28T13:29:31","slug":"ranajky-s-alpakami","status":"publish","type":"page","link":"http:\/\/alpacafe.sk\/en\/ranajky-s-alpakami\/","title":{"rendered":"Breakfast with alpacas"},"content":{"rendered":"<div class=\"wp-block-cover alignfull has-parallax\" style=\"min-height:100vh;aspect-ratio:unset;\"><div class=\"wp-block-cover__image-background wp-image-1160 has-parallax\" style=\"background-position:50% 50%;background-image:url(https:\/\/alpacafe.sk\/wp-content\/uploads\/2024\/06\/KP_14-4-scaled.jpg)\"><\/div><span aria-hidden=\"true\" class=\"wp-block-cover__background has-background-dim\"><\/span><div class=\"wp-block-cover__inner-container is-layout-flow wp-block-cover-is-layout-flow\">\n<p class=\"has-text-align-center has-white-color has-text-color\" style=\"font-size:clamp(37.821px, 2.364rem + ((1vw - 3.2px) * 3.352), 70px);font-style:normal;font-weight:900\"><strong>Breakfast with alpacas<\/strong>.<\/p>\n\n\n\n<p class=\"has-text-align-center has-white-color has-text-color has-medium-font-size\" style=\"letter-spacing:1px\">Jedine\u010dn\u00e1 ra\u0148ajkov\u00e1 terapia s alpakami\u2026<\/p>\n\n\n\n<div class=\"wp-block-buttons is-content-justification-center is-layout-flex wp-container-core-buttons-is-layout-a89b3969 wp-block-buttons-is-layout-flex\">\n<div class=\"wp-block-button is-style-outline is-style-outline--1\"><a class=\"wp-block-button__link has-white-color has-text-color wp-element-button\" href=\"https:\/\/alpacafe.sk\/en\/rezervacie\/\" style=\"border-radius:0px\">Make a reservation \u2192<\/a><\/div>\n<\/div>\n<\/div><\/div>\n\n\n\n<div class=\"wp-block-columns is-layout-flex wp-container-core-columns-is-layout-7db7aa3e wp-block-columns-is-layout-flex\" style=\"padding-right:0;padding-left:0\">\n<div class=\"wp-block-column is-vertically-aligned-center is-layout-flow wp-block-column-is-layout-flow\">\n<h2 class=\"wp-block-heading has-medium-font-size\" style=\"text-transform:uppercase\"><strong>Ra\u0148ajkov\u00e1 terapia<\/strong> s alpakami<\/h2>\n\n\n\n<p><strong>\u2731&nbsp;Rann\u00e1 prech\u00e1dzka a k\u0155menie alp\u00e1k<\/strong><\/p>\n\n\n\n<p>V AlpaCaf\u00e9 ver\u00edme, \u017ee ka\u017ed\u00e9 r\u00e1no by malo by\u0165 pln\u00e9 pozit\u00edvnej energie. Preto sme si pre v\u00e1s pripravili jedine\u010dn\u00fa aktivitu &#8211; ra\u0148ajky s alpakami. Metabolizmus na\u0161tartujeme kr\u00e1tkym ven\u010den\u00edm alp\u00e1k spojen\u00fdm s prech\u00e1dzkou po are\u00e1li. N\u00e1sledne budete ma\u0165 kopec \u010dasu na k\u0155menie a hladkanie alp\u00e1k a vytvorenie si kr\u00e1snych spomienok, ktor\u00e9 si m\u00f4\u017eete zve\u010dni\u0165 fotografiami. Po\u010das ra\u0148ajok s alpakami serv\u00edrujeme \u0161peci\u00e1lne ra\u0148ajkov\u00e9 menu, v ktorom n\u00e1jdete \u010derstv\u00e9 ovocie, zeleninku a v\u00fdber z \u010derstv\u00e9ho pe\u010diva. V cene m\u00e1te taktie\u017e n\u00e1poj pod\u013ea ponuky, ktor\u00fd si m\u00f4\u017eete vychutna\u0165 pri v\u00fdh\u013eade na na\u0161e alpaky.<\/p>\n\n\n\n<p class=\"has-text-color has-link-color wp-elements-8fd6ba473e043a54a76c15995efb5e6f\" style=\"color:#ba9b37\"><strong>\u2731<\/strong> <strong>Na v\u0161etky na\u0161e aktivity s alpakami maj\u00fa deti do 3 rokov (vr\u00e1tane) VSTUP ZDARMA! <\/strong>Sta\u010d\u00ed, \u017ee n\u00e1m uvediete po\u010det det\u00ed do 3 rokov do pozn\u00e1mky pri vytvoren\u00ed rezerv\u00e1cie. <\/p>\n\n\n\n<div class=\"wp-block-buttons is-horizontal is-content-justification-left is-layout-flex wp-container-core-buttons-is-layout-20be11b6 wp-block-buttons-is-layout-flex\">\n<div class=\"wp-block-button is-style-outline is-style-outline--2\"><a class=\"wp-block-button__link has-text-align-center wp-element-button\" href=\"https:\/\/alpacafe.sk\/en\/rezervacie\/\" style=\"border-radius:10px\">Prezrite si na\u0161e dostupn\u00e9 term\u00edny \u2192<\/a><\/div>\n<\/div>\n\n\n\n<p><\/p>\n<\/div>\n\n\n\n<div class=\"wp-block-column is-layout-flow wp-block-column-is-layout-flow\">\n<figure class=\"wp-block-image size-large has-custom-border\"><img loading=\"lazy\" decoding=\"async\" width=\"849\" height=\"1024\" src=\"https:\/\/alpacafe.sk\/wp-content\/uploads\/2025\/06\/Snimka-obrazovky-2025-06-28-o-15.28.35-849x1024.png\" alt=\"\" class=\"wp-image-3826\" style=\"border-radius:27px\" srcset=\"https:\/\/alpacafe.sk\/wp-content\/uploads\/2025\/06\/Snimka-obrazovky-2025-06-28-o-15.28.35-849x1024.png 849w, https:\/\/alpacafe.sk\/wp-content\/uploads\/2025\/06\/Snimka-obrazovky-2025-06-28-o-15.28.35-249x300.png 249w, https:\/\/alpacafe.sk\/wp-content\/uploads\/2025\/06\/Snimka-obrazovky-2025-06-28-o-15.28.35-10x12.png 10w, https:\/\/alpacafe.sk\/wp-content\/uploads\/2025\/06\/Snimka-obrazovky-2025-06-28-o-15.28.35.png 940w\" sizes=\"auto, (max-width: 849px) 100vw, 849px\" \/><\/figure>\n<\/div>\n<\/div>\n\n\n\n<div class=\"wp-block-group alignfull has-background has-global-padding is-layout-constrained wp-block-group-is-layout-constrained\" style=\"background-color:#f2f3ec;padding-top:var(--wp--preset--spacing--small);padding-bottom:var(--wp--preset--spacing--small)\">\n<div class=\"wp-block-columns is-layout-flex wp-container-core-columns-is-layout-7db7aa3e wp-block-columns-is-layout-flex\" style=\"padding-right:0;padding-left:0\">\n<div class=\"wp-block-column is-vertically-aligned-center is-layout-flow wp-block-column-is-layout-flow\">\n<h2 class=\"wp-block-heading has-medium-font-size\" style=\"text-transform:uppercase\"><strong>\u2731<\/strong>&nbsp;<strong>Ako t\u00e1to aktivita prebieha?<\/strong><\/h2>\n\n\n\n<p>Za\u010dnite de\u0148 inak \u2013 pomaly, vedome a v pr\u00edtomnosti na\u0161ich alp\u00e1k.&nbsp;<strong>Breakfast with alpacas<\/strong>&nbsp;s\u00fa z\u00e1\u017eitkov\u00e1 terapia, ktor\u00e1 sp\u00e1ja rann\u00fa prech\u00e1dzku s t\u00fdmito v\u00fdnimo\u010dn\u00fdmi zvieratami, pokojn\u00e9 k\u0155menie a spolo\u010dn\u00e9 ra\u0148ajky v prostred\u00ed n\u00e1\u0161ho AlpaCaf\u00e9 bistra.<\/p>\n\n\n\n<ol class=\"wp-block-list\">\n<li>Po vstupe do are\u00e1lu zabo\u010dte do prava, kde n\u00e1jdete na\u0161e AlpaCaf\u00e9 bistro. Pros\u00edme v\u00e1s o dochv\u00ed\u013enos\u0165, aktivita za\u010d\u00edna v presne stanoven\u00fd \u010das.<\/li>\n\n\n\n<li>N\u00e1\u0161mu person\u00e1lu uk\u00e1\u017ete Va\u0161e <strong>potvrdenie o rezerv\u00e1cii<\/strong> a n\u00e1sledne budete usmernen\u00ed na miesto za\u010diatku tejto aktivity.<\/li>\n\n\n\n<li>Rann\u00e1 terapia za\u010d\u00edna kr\u00e1tkou prech\u00e1dzkou po na\u0161om pr\u00edrodnom are\u00e1li, kde V\u00e1m na\u0161i chovate\u013esk\u00ed asistenti vyrozpr\u00e1vaj\u00fa mno\u017estvo zauj\u00edmavost\u00ed o (nie len na\u0161ich) alpak\u00e1ch.<\/li>\n\n\n\n<li>N\u00e1sledne sa presuniete do n\u00e1\u0161ho AlpaCaf\u00e9 bistra kde sa usad\u00edte a alpaky sa bud\u00fa <strong>vo\u013ene pohybova\u0165 medzi vami<\/strong>.<\/li>\n\n\n\n<li>Ka\u017ed\u00fd \u00fa\u010dastn\u00edk dostane n\u00e1dobku s porciou krmiva \u2013 <strong>krmivo d\u00e1vkujte pomaly<\/strong>, po men\u0161\u00edch mno\u017estv\u00e1ch aby sa alpak\u00e1m \u013eah\u0161ie pre\u017e\u00favalo. Mno\u017estvo krmiva je vopred ur\u010den\u00e9 a schv\u00e1len\u00e9 na\u0161\u00edm veterin\u00e1rom kv\u00f4li citliv\u00e9mu tr\u00e1veniu alp\u00e1k, preto ho nie je mo\u017en\u00e9 nav\u00fd\u0161i\u0165. <strong>D\u013a\u017eka samotn\u00e9ho k\u0155menia z\u00e1vis\u00ed teda hlavne od v\u00e1s<\/strong> \u2013 \u010d\u00edm pokojnej\u0161ie si chv\u00edle vychutn\u00e1te, t\u00fdm dlh\u0161ie potrv\u00e1.<\/li>\n\n\n\n<li>Po skon\u010den\u00ed k\u0155menia n\u00e1\u0161 person\u00e1l alpaky odprevad\u00ed ved\u013ea do ohr\u00e1dky kde ich e\u0161te chv\u00ed\u013eu m\u00f4\u017eete pozorova\u0165 pri ich oddychu. Vy si zatia\u013e m\u00f4\u017eete v pokoji vychutna\u0165 Va\u0161e ra\u0148ajky.<\/li>\n<\/ol>\n\n\n\n<p class=\"has-medium-font-size\"><strong>\u2731<\/strong>&nbsp;<strong>V\u0160EOBECN\u00c9 ODPOR\u00da\u010cANIA A N\u00c1V\u0160TEVA S DE\u0164MI<\/strong><\/p>\n\n\n\n<p><strong>Breakfast with alpacas<\/strong>&nbsp;pon\u00fakaj\u00fa jedine\u010dn\u00e9 spojenie pohybu a pokoja \u2013 za\u010d\u00ednaj\u00fa \u013eahkou prech\u00e1dzkou, pokra\u010duj\u00fa k\u0155men\u00edm a uzatv\u00e1raj\u00fa sa spolo\u010dn\u00fdmi ra\u0148ajkami. Je to ide\u00e1lny sp\u00f4sob, ako za\u010da\u0165 de\u0148 vedome, v bl\u00edzkosti pr\u00edrody a zvierat, ktor\u00e9 v\u00e1s naladia na pokojnej\u0161iu vlnu.<\/p>\n\n\n\n<p><strong>Z\u00e1\u017eitok je vhodn\u00fd aj pre deti, no len v sprievode dospelej osoby<\/strong>, ktor\u00e1 dohliadne na ich spr\u00e1vanie. Ke\u010f\u017ee ide o ve\u013emi kontaktn\u00fa aktivitu, samostatn\u00fd vstup det\u00ed nie je mo\u017en\u00fd.<\/p>\n\n\n\n<p>Pros\u00edme v\u00e1s o <strong>re\u0161pektovanie pokynov n\u00e1\u0161ho person\u00e1lu<\/strong> \u2013 sl\u00fa\u017eia na ochranu v\u00e1s, ostatn\u00fdch host\u00ed aj samotn\u00fdch alp\u00e1k. Ak by do\u0161lo k nevhodn\u00e9mu spr\u00e1vaniu, ktor\u00e9 by mohlo naru\u0161i\u0165 priebeh aktivity alebo ohrozi\u0165 bezpe\u010die, vyhradzujeme si pr\u00e1vo zasiahnu\u0165.<\/p>\n\n\n\n<p>\u010eakujeme, \u017ee k n\u00e1m prich\u00e1dzate s re\u0161pektom, zvedavos\u0165ou a otvoren\u00fdm srdcom. V takom naladen\u00ed vznikaj\u00fa tie najkraj\u0161ie chv\u00edle \u2013 tich\u00e9, \u00faprimn\u00e9 a nezabudnute\u013en\u00e9.<\/p>\n<\/div>\n<\/div>\n<\/div>\n\n\n\n<div class=\"wp-block-group alignfull has-white-background-color has-background has-global-padding is-layout-constrained wp-block-group-is-layout-constrained\">\n<p><\/p>\n\n\n\n<h2 class=\"wp-block-heading alignwide has-text-align-center has-large-font-size\" id=\"inspiro-is-a-digital-product-agency-that-focuses-on-strategy-and-design\" style=\"font-style:normal;font-weight:100\"><strong>\u2731<\/strong> <strong>\u010co n\u00e1jdete na ra\u0148ajkovom eta\u017e\u00e9ri?<\/strong><\/h2>\n\n\n\n<p>Na\u0161e&nbsp;<strong>Breakfast with alpacas<\/strong>&nbsp;s\u00fa z\u00e1\u017eitkom pre v\u0161etky zmysly \u2013 okrem pokojnej terapie so zvieratami v\u00e1s \u010dak\u00e1 aj kr\u00e1sne serv\u00edrovan\u00e9, vyv\u00e1\u017een\u00e9 menu. Na\u0161e ra\u0148ajky s\u00fa \u0161tandardne&nbsp;<strong>vegetari\u00e1nske<\/strong>&nbsp;a pripraven\u00e9 s d\u00f4razom na \u010derstvos\u0165, sez\u00f3nnos\u0165 a lok\u00e1lne suroviny. Sna\u017e\u00edme sa \u010do najviac zoh\u013ead\u0148ova\u0165 alergie a stravovacie po\u017eiadavky na\u0161ich n\u00e1v\u0161tevn\u00edkov, no ke\u010f\u017ee m\u00e1me fixn\u00e9 menu tak moment\u00e1lne nepon\u00fakame roz\u0161\u00edrenej\u0161ie alternat\u00edvy. V pr\u00edpade ot\u00e1zok \u010di in\u00fdch po\u017eiadaviek n\u00e1s nev\u00e1hajte kontaktova\u0165.<\/p>\n\n\n\n<div class=\"wp-block-columns is-layout-flex wp-container-core-columns-is-layout-28f84493 wp-block-columns-is-layout-flex\">\n<div class=\"wp-block-column is-layout-flow wp-block-column-is-layout-flow\">\n<h3 class=\"wp-block-heading has-text-align-center has-text-color has-medium-font-size\" style=\"color:#ba9b37\"><strong>\u2731<\/strong> <strong>Zdrav\u00fd \u0161tart<\/strong><\/h3>\n\n\n\n<p class=\"has-text-align-center has-text-color\" style=\"color:#7a7a7a\">Green snack s dom\u00e1cim hummusom a \u010derstvou zeleninkou, r\u00f4zne druhy sez\u00f3nneho ovocia.<\/p>\n<\/div>\n\n\n\n<div class=\"wp-block-column is-layout-flow wp-block-column-is-layout-flow\">\n<h3 class=\"wp-block-heading has-text-align-center has-text-color has-medium-font-size\" style=\"color:#ba9b37\"><strong><strong>\u2731<\/strong> <strong><strong>Chrumkav\u00e9 &amp; s\u00fdte<\/strong><\/strong><\/strong><\/h3>\n\n\n\n<p class=\"has-text-align-center has-text-color\" style=\"color:#7a7a7a\">V\u00fdber \u010derstvo upe\u010den\u00e9ho slan\u00e9ho aj sladk\u00e9ho pe\u010diva z n\u00e1\u0161ho pe\u010divov\u00e9ho bufetu.<\/p>\n<\/div>\n\n\n\n<div class=\"wp-block-column is-layout-flow wp-block-column-is-layout-flow\">\n<h3 class=\"wp-block-heading has-text-align-center has-text-color has-medium-font-size\" style=\"color:#ba9b37\"><strong><strong>\u2731<\/strong> <strong><strong>Sladk\u00e1 bodka<\/strong><\/strong><\/strong><\/h3>\n\n\n\n<p class=\"has-text-align-center has-text-color\" style=\"color:#7a7a7a\">Dom\u00e1ci chia pudding z hrachov\u00e9ho mlieka (bezlakt\u00f3zov\u00fd) s jemn\u00fdm ovocn\u00fdm pyr\u00e9, \u010dokol\u00e1dov\u00e1 &amp; karamelov\u00e1 om\u00e1\u010dka.<\/p>\n<\/div>\n<\/div>\n\n\n\n<h3 class=\"wp-block-heading has-large-font-size\" id=\"inspiro-is-a-digital-product-agency-that-focuses-on-strategy-and-desig\" style=\"font-style:normal;font-weight:300\"><\/h3>\n<\/div>\n\n\n\n<div class=\"wp-block-group alignwide has-background has-global-padding is-layout-constrained wp-block-group-is-layout-constrained\" style=\"background-color:#053c5c;padding-top:var(--wp--preset--spacing--small);padding-bottom:var(--wp--preset--spacing--small)\">\n<div class=\"wp-block-columns is-layout-flex wp-container-core-columns-is-layout-7db7aa3e wp-block-columns-is-layout-flex\" style=\"padding-right:0;padding-left:0\">\n<div class=\"wp-block-column is-vertically-aligned-center is-layout-flow wp-block-column-is-layout-flow\">\n<h2 class=\"wp-block-heading has-white-color has-text-color has-link-color has-medium-font-size wp-elements-3dbe49e781498cbdc0e6395538e1af4b\" style=\"text-transform:uppercase\"><strong>\u2731<\/strong> ODPOR\u00da\u010cAN\u00c1 PR\u00edprava pred n\u00e1v\u0161tevou<\/h2>\n\n\n\n<p class=\"has-white-color has-text-color has-link-color wp-elements-20e49c8565b9d5b53a717cd1eb8097cc\">T\u00e1to aktivita sa kon\u00e1 aj vonku aj v na\u0161om AlpaCaf\u00e9 bistre, ktor\u00e9 je polootvoren\u00e9. Z tohto d\u00f4vodu odpor\u00fa\u010dame zvoli\u0165 oble\u010denie primeran\u00e9 po\u010dasiu v dan\u00fd de\u0148. Odpor\u00fa\u010dame si obliec\u0165 oble\u010denie aj obuv, ktor\u00e9 sa m\u00f4\u017eu za\u0161pini\u0165. Sand\u00e1le alebo otvoren\u00e1 obuv sa neodpor\u00fa\u010da, preto\u017ee alpaky v\u00e1m m\u00f4\u017eu nechtiac st\u00fapi\u0165 na nohu. Ako aj psy, alpaky maj\u00fa pod labkami mozole, no ich nechty m\u00f4\u017eu by\u0165 ostrej\u0161ie.<\/p>\n\n\n\n<p class=\"has-white-color has-text-color has-link-color wp-elements-af99139b2bafea0a72a42303c66b7fda\">Ke\u010f\u017ee sa \u010das\u0165 tejto aktivity kon\u00e1 v AlpaCaf\u00e9 bistre, je mo\u017en\u00e9 ju absolvova\u0165 aj v nepriaznivom po\u010das\u00ed. V pr\u00edpade zr\u00e1\u017eok je mo\u017en\u00e9, \u017ee bude prech\u00e1dzka zru\u0161en\u00e1 &#8211; no o to viac \u010dasu budete ma\u0165 s alpakami vo vn\u00fatri pri k\u0155men\u00ed. V zimn\u00fdch mesiacoch je bistro vyhrievan\u00e9, av\u0161ak odpor\u00fa\u010dame sa obliec\u0165 teplej\u0161ie, ke\u010f\u017ee V\u00e1m m\u00f4\u017ee by\u0165 chladno. V lete odpor\u00fa\u010dame donies\u0165 si pokr\u00fdvku hlavy, slne\u010dn\u00e9 okuliare a pou\u017ei\u0165 opa\u013eovac\u00ed kr\u00e9m.<\/p>\n<\/div>\n\n\n\n<div class=\"wp-block-column is-layout-flow wp-block-column-is-layout-flow\">\n<figure class=\"wp-block-image size-full has-custom-border\"><img loading=\"lazy\" decoding=\"async\" width=\"2560\" height=\"1920\" src=\"https:\/\/alpacafe.sk\/wp-content\/uploads\/2025\/05\/KP_80-edited-1-scaled.jpg\" alt=\"\" class=\"wp-image-3554\" style=\"border-radius:19px\" srcset=\"https:\/\/alpacafe.sk\/wp-content\/uploads\/2025\/05\/KP_80-edited-1-scaled.jpg 2560w, https:\/\/alpacafe.sk\/wp-content\/uploads\/2025\/05\/KP_80-edited-1-300x225.jpg 300w, https:\/\/alpacafe.sk\/wp-content\/uploads\/2025\/05\/KP_80-edited-1-1024x768.jpg 1024w, https:\/\/alpacafe.sk\/wp-content\/uploads\/2025\/05\/KP_80-edited-1-2000x1500.jpg 2000w, https:\/\/alpacafe.sk\/wp-content\/uploads\/2025\/05\/KP_80-edited-1-scaled-16x12.jpg 16w\" sizes=\"auto, (max-width: 2560px) 100vw, 2560px\" \/><\/figure>\n<\/div>\n<\/div>\n<\/div>\n\n\n\n<div class=\"wp-block-group alignfull has-global-padding is-layout-constrained wp-block-group-is-layout-constrained\" style=\"margin-top:0px\">\n<p><\/p>\n\n\n\n<h2 class=\"wp-block-heading has-text-align-center has-text-align-left has-x-large-font-size\" id=\"pricing-table\"><strong>\u2731<\/strong> Cancellation terms<\/h2>\n\n\n\n<div class=\"wp-block-columns has-smaller-left-margin is-layout-flex wp-container-core-columns-is-layout-28f84493 wp-block-columns-is-layout-flex\">\n<div class=\"wp-block-column is-style-shadow has-background-background-color has-background is-layout-flow wp-container-core-column-is-layout-dba16a7e wp-block-column-is-layout-flow\" style=\"padding-top:0;padding-right:0;padding-bottom:0;padding-left:0\">\n<div class=\"wp-block-group has-background-color has-text-color has-background is-layout-flow wp-block-group-is-layout-flow\" style=\"border-top-left-radius:20px;border-top-right-radius:20px;background-color:#ba9b37;padding-top:20px;padding-right:30px;padding-bottom:20px;padding-left:30px\">\n<div style=\"height:20px\" aria-hidden=\"true\" class=\"wp-block-spacer\"><\/div>\n\n\n\n<h3 class=\"wp-block-heading has-text-align-center has-white-color has-text-color\" style=\"font-size:clamp(18.959px, 1.185rem + ((1vw - 3.2px) * 1.15), 30px);\">7+ days before the start of the event<\/h3>\n\n\n\n<div style=\"height:20px\" aria-hidden=\"true\" class=\"wp-block-spacer\"><\/div>\n<\/div>\n\n\n\n<div class=\"wp-block-group is-layout-flow wp-container-core-group-is-layout-8a7de2ab wp-block-group-is-layout-flow\" style=\"border-style:none;border-width:0px;padding-top:40px;padding-right:40px;padding-bottom:40px;padding-left:40px\">\n<p class=\"has-text-align-center has-small-font-size\"><strong>Zmena term\u00ednu zdarma, alebo 100\u202f% vr\u00e1tenie pe\u0148az\u00ed.<\/strong><br>Ak si nov\u00fd term\u00edn nevyberiete hne\u010f, dostanete voucher platn\u00fd 3 mesiace.<\/p>\n<\/div>\n<\/div>\n\n\n\n<div class=\"wp-block-column is-style-shadow has-background-background-color has-background is-layout-flow wp-container-core-column-is-layout-dba16a7e wp-block-column-is-layout-flow\" style=\"border-style:none;border-width:0px;padding-top:0;padding-right:0;padding-bottom:0;padding-left:0\">\n<div class=\"wp-block-group has-background-color has-text-color has-background has-global-padding is-layout-constrained wp-container-core-group-is-layout-4a803732 wp-block-group-is-layout-constrained\" style=\"border-top-left-radius:20px;border-top-right-radius:20px;background-color:#053c5c;padding-top:20px;padding-right:30px;padding-bottom:20px;padding-left:30px\">\n<div style=\"height:20px\" aria-hidden=\"true\" class=\"wp-block-spacer\"><\/div>\n\n\n\n<h3 class=\"wp-block-heading has-text-align-center has-white-color has-text-color\" style=\"font-size:clamp(18.959px, 1.185rem + ((1vw - 3.2px) * 1.15), 30px);\">3 \u2013 6 dn\u00ed pred za\u010dat\u00edm akcie<\/h3>\n\n\n\n<div style=\"height:20px\" aria-hidden=\"true\" class=\"wp-block-spacer\"><\/div>\n<\/div>\n\n\n\n<div class=\"wp-block-group has-global-padding is-layout-constrained wp-container-core-group-is-layout-c1694ee5 wp-block-group-is-layout-constrained\" style=\"border-style:none;border-width:0px;padding-top:40px;padding-right:40px;padding-bottom:40px;padding-left:40px\">\n<p class=\"has-text-align-center has-small-font-size\">Pok\u00fasime sa n\u00e1js\u0165 n\u00e1hradn\u00edkov \u2013 ak sa n\u00e1m to podar\u00ed, pon\u00fakneme V\u00e1m zmenu term\u00ednu alebo 100% vr\u00e1tenie pe\u0148az\u00ed. Ak n\u00e1hradn\u00edkov nen\u00e1jdeme, poskytneme v\u00e1m voucher vo v\u00fd\u0161ke 50 % z celkovej ceny. <\/p>\n<\/div>\n<\/div>\n\n\n\n<div class=\"wp-block-column is-style-shadow has-background-background-color has-background is-layout-flow wp-container-core-column-is-layout-dba16a7e wp-block-column-is-layout-flow\" style=\"border-style:none;border-width:0px;padding-top:0;padding-right:0;padding-bottom:0;padding-left:0\">\n<div class=\"wp-block-group has-background-color has-text-color has-background has-global-padding is-layout-constrained wp-container-core-group-is-layout-4a803732 wp-block-group-is-layout-constrained\" style=\"border-top-left-radius:20px;border-top-right-radius:20px;background-color:#ba9b37;padding-top:20px;padding-right:30px;padding-bottom:20px;padding-left:30px\">\n<div style=\"height:20px\" aria-hidden=\"true\" class=\"wp-block-spacer\"><\/div>\n\n\n\n<h3 class=\"wp-block-heading has-text-align-center has-white-color has-text-color\" style=\"font-size:clamp(18.959px, 1.185rem + ((1vw - 3.2px) * 1.15), 30px);\">Menej ne\u017e 2 dni pred akciou<\/h3>\n\n\n\n<div style=\"height:20px\" aria-hidden=\"true\" class=\"wp-block-spacer\"><\/div>\n<\/div>\n\n\n\n<div class=\"wp-block-group has-global-padding is-layout-constrained wp-container-core-group-is-layout-c1694ee5 wp-block-group-is-layout-constrained\" style=\"border-style:none;border-width:0px;padding-top:40px;padding-right:40px;padding-bottom:40px;padding-left:40px\">\n<p class=\"has-text-align-center has-small-font-size\">V pr\u00edpade zru\u0161enia rezerv\u00e1cie do 48 hod\u00edn pred za\u010diatkom alebo nepr\u00edchodu si <strong>\u00fa\u010dtujeme pln\u00fa cenu<\/strong> rezerv\u00e1cie. <\/p>\n<\/div>\n<\/div>\n<\/div>\n<\/div>\n\n\n\n<div class=\"wp-block-group alignfull has-white-background-color has-background has-global-padding is-layout-constrained wp-block-group-is-layout-constrained\">\n<p class=\"has-text-align-center\"><strong>\u2731<\/strong>&nbsp;<strong>Rezerv\u00e1cie s\u00fa prenosn\u00e9<\/strong><br>Ak sa nem\u00f4\u017eete z\u00fa\u010dastni\u0165, m\u00f4\u017eete svoju rezerv\u00e1ciu darova\u0165 niekomu in\u00e9mu. Sta\u010d\u00ed n\u00e1m vopred nap\u00edsa\u0165 meno nov\u00e9ho n\u00e1v\u0161tevn\u00edka.<\/p>\n\n\n\n<p class=\"has-text-align-center\"><strong>\u2731<\/strong>&nbsp;<strong>Zl\u00e9 po\u010dasie alebo in\u00e9 vy\u0161\u0161ie moci<\/strong><br>Ak by sme museli udalos\u0165 zru\u0161i\u0165 z na\u0161ej strany (napr. extr\u00e9mne po\u010dasie, zdravotn\u00e9 d\u00f4vody u zvierat), pon\u00fakneme v\u00e1m nov\u00fd term\u00edn alebo pln\u00fa refund\u00e1ciu.<\/p>\n\n\n\n<p class=\"has-text-align-center\"><strong>\u2731<\/strong>&nbsp;&#8222;<strong>Ako urob\u00edm storno?<\/strong>&#8222;<br>Prejdite do sekcie &#8218;Kontakt&#8216; kde n\u00e1jdete n\u00e1\u0161 Kontaktn\u00fd formul\u00e1r. Po vyplnen\u00ed tohto formul\u00e1ru V\u00e1m odp\u00ed\u0161eme prostredn\u00edctvom e-mailu. Odpoveda\u0165 sa st\u00e1le sna\u017e\u00edme \u010do najsk\u00f4r, no ka\u017ed\u00fa po\u017eiadavku rie\u0161ime individu\u00e1lne preto n\u00e1m to m\u00f4\u017ee chv\u00ed\u013eku trva\u0165, za \u010do sa vopred ospravedl\u0148ujeme a \u010fakujeme za pochopenie. Ak je Va\u0161a po\u017eiadavka \u010di ot\u00e1zka urgentn\u00e1, m\u00f4\u017eete sa na n\u00e1s obr\u00e1ti\u0165 aj na na\u0161om telef\u00f3nnom \u010d\u00edsle.<\/p>\n\n\n\n<p class=\"has-text-align-center\"><\/p>\n<\/div>\n\n\n\n<div class=\"wp-block-group alignfull pattern_multiple_covers has-background has-global-padding is-layout-constrained wp-block-group-is-layout-constrained\" id=\"services\" style=\"background-color:#ba9b37\">\n<p class=\"has-text-align-left has-primary-color has-text-color\" style=\"letter-spacing:1px\"><br><strong>\u2731 OBJAVTE OSTATN\u00c9 AKTIVITY S ALPAKAMI!<\/strong><\/p>\n\n\n\n<h2 class=\"wp-block-heading has-text-align-left\">Presk\u00famajte na\u0161e \u010fal\u0161ie aktivity&#8230;<\/h2>\n\n\n\n<div class=\"wp-block-columns is-layout-flex wp-container-core-columns-is-layout-28f84493 wp-block-columns-is-layout-flex\">\n<div class=\"wp-block-column is-layout-flow wp-block-column-is-layout-flow\" style=\"padding-top:0;padding-right:0;padding-bottom:0;padding-left:0\">\n<div class=\"wp-block-cover has-custom-content-position is-position-bottom-left\" style=\"border-radius:10px;padding-top:var(--wp--preset--spacing--small);padding-right:var(--wp--preset--spacing--x-small);padding-bottom:var(--wp--preset--spacing--small);padding-left:var(--wp--preset--spacing--x-small)\"><img loading=\"lazy\" decoding=\"async\" width=\"1024\" height=\"635\" class=\"wp-block-cover__image-background wp-image-2135 size-large\" alt=\"\" src=\"https:\/\/alpacafe.sk\/wp-content\/uploads\/2024\/09\/KP_21-1024x635.jpg\" data-object-fit=\"cover\" srcset=\"https:\/\/alpacafe.sk\/wp-content\/uploads\/2024\/09\/KP_21-1024x635.jpg 1024w, https:\/\/alpacafe.sk\/wp-content\/uploads\/2024\/09\/KP_21-300x186.jpg 300w, https:\/\/alpacafe.sk\/wp-content\/uploads\/2024\/09\/KP_21-2000x1240.jpg 2000w, https:\/\/alpacafe.sk\/wp-content\/uploads\/2024\/09\/KP_21-scaled-18x12.jpg 18w\" sizes=\"auto, (max-width: 1024px) 100vw, 1024px\" \/><span aria-hidden=\"true\" class=\"wp-block-cover__background has-primary-background-color has-background-dim-70 has-background-dim\"><\/span><div class=\"wp-block-cover__inner-container is-layout-flow wp-block-cover-is-layout-flow\">\n<h3 class=\"wp-block-heading has-white-color has-text-color has-medium-font-size\" style=\"margin-top:0;margin-right:0;margin-bottom:0;margin-left:0\">Feed &amp; Greet<\/h3>\n\n\n\n<p class=\"has-lightgrey-color has-text-color has-link-color wp-elements-96485ab22c369e3730a95be595d2a6ca\" style=\"margin-top:0;margin-right:0;margin-bottom:0;margin-left:0\"><a href=\"https:\/\/alpacafe.sk\/en\/feed-greet\/\">K\u0155menie a spozn\u00e1vanie na\u0161ich alp\u00e1k \u2192<\/a><\/p>\n<\/div><\/div>\n<\/div>\n\n\n\n<div class=\"wp-block-column is-layout-flow wp-block-column-is-layout-flow\">\n<div class=\"wp-block-cover has-custom-content-position is-position-bottom-left\" style=\"border-radius:3.3%;padding-top:var(--wp--preset--spacing--small);padding-right:var(--wp--preset--spacing--x-small);padding-bottom:var(--wp--preset--spacing--small);padding-left:var(--wp--preset--spacing--x-small)\"><img loading=\"lazy\" decoding=\"async\" width=\"936\" height=\"1024\" class=\"wp-block-cover__image-background wp-image-422 size-large\" alt=\"\" src=\"https:\/\/alpacafe.sk\/wp-content\/uploads\/2024\/02\/KP_62-2-936x1024.jpg\" data-object-fit=\"cover\" srcset=\"https:\/\/alpacafe.sk\/wp-content\/uploads\/2024\/02\/KP_62-2-936x1024.jpg 936w, https:\/\/alpacafe.sk\/wp-content\/uploads\/2024\/02\/KP_62-2-274x300.jpg 274w, https:\/\/alpacafe.sk\/wp-content\/uploads\/2024\/02\/KP_62-2-2000x2187.jpg 2000w, https:\/\/alpacafe.sk\/wp-content\/uploads\/2024\/02\/KP_62-2-scaled-11x12.jpg 11w\" sizes=\"auto, (max-width: 936px) 100vw, 936px\" \/><span aria-hidden=\"true\" class=\"wp-block-cover__background has-primary-background-color has-background-dim-70 has-background-dim\"><\/span><div class=\"wp-block-cover__inner-container is-layout-flow wp-block-cover-is-layout-flow\">\n<h3 class=\"wp-block-heading has-white-color has-text-color has-medium-font-size\" style=\"margin-top:0;margin-right:0;margin-bottom:0;margin-left:0\">Prech\u00e1dzka s alpakami<\/h3>\n\n\n\n<p class=\"has-lightgrey-color has-text-color has-link-color wp-elements-2f4bd5199c8966f5c19694d8e7ba2b02\" style=\"margin-top:0;margin-right:0;margin-bottom:0;margin-left:0\"><a href=\"https:\/\/alpacafe.sk\/en\/cajova-party\/\" data-type=\"link\" data-id=\"https:\/\/alpacafe.sk\/sk\/cajova-party\/\"><\/a><a href=\"https:\/\/alpacafe.sk\/en\/nachos-feed-greet\/\">Prejdite sa s alpakami v na\u0161om parku \u2192<\/a><\/p>\n<\/div><\/div>\n<\/div>\n\n\n\n<div class=\"wp-block-column is-layout-flow wp-block-column-is-layout-flow\" style=\"padding-top:0;padding-right:0;padding-bottom:0;padding-left:0\">\n<div class=\"wp-block-cover has-custom-content-position is-position-bottom-left\" style=\"border-radius:10px;padding-top:var(--wp--preset--spacing--small);padding-right:var(--wp--preset--spacing--x-small);padding-bottom:var(--wp--preset--spacing--small);padding-left:var(--wp--preset--spacing--x-small)\"><img loading=\"lazy\" decoding=\"async\" width=\"1707\" height=\"2560\" class=\"wp-block-cover__image-background wp-image-1084\" alt=\"\" src=\"https:\/\/alpacafe.sk\/wp-content\/uploads\/2024\/06\/KP_32-scaled.jpg\" style=\"object-position:50% 9%\" data-object-fit=\"cover\" data-object-position=\"50% 9%\" srcset=\"https:\/\/alpacafe.sk\/wp-content\/uploads\/2024\/06\/KP_32-scaled.jpg 1707w, https:\/\/alpacafe.sk\/wp-content\/uploads\/2024\/06\/KP_32-200x300.jpg 200w, https:\/\/alpacafe.sk\/wp-content\/uploads\/2024\/06\/KP_32-683x1024.jpg 683w, https:\/\/alpacafe.sk\/wp-content\/uploads\/2024\/06\/KP_32-2000x3000.jpg 2000w, https:\/\/alpacafe.sk\/wp-content\/uploads\/2024\/06\/KP_32-scaled-8x12.jpg 8w, https:\/\/alpacafe.sk\/wp-content\/uploads\/2024\/06\/KP_32-scaled-600x900.jpg 600w\" sizes=\"auto, (max-width: 1707px) 100vw, 1707px\" \/><span aria-hidden=\"true\" class=\"wp-block-cover__background has-primary-background-color has-background-dim-70 has-background-dim\"><\/span><div class=\"wp-block-cover__inner-container is-layout-flow wp-block-cover-is-layout-flow\">\n<h3 class=\"wp-block-heading has-white-color has-text-color has-medium-font-size\" style=\"margin-top:0;margin-right:0;margin-bottom:0;margin-left:0\">Double Date<\/h3>\n\n\n\n<p class=\"has-lightgrey-color has-text-color has-link-color wp-elements-877673abf5ddd0e0ea9faf50b4528cb2\" style=\"margin-top:0;margin-right:0;margin-bottom:0;margin-left:0\"><a href=\"https:\/\/alpacafe.sk\/en\/cajova-party\/\" data-type=\"link\" data-id=\"https:\/\/alpacafe.sk\/sk\/cajova-party\/\"><\/a><a href=\"https:\/\/alpacafe.sk\/en\/double-date\/\">Ve\u010dern\u00e1 prech\u00e1dzka a k\u0155menie alp\u00e1k \u2192<\/a><\/p>\n<\/div><\/div>\n<\/div>\n<\/div>\n\n\n\n<div style=\"height:103px\" aria-hidden=\"true\" class=\"wp-block-spacer\"><\/div>\n<\/div>","protected":false},"excerpt":{"rendered":"<p>Ra\u0148ajkov\u00e1 terapia s alpakami \u2731&nbsp;Rann\u00e1 prech\u00e1dzka a k\u0155menie alp\u00e1k V AlpaCaf\u00e9 ver\u00edme, \u017ee ka\u017ed\u00e9 r\u00e1no by malo by\u0165 pln\u00e9 pozit\u00edvnej energie. Preto sme si pre v\u00e1s pripravili jedine\u010dn\u00fa aktivitu &#8211; ra\u0148ajky s alpakami. Metabolizmus na\u0161tartujeme kr\u00e1tkym ven\u010den\u00edm alp\u00e1k spojen\u00fdm s prech\u00e1dzkou po are\u00e1li. N\u00e1sledne budete ma\u0165 kopec \u010dasu na k\u0155menie a hladkanie alp\u00e1k a vytvorenie &hellip; <\/p>\n<p class=\"link-more\"><a href=\"http:\/\/alpacafe.sk\/en\/ranajky-s-alpakami\/\" class=\"more-link\">Read more<span class=\"screen-reader-text\"> &#8222;Ra\u0148ajky s alpakami&#8220;<\/span><\/a><\/p>","protected":false},"author":1,"featured_media":0,"parent":0,"menu_order":0,"comment_status":"closed","ping_status":"closed","template":"","meta":{"footnotes":""},"class_list":["post-99","page","type-page","status-publish","hentry"],"_links":{"self":[{"href":"http:\/\/alpacafe.sk\/en\/wp-json\/wp\/v2\/pages\/99","targetHints":{"allow":["GET"]}}],"collection":[{"href":"http:\/\/alpacafe.sk\/en\/wp-json\/wp\/v2\/pages"}],"about":[{"href":"http:\/\/alpacafe.sk\/en\/wp-json\/wp\/v2\/types\/page"}],"author":[{"embeddable":true,"href":"http:\/\/alpacafe.sk\/en\/wp-json\/wp\/v2\/users\/1"}],"replies":[{"embeddable":true,"href":"http:\/\/alpacafe.sk\/en\/wp-json\/wp\/v2\/comments?post=99"}],"version-history":[{"count":33,"href":"http:\/\/alpacafe.sk\/en\/wp-json\/wp\/v2\/pages\/99\/revisions"}],"predecessor-version":[{"id":4253,"href":"http:\/\/alpacafe.sk\/en\/wp-json\/wp\/v2\/pages\/99\/revisions\/4253"}],"wp:attachment":[{"href":"http:\/\/alpacafe.sk\/en\/wp-json\/wp\/v2\/media?parent=99"}],"curies":[{"name":"wp","href":"https:\/\/api.w.org\/{rel}","templated":true}]}}