{"id":3542,"date":"2025-05-01T16:19:52","date_gmt":"2025-05-01T16:19:52","guid":{"rendered":"https:\/\/alpacafe.sk\/?page_id=3542"},"modified":"2025-06-08T10:59:21","modified_gmt":"2025-06-08T10:59:21","slug":"alpaca-therapy","status":"publish","type":"page","link":"http:\/\/alpacafe.sk\/en\/alpaca-therapy\/","title":{"rendered":"Alpaca Therapy"},"content":{"rendered":"<div class=\"wp-block-cover alignfull has-parallax\" style=\"min-height:100vh;aspect-ratio:unset;\"><div class=\"wp-block-cover__image-background wp-image-1108 size-large has-parallax\" style=\"background-position:50% 50%;background-image:url(https:\/\/alpacafe.sk\/wp-content\/uploads\/2024\/06\/KP_28-1024x683.jpg)\"><\/div><span aria-hidden=\"true\" class=\"wp-block-cover__background has-primary-background-color has-background-dim\"><\/span><div class=\"wp-block-cover__inner-container is-layout-flow wp-block-cover-is-layout-flow\">\n<p class=\"has-text-align-center has-white-color has-text-color\" style=\"font-size:clamp(37.821px, 2.364rem + ((1vw - 3.2px) * 3.352), 70px);font-style:normal;font-weight:900\"><strong>Alpaca Therapy o.z.<\/strong><\/p>\n\n\n\n<p class=\"has-text-align-center has-white-color has-text-color has-medium-font-size\" style=\"letter-spacing:1px\">Na\u0161\u00edm cie\u013eom je pon\u00faknu\u0165 v\u00e1m miesto, kde sa m\u00f4\u017eete spoji\u0165 s pr\u00edrodou a alpakami v pr\u00edtomnosti, ktor\u00e1 lie\u010di a upokojuje.<br>Nejde len o z\u00e1\u017eitky, ale o sk\u00fasenosti, ktor\u00e9 v\u00e1s vr\u00e1tia k pocitu vn\u00fatornej rovnov\u00e1hy.<\/p>\n<\/div><\/div>\n\n\n\n<div class=\"wp-block-group alignfull has-white-background-color has-background has-global-padding is-layout-constrained wp-block-group-is-layout-constrained\" style=\"padding-top:var(--wp--preset--spacing--small);padding-bottom:var(--wp--preset--spacing--small)\">\n<div class=\"wp-block-columns is-layout-flex wp-container-core-columns-is-layout-7db7aa3e wp-block-columns-is-layout-flex\" style=\"padding-right:0;padding-left:0\">\n<div class=\"wp-block-column is-vertically-aligned-center is-layout-flow wp-block-column-is-layout-flow\">\n<h2 class=\"wp-block-heading has-text-color has-link-color has-small-font-size wp-elements-94392a4952a4ca7974120fbf7a27b1e9\" style=\"color:#bd9e39;text-transform:uppercase\"><strong>ALPACA THERAPY O.Z.<\/strong><\/h2>\n\n\n\n<p><strong>\u2731<\/strong> <strong>\u010co je Alpaka Terapia?<\/strong><\/p>\n\n\n\n<p>Alpaka terapia je forma terapie za pomoci zvierat, ktor\u00e1 vyu\u017e\u00edva upokojuj\u00facu pr\u00edtomnos\u0165 a jemn\u00fa povahu alp\u00e1k na podporu \u013eud\u00ed v procese zotavovania \u010di vn\u00fatorn\u00e9ho uzdravenia. Vych\u00e1dza z hlbok\u00e9ho spojenia \u010dloveka s pr\u00edrodou a prin\u00e1\u0161a so sebou mno\u017estvo emocion\u00e1lnych aj fyzick\u00fdch benefitov.<\/p>\n\n\n\n<p>Alpaky s\u00fa zn\u00e1me svoj\u00edm mierumilovn\u00fdm a priate\u013esk\u00fdm spr\u00e1van\u00edm. U\u017e samotn\u00e1 ich pr\u00edtomnos\u0165 dok\u00e1\u017ee zn\u00ed\u017ei\u0165 hladinu stresu, navodi\u0165 pocit pokoja a pom\u00f4c\u0165 pri prekon\u00e1van\u00ed \u00fazkost\u00ed \u010di psychick\u00e9ho vy\u010derpania. Stretnutie s alpakou \u010dasto znamen\u00e1 chv\u00ed\u013eu, kedy sa \u010dlovek m\u00f4\u017ee zastavi\u0165, nad\u00fdchnu\u0165 a na okamih vypn\u00fa\u0165 od ka\u017edodenn\u00e9ho zhonu.<\/p>\n\n\n\n<p>Terapia prebieha v pr\u00edrodnom, uvo\u013enenom prostred\u00ed, ktor\u00e9 samo o sebe p\u00f4sob\u00ed lie\u010divo. \u00da\u010dastn\u00edci sa m\u00f4\u017eu s alpakami prech\u00e1dza\u0165, k\u0155mi\u0165 ich, pohladi\u0165 ich alebo len tak by\u0165 v ich bl\u00edzkosti. Tak\u00e9to interakcie prin\u00e1\u0161aj\u00fa nielen rados\u0165 a upokojenie, ale aj posilnenie spojenia s pr\u00edrodou a uvedomenie si jej lie\u010divej sily.<\/p>\n<\/div>\n\n\n\n<div class=\"wp-block-column is-vertically-aligned-center is-layout-flow wp-block-column-is-layout-flow\">\n<figure class=\"wp-block-image alignwide size-large\"><img loading=\"lazy\" decoding=\"async\" width=\"1024\" height=\"984\" src=\"https:\/\/alpacafe.sk\/wp-content\/uploads\/2025\/05\/Snimka-obrazovky-2025-05-01-o-19.02.36-1024x984.png\" alt=\"\" class=\"wp-image-3557\" srcset=\"https:\/\/alpacafe.sk\/wp-content\/uploads\/2025\/05\/Snimka-obrazovky-2025-05-01-o-19.02.36-1024x984.png 1024w, https:\/\/alpacafe.sk\/wp-content\/uploads\/2025\/05\/Snimka-obrazovky-2025-05-01-o-19.02.36-300x288.png 300w, https:\/\/alpacafe.sk\/wp-content\/uploads\/2025\/05\/Snimka-obrazovky-2025-05-01-o-19.02.36-12x12.png 12w, https:\/\/alpacafe.sk\/wp-content\/uploads\/2025\/05\/Snimka-obrazovky-2025-05-01-o-19.02.36.png 1278w\" sizes=\"auto, (max-width: 1024px) 100vw, 1024px\" \/><\/figure>\n<\/div>\n<\/div>\n<\/div>\n\n\n\n<div class=\"wp-block-columns is-layout-flex wp-container-core-columns-is-layout-28f84493 wp-block-columns-is-layout-flex\">\n<div class=\"wp-block-column is-vertically-aligned-center is-layout-flow wp-block-column-is-layout-flow\" style=\"flex-basis:50%\">\n<figure class=\"wp-block-image aligncenter size-large is-resized has-custom-border\"><img loading=\"lazy\" decoding=\"async\" width=\"1921\" height=\"2560\" src=\"https:\/\/alpacafe.sk\/wp-content\/uploads\/2025\/05\/KP_29-edited-scaled.jpg\" alt=\"\" class=\"wp-image-3560\" style=\"border-radius:20px;width:422px;height:auto\" srcset=\"https:\/\/alpacafe.sk\/wp-content\/uploads\/2025\/05\/KP_29-edited-scaled.jpg 1921w, https:\/\/alpacafe.sk\/wp-content\/uploads\/2025\/05\/KP_29-edited-225x300.jpg 225w, https:\/\/alpacafe.sk\/wp-content\/uploads\/2025\/05\/KP_29-edited-768x1024.jpg 768w, https:\/\/alpacafe.sk\/wp-content\/uploads\/2025\/05\/KP_29-edited-2000x2665.jpg 2000w, https:\/\/alpacafe.sk\/wp-content\/uploads\/2025\/05\/KP_29-edited-scaled-9x12.jpg 9w\" sizes=\"auto, (max-width: 1921px) 100vw, 1921px\" \/><\/figure>\n<\/div>\n\n\n\n<div class=\"wp-block-column is-layout-flow wp-block-column-is-layout-flow\" style=\"flex-basis:50%\">\n<div class=\"wp-block-group alignfull has-white-background-color has-background has-global-padding is-layout-constrained wp-block-group-is-layout-constrained\" style=\"padding-top:var(--wp--preset--spacing--small);padding-bottom:var(--wp--preset--spacing--small)\">\n<div class=\"wp-block-columns is-layout-flex wp-container-core-columns-is-layout-7db7aa3e wp-block-columns-is-layout-flex\" style=\"padding-right:0;padding-left:0\">\n<div class=\"wp-block-column is-vertically-aligned-center is-layout-flow wp-block-column-is-layout-flow\">\n<p><strong>\u2731<\/strong> <strong>Povaha a spr\u00e1vanie alp\u00e1k<\/strong><\/p>\n\n\n\n<p>Alpaky si \u013eud\u00ed z\u00edskavaj\u00fa nielen svoj\u00edm p\u00f4vabom, ale aj v\u00fdnimo\u010dnou povahou. S\u00fa zvedav\u00e9, priate\u013esk\u00e9 a jemne plach\u00e9 \u2013 no nie bojazliv\u00e9. Ide o spolo\u010densk\u00e9 zvierat\u00e1, ktor\u00e9 prirodzene \u017eij\u00fa v st\u00e1de, kde vytv\u00e1raj\u00fa siln\u00e9 v\u00e4zby a re\u0161pektuj\u00fa hierarchiu. T\u00e1to kombin\u00e1cia vlastnost\u00ed z nich rob\u00ed ob\u013e\u00faben\u00fdch spolo\u010dn\u00edkov \u2013 nielen medzi milovn\u00edkmi zvierat, ale aj medzi chovate\u013emi a terapeutmi.<\/p>\n\n\n\n<p>Alpaky s\u00fa ochran\u00e1rske vo\u010di svojmu st\u00e1du, inteligentn\u00e9 a pomerne \u013eahko cvi\u010dite\u013en\u00e9. Hoci s\u00fa v\u00e4\u010d\u0161inu \u010dasu pokojn\u00e9, k cudz\u00edm osob\u00e1m pristupuj\u00fa opatrne. Ich vn\u00edmavos\u0165 a citlivos\u0165 im v\u0161ak umo\u017e\u0148uje r\u00fdchlo si vybudova\u0165 d\u00f4veru \u2013 najm\u00e4 ak s nimi jedn\u00e1me s re\u0161pektom a pokojom.<\/p>\n\n\n\n<p>Jednou z najzauj\u00edmavej\u0161\u00edch \u010d\u0155t alp\u00e1k je ich inteligencia. R\u00fdchlo sa u\u010dia a dobre reaguj\u00fa na komunik\u00e1ciu s \u010dlovekom. Pr\u00e1ve v\u010faka tejto schopnosti sa stali ob\u013e\u00faben\u00fdmi terapeutick\u00fdmi zvieratami a ide\u00e1lnymi spolo\u010dn\u00edkmi na prech\u00e1dzky, z\u00e1\u017eitkov\u00e9 programy \u010di in\u00e9 rekrea\u010dn\u00e9 aktivity.<\/p>\n<\/div>\n<\/div>\n<\/div>\n<\/div>\n<\/div>\n\n\n\n<div class=\"wp-block-group has-global-padding is-layout-constrained wp-block-group-is-layout-constrained\">\n<div class=\"wp-block-group is-layout-flow wp-block-group-is-layout-flow\">\n<p><\/p>\n\n\n\n<p class=\"has-text-align-center has-text-color\" style=\"color:#bd9e39\"><strong><strong>\u2731<\/strong><\/strong> <strong>S \u010c\u00cdM VIE ALPAKA TERAPIA POM\u00d4C\u0164?<\/strong><\/p>\n\n\n\n<h3 class=\"wp-block-heading has-text-align-center has-large-font-size\">Benefity Alpaka Terapie<\/h3>\n\n\n\n<div class=\"wp-block-columns is-layout-flex wp-container-core-columns-is-layout-28f84493 wp-block-columns-is-layout-flex\">\n<div class=\"wp-block-column is-style-default is-layout-flow wp-block-column-is-layout-flow\" style=\"border-style:none;border-width:0px;padding-top:0;padding-right:0;padding-bottom:0;padding-left:0\">\n<div class=\"wp-block-outermost-icon-block aligncenter items-justified-center\"><div class=\"icon-container has-icon-color\" style=\"color:#0bb4aa;width:48px;transform:rotate(0deg) scaleX(1) scaleY(1)\"><svg width=\"50\" height=\"50\" viewbox=\"0 0 50 50\" fill=\"none\" xmlns=\"https:\/\/www.w3.org\/2000\/svg\"><path d=\"M50 27.7778H31.6667L44.7222 40.8333L40.8333 44.7222L27.7778 31.6667V50H22.2222V31.3889L9.16667 44.4444L5.27778 40.5556L17.7778 27.7778H0V22.2222H18.3333L5.27778 9.16667L9.16667 5.27778L22.2222 18.3333V0H27.7778V17.7778L40.5556 5L44.4444 9.16667L31.3889 22.2222H50V27.7778Z\" fill=\"var(--wp--preset--color--primary)\"><\/path><\/svg><\/div><\/div>\n\n\n\n<h2 class=\"wp-block-heading has-text-align-center\">Redukcia stresu<\/h2>\n\n\n\n<p class=\"has-text-align-center\">Jedn\u00fdm z najv\u00fdraznej\u0161\u00edch \u00fa\u010dinkov alpaka terapie je zn\u00ed\u017eenie stresu. Pokojn\u00e1 povaha alp\u00e1k sa prirodzene pren\u00e1\u0161a na \u013eud\u00ed, ktor\u00ed s nimi tr\u00e1via \u010das. U\u017e aj kr\u00e1tky kontakt so zviera\u0165om dok\u00e1\u017ee zn\u00ed\u017ei\u0165 hladinu kortizolu \u2013 stresov\u00e9ho horm\u00f3nu \u2013 v tele. Alpaky s\u00fa v tomto smere mimoriadne \u00fa\u010dinn\u00e9, preto\u017ee ich pokojn\u00e1 energia a jemn\u00fd temperament navodzuj\u00fa pocit bezpe\u010dia a komfortu.<\/p>\n<\/div>\n\n\n\n<div class=\"wp-block-column is-style-default is-layout-flow wp-block-column-is-layout-flow\" style=\"border-style:none;border-width:0px;padding-top:0;padding-right:0;padding-bottom:0;padding-left:0\">\n<div class=\"wp-block-outermost-icon-block aligncenter items-justified-center\"><div class=\"icon-container has-icon-color\" style=\"color:#0bb4aa;width:48px;transform:rotate(0deg) scaleX(1) scaleY(1)\"><svg width=\"50\" height=\"50\" viewbox=\"0 0 50 50\" fill=\"none\" xmlns=\"https:\/\/www.w3.org\/2000\/svg\"><path d=\"M50 27.7778H31.6667L44.7222 40.8333L40.8333 44.7222L27.7778 31.6667V50H22.2222V31.3889L9.16667 44.4444L5.27778 40.5556L17.7778 27.7778H0V22.2222H18.3333L5.27778 9.16667L9.16667 5.27778L22.2222 18.3333V0H27.7778V17.7778L40.5556 5L44.4444 9.16667L31.3889 22.2222H50V27.7778Z\" fill=\"var(--wp--preset--color--primary)\"><\/path><\/svg><\/div><\/div>\n\n\n\n<h2 class=\"wp-block-heading has-text-align-center\">Emocion\u00e1lna opora<\/h2>\n\n\n\n<p class=\"has-text-align-center\">Okrem zn\u00ed\u017eenia stresu poskytuj\u00fa alpaky emocion\u00e1lnu oporu pre \u013eud\u00ed, ktor\u00ed prech\u00e1dzaj\u00fa \u00fazkos\u0165ou, sm\u00fatkom alebo n\u00e1ro\u010dn\u00fdm obdob\u00edm. Ich nen\u00e1ro\u010dn\u00e1 pr\u00edtomnos\u0165, dotyk \u010di tich\u00e1 bl\u00edzkos\u0165 m\u00f4\u017eu vytvori\u0165 priestor pre upokojenie a vn\u00fatorn\u00fa stabilitu. Mnoh\u00fdm \u013eu\u010fom pom\u00e1ha u\u017e samotn\u00e1 mo\u017enos\u0165 nadviaza\u0165 vz\u0165ah s t\u00fdmito zvieratami ako prv\u00fd krok k uzdraveniu.<\/p>\n<\/div>\n\n\n\n<div class=\"wp-block-column is-style-default is-layout-flow wp-block-column-is-layout-flow\" style=\"border-style:none;border-width:0px;padding-top:0;padding-right:0;padding-bottom:0;padding-left:0\">\n<div class=\"wp-block-outermost-icon-block aligncenter items-justified-center\"><div class=\"icon-container has-icon-color\" style=\"color:#0bb4aa;width:48px;transform:rotate(0deg) scaleX(1) scaleY(1)\"><svg width=\"50\" height=\"50\" viewbox=\"0 0 50 50\" fill=\"none\" xmlns=\"https:\/\/www.w3.org\/2000\/svg\"><path d=\"M50 27.7778H31.6667L44.7222 40.8333L40.8333 44.7222L27.7778 31.6667V50H22.2222V31.3889L9.16667 44.4444L5.27778 40.5556L17.7778 27.7778H0V22.2222H18.3333L5.27778 9.16667L9.16667 5.27778L22.2222 18.3333V0H27.7778V17.7778L40.5556 5L44.4444 9.16667L31.3889 22.2222H50V27.7778Z\" fill=\"var(--wp--preset--color--primary)\"><\/path><\/svg><\/div><\/div>\n\n\n\n<h2 class=\"wp-block-heading has-text-align-center\">Terapeutick\u00ed spolo\u010dn\u00edci<\/h2>\n\n\n\n<p class=\"has-text-align-center\">Alpaky s\u00fa prirodzene vn\u00edmav\u00e9 a dok\u00e1\u017eu citlivo reagova\u0165 na emocion\u00e1lny stav \u010dloveka. V\u010faka tejto ich schopnosti sa st\u00e1vaj\u00fa v\u00fdnimo\u010dn\u00fdmi partnermi v terapeutick\u00fdch procesoch. V kombin\u00e1cii s odborn\u00fdm veden\u00edm m\u00f4\u017eu pom\u00f4c\u0165 prekona\u0165 komunika\u010dn\u00e9 bari\u00e9ry a otvori\u0165 cestu k hlb\u0161iemu pochopeniu vlastn\u00e9ho pre\u017e\u00edvania.<\/p>\n<\/div>\n<\/div>\n<\/div>\n<\/div>\n\n\n\n<div id=\"team\" class=\"wp-block-group has-global-padding is-layout-constrained wp-block-group-is-layout-constrained\">\n<div class=\"wp-block-group is-layout-flow wp-block-group-is-layout-flow\">\n<h2 class=\"wp-block-heading has-large-font-size\"><\/h2>\n\n\n\n<figure class=\"wp-block-image alignfull size-large\"><img loading=\"lazy\" decoding=\"async\" width=\"1024\" height=\"726\" src=\"https:\/\/alpacafe.sk\/wp-content\/uploads\/2025\/05\/AlpaCafe-menu-NEW-\u2013-kopia-148-x-105-mm-2-kopia-1024x726.png\" alt=\"\" class=\"wp-image-3532\" srcset=\"https:\/\/alpacafe.sk\/wp-content\/uploads\/2025\/05\/AlpaCafe-menu-NEW-\u2013-kopia-148-x-105-mm-2-kopia-1024x726.png 1024w, https:\/\/alpacafe.sk\/wp-content\/uploads\/2025\/05\/AlpaCafe-menu-NEW-\u2013-kopia-148-x-105-mm-2-kopia-300x213.png 300w, https:\/\/alpacafe.sk\/wp-content\/uploads\/2025\/05\/AlpaCafe-menu-NEW-\u2013-kopia-148-x-105-mm-2-kopia-18x12.png 18w, https:\/\/alpacafe.sk\/wp-content\/uploads\/2025\/05\/AlpaCafe-menu-NEW-\u2013-kopia-148-x-105-mm-2-kopia.png 1748w\" sizes=\"auto, (max-width: 1024px) 100vw, 1024px\" \/><\/figure>\n\n\n\n<div class=\"wp-block-group alignfull has-white-background-color has-background has-global-padding is-layout-constrained wp-block-group-is-layout-constrained\" style=\"padding-top:var(--wp--preset--spacing--small);padding-bottom:var(--wp--preset--spacing--small)\">\n<div class=\"wp-block-columns is-layout-flex wp-container-core-columns-is-layout-7db7aa3e wp-block-columns-is-layout-flex\" style=\"padding-right:0;padding-left:0\">\n<div class=\"wp-block-column is-vertically-aligned-center is-layout-flow wp-block-column-is-layout-flow\">\n<h2 class=\"wp-block-heading has-medium-font-size\" style=\"text-transform:uppercase\">Ako terapia prebieha?<\/h2>\n\n\n\n<p>Na\u0161e alpaka terapie prebiehaj\u00fa v pokojnom prostred\u00ed pr\u00edrody, kde sa spoma\u013euje \u010das a v\u0161etko sa na chv\u00ed\u013eu st\u00ed\u0161i. Z\u00e1le\u017e\u00ed n\u00e1m na tom, aby ste sa u n\u00e1s c\u00edtili prijat\u00ed, bezpe\u010dne a prirodzene \u2013 bez tlaku, len v pr\u00edtomnosti zvierat a s re\u0161pektom vo\u010di vlastn\u00e9mu tempu.<\/p>\n\n\n\n<p><strong>\u2731<\/strong>&nbsp;<strong>\u00davodn\u00e9 priv\u00edtanie<\/strong><br>Stretneme sa pri na\u0161om bistre AlpaCaf\u00e9, kde v\u00e1s priv\u00edtame a v kr\u00e1tkosti v\u00e1m predstav\u00edme, \u010do v\u00e1s \u010dak\u00e1. Zozn\u00e1mite sa s alp\u00e1kami a dostanete z\u00e1kladn\u00e9 in\u0161trukcie, ako s nimi bezpe\u010dne a s l\u00e1skou komunikova\u0165.<\/p>\n\n\n\n<p><strong>\u2731<\/strong>&nbsp;<strong>Terapia s alpakami<\/strong><br>Pod\u013ea typu aktivity v\u00e1s \u010dak\u00e1 bu\u010f pokojn\u00e9 k\u0155menie a oddych v pr\u00edtomnosti alp\u00e1k, prech\u00e1dzka v pr\u00edrode, alebo kombin\u00e1cia oboch. Ka\u017ed\u00e1 terapia je veden\u00e1 s oh\u013eadom na potreby n\u00e1v\u0161tevn\u00edka \u2013 \u010di u\u017e h\u013ead\u00e1 ticho, jemn\u00fd dotyk, smiech, alebo uvo\u013enenie.<\/p>\n\n\n\n<p><strong>\u2731<\/strong>&nbsp;<strong>\u010cas pre seba<\/strong><br>Na z\u00e1ver si m\u00f4\u017eete v pokoji odd\u00fdchnu\u0165 v are\u00e1li, porozpr\u00e1va\u0165 sa s nami o tom, \u010do ste pre\u017eili, alebo si da\u0165 tepl\u00fd n\u00e1poj \u010di in\u00e9 ob\u010derstvenie v kaviarni. Terapia nie je o v\u00fdkone \u2013 je o byt\u00ed. A vy ste v\u00edtan\u00ed presne tak\u00ed, ak\u00ed ste.<\/p>\n\n\n\n<p><strong>\u2731<\/strong>&nbsp;<strong>Individu\u00e1lny pr\u00edstup<\/strong><br>Ak m\u00e1te \u0161pecifick\u00e9 potreby, priania, alebo z\u00e1ujem o individu\u00e1lne terapeutick\u00e9 stretnutie, nev\u00e1hajte n\u00e1s kontaktova\u0165. Radi v\u00e1m terapiu prisp\u00f4sob\u00edme tak, aby \u010do najviac vyhovovala pr\u00e1ve v\u00e1m.<\/p>\n<\/div>\n\n\n\n<div class=\"wp-block-column is-vertically-aligned-center is-layout-flow wp-block-column-is-layout-flow\">\n<figure class=\"wp-block-image aligncenter size-full is-resized has-custom-border\"><img loading=\"lazy\" decoding=\"async\" width=\"667\" height=\"1000\" src=\"https:\/\/alpacafe.sk\/wp-content\/uploads\/2024\/01\/coco_ht_web.jpg\" alt=\"Alpaka Lima\" class=\"wp-image-78\" style=\"border-radius:20px;width:409px;height:auto\" srcset=\"https:\/\/alpacafe.sk\/wp-content\/uploads\/2024\/01\/coco_ht_web.jpg 667w, https:\/\/alpacafe.sk\/wp-content\/uploads\/2024\/01\/coco_ht_web-600x900.jpg 600w, https:\/\/alpacafe.sk\/wp-content\/uploads\/2024\/01\/coco_ht_web-200x300.jpg 200w, https:\/\/alpacafe.sk\/wp-content\/uploads\/2024\/01\/coco_ht_web-8x12.jpg 8w\" sizes=\"auto, (max-width: 667px) 100vw, 667px\" \/><\/figure>\n<\/div>\n<\/div>\n<\/div>\n<\/div>\n<\/div>\n\n\n\n<div class=\"wp-block-group alignfull has-lightgrey-background-color has-background has-global-padding is-layout-constrained wp-block-group-is-layout-constrained\" style=\"padding-top:var(--wp--preset--spacing--small);padding-bottom:var(--wp--preset--spacing--small)\">\n<div class=\"wp-block-columns is-layout-flex wp-container-core-columns-is-layout-7db7aa3e wp-block-columns-is-layout-flex\" style=\"padding-right:0;padding-left:0\">\n<div class=\"wp-block-column is-vertically-aligned-center is-layout-flow wp-block-column-is-layout-flow\">\n<h2 class=\"wp-block-heading has-text-color has-link-color has-small-font-size wp-elements-2d0ea4debba9c8e43d3311d18ea8385f\" style=\"color:#bd9e39;text-transform:uppercase\"><strong>Z\u00e1\u017eitok, ktor\u00fd lie\u010di srdce<\/strong><\/h2>\n\n\n\n<p><strong>\u2731<\/strong> <strong>Alpaka terapia pre ka\u017ed\u00e9ho<\/strong><\/p>\n\n\n\n<p>V\u00a0<strong>Alpaca Therapy o.z.<\/strong>\u00a0ver\u00edme, \u017ee kontakt so zvieratami m\u00f4\u017ee prinies\u0165 \u00fa\u013eavu, pokoj a rados\u0165 aj t\u00fdm, <strong>ktor\u00ed to najviac potrebuj\u00fa<\/strong>. Preto\u00a0pravidelne organizujeme bezplatn\u00e9 alebo zv\u00fdhodnen\u00e9 terapeutick\u00e9 stretnutia s alpakami\u00a0pre:<\/p>\n\n\n\n<ul class=\"wp-block-list\">\n<li>Deti z detsk\u00fdch domovov<\/li>\n\n\n\n<li>Pacientov z nemocn\u00edc, lie\u010debn\u00ed \u010di rehabilita\u010dn\u00fdch centier<\/li>\n\n\n\n<li>\u013dud\u00ed so zdravotn\u00fdm znev\u00fdhodnen\u00edm<\/li>\n\n\n\n<li>Jednotlivcov alebo skupiny v n\u00e1ro\u010dnej \u017eivotnej situ\u00e1cii<\/li>\n<\/ul>\n\n\n\n<p>Tieto stretnutia m\u00f4\u017eu ma\u0165 formu jemnej interakcie, prech\u00e1dzky s alpakami, k\u0155menia \u010di len tich\u00e9ho bytia v ich pr\u00edtomnosti \u2013 pod\u013ea potrieb konkr\u00e9tnej skupiny alebo jednotlivca.<\/p>\n\n\n\n<p><strong>\u2731<\/strong> <strong>Chcete sa prihl\u00e1si\u0165 alebo navrhn\u00fa\u0165 skupinu?<\/strong><\/p>\n\n\n\n<p>Ak zastupujete in\u0161tit\u00faciu, zariadenie, alebo m\u00e1te vo svojom okol\u00ed niekoho, kto by r\u00e1d vyu\u017eil t\u00fato iniciat\u00edvu,\u00a0ozvite sa n\u00e1m cez jednoduch\u00fd formul\u00e1r ni\u017e\u0161ie.\u00a0Po prijat\u00ed va\u0161ej spr\u00e1vy sa v\u00e1m ozveme, aby sme si dohodli konkr\u00e9tny term\u00edn a formu stretnutia.<\/p>\n<\/div>\n\n\n\n<div class=\"wp-block-column is-vertically-aligned-center is-layout-flow wp-block-column-is-layout-flow\">\n<figure class=\"wp-block-image alignwide size-full has-custom-border\"><img loading=\"lazy\" decoding=\"async\" width=\"667\" height=\"1000\" src=\"https:\/\/alpacafe.sk\/wp-content\/uploads\/2024\/01\/coco_ht_web.jpg\" alt=\"Alpaka Lima\" class=\"wp-image-78\" style=\"border-style:none;border-width:0px;border-radius:13px\" srcset=\"https:\/\/alpacafe.sk\/wp-content\/uploads\/2024\/01\/coco_ht_web.jpg 667w, https:\/\/alpacafe.sk\/wp-content\/uploads\/2024\/01\/coco_ht_web-600x900.jpg 600w, https:\/\/alpacafe.sk\/wp-content\/uploads\/2024\/01\/coco_ht_web-200x300.jpg 200w, https:\/\/alpacafe.sk\/wp-content\/uploads\/2024\/01\/coco_ht_web-8x12.jpg 8w\" sizes=\"auto, (max-width: 667px) 100vw, 667px\" \/><\/figure>\n<\/div>\n<\/div>\n<\/div>\n\n\n\n<form method=\"post\" class=\"wp-block-gutena-forms gutena-forms-contact-form gutena_forms_ID_386368325a_862025125146 after_submit_message is-layout-flow wp-container-gutena-forms-is-layout-00b5b574 wp-block-gutena-forms-is-layout-flow\" style=\"padding-top:2rem;padding-bottom:5rem\" action=\"\"><input type=\"hidden\" name=\"formid\" value=\"gutena_forms_ID_386368325a_862025125146\"\/>\n<div class=\"wp-block-gutena-field-group  field-group-type-text is-layout-flow wp-block-gutena-field-group-is-layout-flow\">\n<div class=\"wp-block-group is-vertical is-layout-flex wp-container-core-group-is-layout-501cef26 wp-block-group-is-layout-flex\">\n<h3 class=\"wp-block-heading heading-input-label-gutena\">Meno a priezvisko kontaktnej osoby<\/h3>\n\n\n<div class=\"gutena-forms-text-field field-name-first_name  wp-block-gutena-form-field\"><input\n\t\t\t\tid=\"first_name\"\n\t\t\t\t name=\"first_name\" type=\"text\" class=\"gutena-forms-field text-field required-field\" placeholder=\"Va\u0161e meno a priezvisko\"  required\n\t\t\t\t\t\t\/><\/div><\/div>\n\n\n\n<p class=\"gutena-forms-field-error-msg\"><\/p>\n<\/div>\n\n\n\n<div class=\"wp-block-gutena-field-group  field-group-type-text is-layout-flow wp-block-gutena-field-group-is-layout-flow\">\n<div class=\"wp-block-group is-vertical is-layout-flex wp-container-core-group-is-layout-501cef26 wp-block-group-is-layout-flex\">\n<h3 class=\"wp-block-heading heading-input-label-gutena\">Telef\u00f3nne \u010d\u00edslo<\/h3>\n\n\n<div class=\"gutena-forms-text-field field-name-last_name  wp-block-gutena-form-field\"><input\n\t\t\t\tid=\"last_name\"\n\t\t\t\t name=\"last_name\" type=\"text\" class=\"gutena-forms-field text-field required-field\" placeholder=\"Telef\u00f3nne \u010d\u00edslo, na ktorom V\u00e1s m\u00f4\u017eeme zastihn\u00fa\u0165\"  required\n\t\t\t\t\t\t\/><\/div><\/div>\n\n\n\n<p class=\"gutena-forms-field-error-msg\"><\/p>\n<\/div>\n\n\n\n<div class=\"wp-block-gutena-field-group  field-group-type-email is-layout-flow wp-block-gutena-field-group-is-layout-flow\">\n<div class=\"wp-block-group is-vertical is-layout-flex wp-container-core-group-is-layout-501cef26 wp-block-group-is-layout-flex\">\n<h3 class=\"wp-block-heading heading-input-label-gutena\">E-mail<\/h3>\n\n\n<div class=\"gutena-forms-email-field field-name-email  wp-block-gutena-form-field\"><input\n\t\t\t\tid=\"email\"\n\t\t\t\t name=\"email\" type=\"email\" class=\"gutena-forms-field email-field required-field\" placeholder=\"example@gmail.com\"  required\n\t\t\t\t\t\t\/><\/div><\/div>\n\n\n\n<p class=\"gutena-forms-field-error-msg\"><\/p>\n<\/div>\n\n\n\n<div class=\"wp-block-gutena-field-group  field-group-type-text is-layout-flow wp-block-gutena-field-group-is-layout-flow\">\n<div class=\"wp-block-group is-vertical is-layout-flex wp-container-core-group-is-layout-501cef26 wp-block-group-is-layout-flex\">\n<h3 class=\"wp-block-heading heading-input-label-gutena\">In\u0161tit\u00facia \/ Organiz\u00e1cia <\/h3>\n\n\n<div class=\"gutena-forms-text-field field-name-subject  wp-block-gutena-form-field\"><input\n\t\t\t\tid=\"subject\"\n\t\t\t\t name=\"subject\" type=\"text\" class=\"gutena-forms-field text-field\" placeholder=\"Ak\u00fa organiz\u00e1ciu zastupujete? (ak sa V\u00e1s to t\u00fdka)\" \n\t\t\t\t\/><\/div><\/div>\n\n\n\n<p class=\"gutena-forms-field-error-msg\"><\/p>\n<\/div>\n\n\n\n<div class=\"wp-block-gutena-field-group  field-group-type-text is-layout-flow wp-block-gutena-field-group-is-layout-flow\">\n<div class=\"wp-block-group is-vertical is-layout-flex wp-container-core-group-is-layout-501cef26 wp-block-group-is-layout-flex\">\n<h3 class=\"wp-block-heading heading-input-label-gutena\">Po\u010det os\u00f4b \/ \u00fa\u010dastn\u00edkov<\/h3>\n\n\n<div class=\"gutena-forms-text-field field-name-f_0  wp-block-gutena-form-field\"><input\n\t\t\t\tid=\"f_0\"\n\t\t\t\t name=\"f_0\" type=\"text\" class=\"gutena-forms-field text-field required-field\" placeholder=\"Po\u010det os\u00f4b, ktor\u00e9 by sa n\u00e1v\u0161tevy z\u00fa\u010dastnili\"  required\n\t\t\t\t\t\t\/><\/div><\/div>\n\n\n\n<p class=\"gutena-forms-field-error-msg\"><\/p>\n<\/div>\n\n\n\n<div class=\"wp-block-gutena-field-group  field-group-type-text is-layout-flow wp-block-gutena-field-group-is-layout-flow\">\n<div class=\"wp-block-group is-vertical is-layout-flex wp-container-core-group-is-layout-501cef26 wp-block-group-is-layout-flex\">\n<h3 class=\"wp-block-heading heading-input-label-gutena\">Vekov\u00e1 skupina \u00fa\u010dastn\u00edkov<\/h3>\n\n\n<div class=\"gutena-forms-text-field field-name-f_1  wp-block-gutena-form-field\"><input\n\t\t\t\tid=\"f_1\"\n\t\t\t\t name=\"f_1\" type=\"text\" class=\"gutena-forms-field text-field required-field\" placeholder=\"Napr. deti 5-8 rokov, dospel\u00ed, seniori,...\"  required\n\t\t\t\t\t\t\/><\/div><\/div>\n\n\n\n<p class=\"gutena-forms-field-error-msg\"><\/p>\n<\/div>\n\n\n\n<div class=\"wp-block-gutena-field-group  field-group-type-text is-layout-flow wp-block-gutena-field-group-is-layout-flow\">\n<div class=\"wp-block-group is-vertical is-layout-flex wp-container-core-group-is-layout-501cef26 wp-block-group-is-layout-flex\">\n<h3 class=\"wp-block-heading heading-input-label-gutena\">Preferovan\u00fd term\u00edn \/ \u010dasov\u00fd r\u00e1mec n\u00e1v\u0161tevy<\/h3>\n\n\n<div class=\"gutena-forms-text-field field-name-f_2  wp-block-gutena-form-field\"><input\n\t\t\t\tid=\"f_2\"\n\t\t\t\t name=\"f_2\" type=\"text\" class=\"gutena-forms-field text-field required-field\" placeholder=\"Pre tak\u00e9to akcie je nutn\u00e9 pl\u00e1nova\u0165 aktivity aspo\u0148 mesiac vopred\"  required\n\t\t\t\t\t\t\/><\/div><\/div>\n\n\n\n<p class=\"gutena-forms-field-error-msg\"><\/p>\n<\/div>\n\n\n\n<div class=\"wp-block-gutena-field-group  field-group-type-textarea is-layout-flow wp-block-gutena-field-group-is-layout-flow\">\n<div class=\"wp-block-group is-vertical is-layout-flex wp-container-core-group-is-layout-501cef26 wp-block-group-is-layout-flex\">\n<h3 class=\"wp-block-heading heading-input-label-gutena\">Kr\u00e1tky popis situ\u00e1cie \/ potreby<\/h3>\n\n\n<div class=\"gutena-forms-textarea-field field-name-message  wp-block-gutena-form-field\"><textarea\n\t\t\t\tid=\"message\"\n\t\t\t\t name=\"message\" rows=\"5\" class=\"gutena-forms-field textarea-field required-field\" placeholder=\"Napr. pre\u010do by ste chceli pr\u00eds\u0165, ak\u00e9 s\u00fa potreby skupiny, \u0161peci\u00e1lne okolnosti... Taktie\u017e sem m\u00f4\u017eete zazna\u010di\u0165 ak m\u00e1te nejak\u00e9 \u0161peci\u00e1lne po\u017eiadavky.\"  required\n\t\t\t\t><\/textarea><\/div><\/div>\n\n\n\n<p class=\"gutena-forms-field-error-msg\"><\/p>\n<\/div>\n\n\n\n<div class=\"wp-block-buttons gutena-forms-submit-buttons is-layout-flex wp-block-buttons-is-layout-flex\">\n<div class=\"wp-block-button gutena-forms-submit-button\"><button class=\"wp-block-button__link wp-element-button\">Send<\/button><\/div>\n<\/div>\n\n\n\n<div class=\"wp-block-gutena-form-confirm-msg is-layout-flow wp-block-gutena-form-confirm-msg-is-layout-flow\">\n<div class=\"wp-block-group has-background is-content-justification-left is-nowrap is-layout-flex wp-container-core-group-is-layout-385d3396 wp-block-group-is-layout-flex\" style=\"border-radius:5px;background-color:#d8eacc;padding-top:12px;padding-right:12px;padding-bottom:12px;padding-left:12px\">\n<figure class=\"wp-block-image size-large form-message-icon\"><img decoding=\"async\" src=\"data:image\/svg+xml;base64,PHN2ZyB3aWR0aD0iMTYiIGhlaWdodD0iMTYiIHZpZXdCb3g9IjAgMCAxNiAxNiIgZmlsbD0ibm9uZSIgeG1sbnM9Imh0dHA6Ly93d3cudzMub3JnLzIwMDAvc3ZnIj4KPHBhdGggZD0iTTggMTZDMy41ODE2IDE2IDAgMTIuNDE4NCAwIDhDMCAzLjU4MTYgMy41ODE2IDAgOCAwQzEyLjQxODQgMCAxNiAzLjU4MTYgMTYgOEMxNiAxMi40MTg0IDEyLjQxODQgMTYgOCAxNlpNOCAxNC40QzkuNjk3MzkgMTQuNCAxMS4zMjUzIDEzLjcyNTcgMTIuNTI1NSAxMi41MjU1QzEzLjcyNTcgMTEuMzI1MyAxNC40IDkuNjk3MzkgMTQuNCA4QzE0LjQgNi4zMDI2MSAxMy43MjU3IDQuNjc0NzUgMTIuNTI1NSAzLjQ3NDUyQzExLjMyNTMgMi4yNzQyOCA5LjY5NzM5IDEuNiA4IDEuNkM2LjMwMjYxIDEuNiA0LjY3NDc1IDIuMjc0MjggMy40NzQ1MiAzLjQ3NDUyQzIuMjc0MjggNC42NzQ3NSAxLjYgNi4zMDI2MSAxLjYgOEMxLjYgOS42OTczOSAyLjI3NDI4IDExLjMyNTMgMy40NzQ1MiAxMi41MjU1QzQuNjc0NzUgMTMuNzI1NyA2LjMwMjYxIDE0LjQgOCAxNC40Wk03LjIwMjQgMTEuMkwzLjgwOCA3LjgwNTZMNC45MzkyIDYuNjc0NEw3LjIwMjQgOC45Mzc2TDExLjcyNzIgNC40MTJMMTIuODU5MiA1LjU0MzJMNy4yMDI0IDExLjJaIiBmaWxsPSIjNDY4NDFFIi8+Cjwvc3ZnPgo=\" alt=\"Success\" class=\"wp-image-3811\"\/><\/figure>\n\n\n\n<p class=\"has-black-color has-text-color has-tiny-font-size\" style=\"font-size:12px;font-style:normal;font-weight:500;line-height:1.2\">Your form submitted successfully!<\/p>\n<\/div>\n<\/div>\n\n\n\n<div class=\"wp-block-gutena-form-error-msg is-layout-flow wp-block-gutena-form-error-msg-is-layout-flow\">\n<div class=\"wp-block-group has-background is-content-justification-left is-nowrap is-layout-flex wp-container-core-group-is-layout-385d3396 wp-block-group-is-layout-flex\" style=\"border-radius:5px;background-color:#ffd3d3;padding-top:12px;padding-right:12px;padding-bottom:12px;padding-left:12px\">\n<figure class=\"wp-block-image size-large form-message-icon\"><img decoding=\"async\" src=\"data:image\/svg+xml;base64,PHN2ZyB3aWR0aD0iMTYiIGhlaWdodD0iMTYiIHZpZXdCb3g9IjAgMCAxNiAxNiIgZmlsbD0ibm9uZSIgeG1sbnM9Imh0dHA6Ly93d3cudzMub3JnLzIwMDAvc3ZnIj4KPHBhdGggZD0iTTggMTZDMy41ODE2IDE2IDAgMTIuNDE4NCAwIDhDMCAzLjU4MTYgMy41ODE2IDAgOCAwQzEyLjQxODQgMCAxNiAzLjU4MTYgMTYgOEMxNiAxMi40MTg0IDEyLjQxODQgMTYgOCAxNlpNOCAxNC40QzkuNjk3MzkgMTQuNCAxMS4zMjUzIDEzLjcyNTcgMTIuNTI1NSAxMi41MjU1QzEzLjcyNTcgMTEuMzI1MyAxNC40IDkuNjk3MzkgMTQuNCA4QzE0LjQgNi4zMDI2MSAxMy43MjU3IDQuNjc0NzUgMTIuNTI1NSAzLjQ3NDUyQzExLjMyNTMgMi4yNzQyOCA5LjY5NzM5IDEuNiA4IDEuNkM2LjMwMjYxIDEuNiA0LjY3NDc1IDIuMjc0MjggMy40NzQ1MiAzLjQ3NDUyQzIuMjc0MjggNC42NzQ3NSAxLjYgNi4zMDI2MSAxLjYgOEMxLjYgOS42OTczOSAyLjI3NDI4IDExLjMyNTMgMy40NzQ1MiAxMi41MjU1QzQuNjc0NzUgMTMuNzI1NyA2LjMwMjYxIDE0LjQgOCAxNC40Wk03LjIgMTAuNEg4LjhWMTJINy4yVjEwLjRaTTcuMiA0SDguOFY4LjhINy4yVjRaIiBmaWxsPSIjQzUxOTE5Ii8+Cjwvc3ZnPgo=\" alt=\"Error\" class=\"wp-image-3811\"\/><\/figure>\n\n\n\n<p class=\"gutena-forms-error-text has-black-color has-text-color\" style=\"font-size:12px;font-style:normal;font-weight:500;line-height:1.2\">Sorry! your form was not submitted properly, Please check the errors above.<\/p>\n<\/div>\n<\/div>\n<input type=\"hidden\" name=\"trp-form-language\" value=\"en\"\/><\/form>","protected":false},"excerpt":{"rendered":"<p>ALPACA THERAPY O.Z. \u2731 \u010co je Alpaka Terapia? Alpaka terapia je forma terapie za pomoci zvierat, ktor\u00e1 vyu\u017e\u00edva upokojuj\u00facu pr\u00edtomnos\u0165 a jemn\u00fa povahu alp\u00e1k na podporu \u013eud\u00ed v procese zotavovania \u010di vn\u00fatorn\u00e9ho uzdravenia. Vych\u00e1dza z hlbok\u00e9ho spojenia \u010dloveka s pr\u00edrodou a prin\u00e1\u0161a so sebou mno\u017estvo emocion\u00e1lnych aj fyzick\u00fdch benefitov. Alpaky s\u00fa zn\u00e1me svoj\u00edm mierumilovn\u00fdm a &hellip; <\/p>\n<p class=\"link-more\"><a href=\"http:\/\/alpacafe.sk\/en\/alpaca-therapy\/\" class=\"more-link\">Read more<span class=\"screen-reader-text\"> &#8222;Alpaca Therapy&#8220;<\/span><\/a><\/p>","protected":false},"author":1,"featured_media":0,"parent":0,"menu_order":0,"comment_status":"closed","ping_status":"closed","template":"","meta":{"footnotes":""},"class_list":["post-3542","page","type-page","status-publish","hentry"],"_links":{"self":[{"href":"http:\/\/alpacafe.sk\/en\/wp-json\/wp\/v2\/pages\/3542","targetHints":{"allow":["GET"]}}],"collection":[{"href":"http:\/\/alpacafe.sk\/en\/wp-json\/wp\/v2\/pages"}],"about":[{"href":"http:\/\/alpacafe.sk\/en\/wp-json\/wp\/v2\/types\/page"}],"author":[{"embeddable":true,"href":"http:\/\/alpacafe.sk\/en\/wp-json\/wp\/v2\/users\/1"}],"replies":[{"embeddable":true,"href":"http:\/\/alpacafe.sk\/en\/wp-json\/wp\/v2\/comments?post=3542"}],"version-history":[{"count":7,"href":"http:\/\/alpacafe.sk\/en\/wp-json\/wp\/v2\/pages\/3542\/revisions"}],"predecessor-version":[{"id":3683,"href":"http:\/\/alpacafe.sk\/en\/wp-json\/wp\/v2\/pages\/3542\/revisions\/3683"}],"wp:attachment":[{"href":"http:\/\/alpacafe.sk\/en\/wp-json\/wp\/v2\/media?parent=3542"}],"curies":[{"name":"wp","href":"https:\/\/api.w.org\/{rel}","templated":true}]}}