{"id":2116,"date":"2024-09-05T15:25:35","date_gmt":"2024-09-05T15:25:35","guid":{"rendered":"https:\/\/alpacafe.sk\/?page_id=2116"},"modified":"2025-06-02T16:12:26","modified_gmt":"2025-06-02T16:12:26","slug":"prechadzka-s-alpakami","status":"publish","type":"page","link":"http:\/\/alpacafe.sk\/en\/prechadzka-s-alpakami\/","title":{"rendered":"Prech\u00e1dzka s alpakami"},"content":{"rendered":"<div class=\"wp-block-cover alignfull has-parallax\" style=\"min-height:100vh;aspect-ratio:unset;\"><div class=\"wp-block-cover__image-background wp-image-3602 size-large has-parallax\" style=\"background-position:50% 50%;background-image:url(https:\/\/alpacafe.sk\/wp-content\/uploads\/2025\/05\/KP_62-2-edited-1024x768.jpg)\"><\/div><span aria-hidden=\"true\" class=\"wp-block-cover__background has-primary-background-color has-background-dim\"><\/span><div class=\"wp-block-cover__inner-container is-layout-flow wp-block-cover-is-layout-flow\">\n<p class=\"has-text-align-center has-white-color has-text-color\" style=\"font-size:clamp(37.821px, 2.364rem + ((1vw - 3.2px) * 3.352), 70px);font-style:normal;font-weight:900\"><strong>Prech\u00e1dzka s alpakami<\/strong><\/p>\n\n\n\n<p class=\"has-text-align-center has-white-color has-text-color has-medium-font-size\" style=\"letter-spacing:1px\">Terapeutick\u00e1 prech\u00e1dzka s alpakami, ktor\u00e1 v\u00e1s rozvesel\u00ed!<\/p>\n\n\n\n<div class=\"wp-block-buttons is-content-justification-center is-layout-flex wp-container-core-buttons-is-layout-a89b3969 wp-block-buttons-is-layout-flex\">\n<div class=\"wp-block-button is-style-outline is-style-outline--1\"><a class=\"wp-block-button__link has-white-color has-text-color wp-element-button\" href=\"https:\/\/alpacafe.sk\/en\/rezervacie\/\" style=\"border-radius:0px\">Vytvorte si rezerv\u00e1ciu e\u0161te dnes&#8230;<\/a><\/div>\n<\/div>\n<\/div><\/div>\n\n\n\n<div class=\"wp-block-columns is-layout-flex wp-container-core-columns-is-layout-7db7aa3e wp-block-columns-is-layout-flex\" style=\"padding-right:0;padding-left:0\">\n<div class=\"wp-block-column is-vertically-aligned-center is-layout-flow wp-block-column-is-layout-flow\">\n<h2 class=\"wp-block-heading has-medium-font-size\" style=\"text-transform:uppercase\">terapeutick\u00e1 prech\u00e1dzka s alpakami<\/h2>\n\n\n\n<p><strong>\u2731\u00a0Krok za krokom k pokoju<\/strong><\/p>\n\n\n\n<p>Niektor\u00e9 chv\u00edle n\u00e1s dok\u00e1\u017eu zastavi\u0165 \u2013 nie silou, ale pokojom. Prech\u00e1dzka s alpakami je jednou z nich. V AlpaCaf\u00e9 ver\u00edme, \u017ee kontakt s pr\u00edrodou a zvieratami dok\u00e1\u017ee preh\u013abi\u0165 n\u00e1\u0161 vz\u0165ah k sebe sam\u00e9mu. Preto sme pre v\u00e1s pripravili jemn\u00fa, vedom\u00fa aktivitu, ktor\u00e1 v\u00e1s zavedie do tich\u00e9ho rytmu pr\u00edrody. Po \u00favodnom priv\u00edtan\u00ed sa spolu s na\u0161imi alpakami vyd\u00e1te na pomal\u00fa prech\u00e1dzku pr\u00edrodn\u00fdm are\u00e1lom. Po ceste v\u00e1s bud\u00fa sprev\u00e1dza\u0165 na\u0161i asistenti, ktor\u00ed sa s vami podelia o zauj\u00edmavosti zo sveta alp\u00e1k a zodpovedia na v\u0161etky va\u0161e zvedav\u00e9 ot\u00e1zky. Na z\u00e1ver prech\u00e1dzky bude priestor na pohladenie, spolo\u010dn\u00e9 fotky a oddych v pr\u00edtomnosti alp\u00e1k. V cene m\u00e1te taktie\u017e n\u00e1poj pod\u013ea ponuky, ktor\u00fd si m\u00f4\u017eete vychutna\u0165 v na\u0161om pr\u00edrodnom parku, na vonkaj\u0161om poseden\u00ed alebo si ho zobra\u0165 so sebou.<\/p>\n\n\n\n<p class=\"has-text-color has-link-color wp-elements-8fd6ba473e043a54a76c15995efb5e6f\" style=\"color:#ba9b37\"><strong>\u2731<\/strong> <strong>Na v\u0161etky na\u0161e aktivity s alpakami maj\u00fa deti do 3 rokov (vr\u00e1tane) VSTUP ZDARMA! <\/strong>Sta\u010d\u00ed, \u017ee n\u00e1m uvediete po\u010det det\u00ed do 3 rokov do pozn\u00e1mky pri vytvoren\u00ed rezerv\u00e1cie. <\/p>\n\n\n\n<div class=\"wp-block-buttons is-horizontal is-content-justification-left is-layout-flex wp-container-core-buttons-is-layout-20be11b6 wp-block-buttons-is-layout-flex\">\n<div class=\"wp-block-button is-style-outline is-style-outline--2\"><a class=\"wp-block-button__link has-text-align-center wp-element-button\" href=\"https:\/\/alpacafe.sk\/en\/rezervacie\/\" style=\"border-radius:10px\">Prezrite si na\u0161e dostupn\u00e9 term\u00edny \u2192<\/a><\/div>\n<\/div>\n\n\n\n<p><\/p>\n<\/div>\n\n\n\n<div class=\"wp-block-column is-layout-flow wp-block-column-is-layout-flow\">\n<figure class=\"wp-block-image size-large has-custom-border\"><img loading=\"lazy\" decoding=\"async\" width=\"819\" height=\"1024\" src=\"https:\/\/alpacafe.sk\/wp-content\/uploads\/2025\/05\/4-2-819x1024.jpeg\" alt=\"\" class=\"wp-image-3573\" style=\"border-radius:27px\" srcset=\"https:\/\/alpacafe.sk\/wp-content\/uploads\/2025\/05\/4-2-819x1024.jpeg 819w, https:\/\/alpacafe.sk\/wp-content\/uploads\/2025\/05\/4-2-240x300.jpeg 240w, https:\/\/alpacafe.sk\/wp-content\/uploads\/2025\/05\/4-2-10x12.jpeg 10w, https:\/\/alpacafe.sk\/wp-content\/uploads\/2025\/05\/4-2.jpeg 992w\" sizes=\"auto, (max-width: 819px) 100vw, 819px\" \/><\/figure>\n<\/div>\n<\/div>\n\n\n\n<div class=\"wp-block-group alignfull has-background has-global-padding is-layout-constrained wp-block-group-is-layout-constrained\" style=\"background-color:#f2f3ec;padding-top:var(--wp--preset--spacing--small);padding-bottom:var(--wp--preset--spacing--small)\">\n<div class=\"wp-block-columns is-layout-flex wp-container-core-columns-is-layout-7db7aa3e wp-block-columns-is-layout-flex\" style=\"padding-right:0;padding-left:0\">\n<div class=\"wp-block-column is-vertically-aligned-center is-layout-flow wp-block-column-is-layout-flow\">\n<h2 class=\"wp-block-heading has-medium-font-size\" style=\"text-transform:uppercase\"><strong>\u2731<\/strong>&nbsp;<strong>Ako t\u00e1to aktivita prebieha?<\/strong><\/h2>\n\n\n\n<p>Zastavte sa na chv\u00ed\u013eu. Vypnite hlavu a vydajte sa na pomal\u00fa cestu po boku bytost\u00ed, ktor\u00e9 v\u00e1s nau\u010dia, ako si u\u017ei\u0165 pr\u00edtomn\u00fd okamih.\u00a0<strong>Prech\u00e1dzka s alpakami<\/strong>\u00a0je z\u00e1\u017eitkov\u00e1 aktivita, ktor\u00e1 sp\u00e1ja pohyb v pr\u00edrode s tichou terapiou dotykom a bezslovnou bl\u00edzkos\u0165ou zvierat.<\/p>\n\n\n\n<ol class=\"wp-block-list\">\n<li>Po vstupe do are\u00e1lu zabo\u010dte do prava, kde n\u00e1jdete na\u0161e AlpaCaf\u00e9 bistro. Pros\u00edme v\u00e1s o dochv\u00ed\u013enos\u0165, aktivita za\u010d\u00edna v presne stanoven\u00fd \u010das.<\/li>\n\n\n\n<li>N\u00e1\u0161mu person\u00e1lu uk\u00e1\u017ete Va\u0161e <strong>potvrdenie o rezerv\u00e1cii<\/strong> a n\u00e1sledne budete usmernen\u00ed na miesto za\u010diatku tejto aktivity.<\/li>\n\n\n\n<li><strong>Prech\u00e1dzka sa kon\u00e1 v na\u0161om pr\u00edrodnom are\u00e1li<\/strong>. Ka\u017ed\u00e1 dvojica \u010di trojica m\u00e1 pridelen\u00fa jednu alpaku a po\u010das celej aktivity v\u00e1s sprev\u00e1dza n\u00e1\u0161 chovate\u013esk\u00fd asistent, ktor\u00fd v\u00e1m porozpr\u00e1va viac o \u017eivote alp\u00e1k, ich povahe a tom, ako s nimi vedome tr\u00e1vi\u0165 \u010das.<\/li>\n\n\n\n<li>Aktivita <strong>nezah\u0155\u0148a k\u0155menie<\/strong>, ale po ceste m\u00f4\u017eete alpak\u00e1m natrha\u0165 tr\u00e1vu a pod\u00e1va\u0165 im ju \u2013 ve\u013emi to ob\u013eubuj\u00fa. Pros\u00edme, aby ste ich nek\u0155mili ni\u010d\u00edm in\u00fdm, ne\u017e \u010derstvou tr\u00e1vou priamo z n\u00e1\u0161ho are\u00e1lu.<\/li>\n\n\n\n<li>Po skon\u010den\u00ed aktivity n\u00e1\u0161 person\u00e1l alpaky odprevad\u00ed ved\u013ea do ohr\u00e1dky. V cene m\u00e1te aj vybran\u00fd n\u00e1poj pod\u013ea ponuky, ktor\u00fd si m\u00f4\u017eete vychutna\u0165 \u010di u\u017e pred prech\u00e1dzkou, po\u010das nej alebo na z\u00e1ver. Vyu\u017ei\u0165 m\u00f4\u017eete posedenie v na\u0161om pr\u00edrodnom are\u00e1li alebo na\u0161e pr\u00edjemn\u00e9 vonkaj\u0161ie kresl\u00e1.<\/li>\n<\/ol>\n\n\n\n<p class=\"has-medium-font-size\"><strong>\u2731<\/strong>&nbsp;<strong>V\u0160EOBECN\u00c9 ODPOR\u00da\u010cANIA A N\u00c1V\u0160TEVA S DE\u0164MI<\/strong><\/p>\n\n\n\n<p><strong>Z\u00e1\u017eitok je vhodn\u00fd aj pre deti, no len v sprievode dospelej osoby<\/strong>, ktor\u00e1 dohliadne na ich spr\u00e1vanie. Ke\u010f\u017ee ide o ve\u013emi kontaktn\u00fa aktivitu, samostatn\u00fd vstup det\u00ed nie je mo\u017en\u00fd.<\/p>\n\n\n\n<p>Ke\u010f\u017ee alpaky s\u00fa ve\u013emi <strong>citliv\u00e9 na prudk\u00e9 pohyby a hluk<\/strong>, je d\u00f4le\u017eit\u00e9 dodr\u017eiava\u0165 pokyny person\u00e1lu, aby bola aktivita bezpe\u010dn\u00e1 a pr\u00edjemn\u00e1 pre v\u0161etk\u00fdch.Pros\u00edme, aby ste re\u0161pektovali pravidl\u00e1 k\u0155menia \u2013 alpaky m\u00f4\u017eu dost\u00e1va\u0165 len tr\u00e1vu z n\u00e1\u0161ho are\u00e1lu, ktor\u00fa si m\u00f4\u017eete po\u010das prech\u00e1dzky natrha\u0165 a pomaly im ju pod\u00e1va\u0165 ak bud\u00fa ma\u0165 chu\u0165.<\/p>\n\n\n\n<p>V pr\u00edpade <strong>nepriazniv\u00e9ho po\u010dasia<\/strong> sa t\u00e1to aktivita bude kona\u0165 v na\u0161om AlpaCaf\u00e9 bistre a <strong>automaticky sa zmen\u00ed na Feed &amp; Greet<\/strong> \u2013 teda k\u0155menie alp\u00e1k (bez ob\u010derstvenia). Viac inform\u00e1ci\u00ed o k\u0155men\u00ed alp\u00e1k n\u00e1jdete v sekcii \u201eFeed &amp; Greet\u201c na na\u0161om webe.<\/p>\n\n\n\n<p>Prech\u00e1dzky s alpakami s\u00fa pokojnou a citlivou aktivitou, pri ktorej je potrebn\u00e9 re\u0161pektova\u0165 rytmus zvierat a priestor okolo nich. V pr\u00edpade nevhodn\u00e9ho spr\u00e1vania vo\u010di zvierat\u00e1m alebo ostatn\u00fdm \u00fa\u010dastn\u00edkom si vyhradzujeme pr\u00e1vo zasiahnu\u0165 pre zachovanie bezpe\u010dia a pohody.<\/p>\n\n\n\n<p>\u010eakujeme, \u017ee k n\u00e1m prich\u00e1dzate s re\u0161pektom, zvedavos\u0165ou a otvoren\u00fdm srdcom. V takom naladen\u00ed vznikaj\u00fa tie najkraj\u0161ie chv\u00edle \u2013 tich\u00e9, \u00faprimn\u00e9 a nezabudnute\u013en\u00e9.<\/p>\n<\/div>\n<\/div>\n<\/div>\n\n\n\n<div class=\"wp-block-group alignwide has-background has-global-padding is-layout-constrained wp-block-group-is-layout-constrained\" style=\"background-color:#053c5c;padding-top:var(--wp--preset--spacing--small);padding-bottom:var(--wp--preset--spacing--small)\">\n<div class=\"wp-block-columns is-layout-flex wp-container-core-columns-is-layout-7db7aa3e wp-block-columns-is-layout-flex\" style=\"padding-right:0;padding-left:0\">\n<div class=\"wp-block-column is-vertically-aligned-center is-layout-flow wp-block-column-is-layout-flow\">\n<h2 class=\"wp-block-heading has-white-color has-text-color has-link-color has-medium-font-size wp-elements-3dbe49e781498cbdc0e6395538e1af4b\" style=\"text-transform:uppercase\"><strong>\u2731<\/strong> ODPOR\u00da\u010cAN\u00c1 PR\u00edprava pred n\u00e1v\u0161tevou<\/h2>\n\n\n\n<p class=\"has-white-color has-text-color has-link-color wp-elements-12ad381b2060f22445f0dc40dddce619\">T\u00e1to aktivita sa kon\u00e1 vonku pr\u00edrodnom are\u00e1li. Z tohto d\u00f4vodu odpor\u00fa\u010dame zvoli\u0165 oble\u010denie primeran\u00e9 po\u010dasiu v dan\u00fd de\u0148. Odpor\u00fa\u010dame si obliec\u0165 oble\u010denie aj obuv, ktor\u00e9 sa m\u00f4\u017eu za\u0161pini\u0165. Sand\u00e1le alebo otvoren\u00e1 obuv sa neodpor\u00fa\u010da, preto\u017ee alpaky v\u00e1m m\u00f4\u017eu nechtiac st\u00fapi\u0165 na nohu a po\u010das prech\u00e1dzky sa budeme pohybova\u0165 po tr\u00e1ve. Ako aj psy, alpaky maj\u00fa pod labkami mozole, no ich nechty m\u00f4\u017eu by\u0165 ostrej\u0161ie.<\/p>\n\n\n\n<p class=\"has-white-color has-text-color has-link-color wp-elements-24a15092db1c10bf593dfb70a70ceb58\">V pr\u00edpade <strong>nepriazniv\u00e9ho po\u010dasia<\/strong> sa t\u00e1to aktivita bude kona\u0165 v na\u0161om AlpaCaf\u00e9 bistre a <strong>automaticky sa zmen\u00ed na Feed &amp; Greet<\/strong> \u2013 teda k\u0155menie alp\u00e1k (bez ob\u010derstvenia). V lete si odpor\u00fa\u010dame donies\u0165 pokr\u00fdvku hlavy, slne\u010dn\u00e9 okuliare a pou\u017ei\u0165 opa\u013eovac\u00ed kr\u00e9m.<\/p>\n<\/div>\n\n\n\n<div class=\"wp-block-column is-layout-flow wp-block-column-is-layout-flow\">\n<figure class=\"wp-block-image size-full has-custom-border\"><img loading=\"lazy\" decoding=\"async\" width=\"775\" height=\"581\" src=\"https:\/\/alpacafe.sk\/wp-content\/uploads\/2025\/06\/IMG_2768-edited-2.jpg\" alt=\"\" class=\"wp-image-3647\" style=\"border-radius:19px\" srcset=\"https:\/\/alpacafe.sk\/wp-content\/uploads\/2025\/06\/IMG_2768-edited-2.jpg 775w, https:\/\/alpacafe.sk\/wp-content\/uploads\/2025\/06\/IMG_2768-edited-2-300x225.jpg 300w, https:\/\/alpacafe.sk\/wp-content\/uploads\/2025\/06\/IMG_2768-edited-2-16x12.jpg 16w\" sizes=\"auto, (max-width: 775px) 100vw, 775px\" \/><\/figure>\n<\/div>\n<\/div>\n<\/div>\n\n\n\n<div class=\"wp-block-group alignfull has-global-padding is-layout-constrained wp-block-group-is-layout-constrained\" style=\"margin-top:0px\">\n<p><\/p>\n\n\n\n<h2 class=\"wp-block-heading has-text-align-center has-text-align-left has-x-large-font-size\" id=\"pricing-table\"><strong>\u2731<\/strong> Cancellation terms<\/h2>\n\n\n\n<div class=\"wp-block-columns has-smaller-left-margin is-layout-flex wp-container-core-columns-is-layout-28f84493 wp-block-columns-is-layout-flex\">\n<div class=\"wp-block-column is-style-shadow has-background-background-color has-background is-layout-flow wp-container-core-column-is-layout-dba16a7e wp-block-column-is-layout-flow\" style=\"padding-top:0;padding-right:0;padding-bottom:0;padding-left:0\">\n<div class=\"wp-block-group has-background-color has-text-color has-background is-layout-flow wp-block-group-is-layout-flow\" style=\"border-top-left-radius:20px;border-top-right-radius:20px;background-color:#ba9b37;padding-top:20px;padding-right:30px;padding-bottom:20px;padding-left:30px\">\n<div style=\"height:20px\" aria-hidden=\"true\" class=\"wp-block-spacer\"><\/div>\n\n\n\n<h3 class=\"wp-block-heading has-text-align-center has-white-color has-text-color\" style=\"font-size:clamp(18.959px, 1.185rem + ((1vw - 3.2px) * 1.15), 30px);\">7+ days before the start of the event<\/h3>\n\n\n\n<div style=\"height:20px\" aria-hidden=\"true\" class=\"wp-block-spacer\"><\/div>\n<\/div>\n\n\n\n<div class=\"wp-block-group is-layout-flow wp-container-core-group-is-layout-8a7de2ab wp-block-group-is-layout-flow\" style=\"border-style:none;border-width:0px;padding-top:40px;padding-right:40px;padding-bottom:40px;padding-left:40px\">\n<p class=\"has-text-align-center has-small-font-size\"><strong>Zmena term\u00ednu zdarma, alebo 100\u202f% vr\u00e1tenie pe\u0148az\u00ed.<\/strong><br>Ak si nov\u00fd term\u00edn nevyberiete hne\u010f, dostanete voucher platn\u00fd 3 mesiace.<\/p>\n<\/div>\n<\/div>\n\n\n\n<div class=\"wp-block-column is-style-shadow has-background-background-color has-background is-layout-flow wp-container-core-column-is-layout-dba16a7e wp-block-column-is-layout-flow\" style=\"border-style:none;border-width:0px;padding-top:0;padding-right:0;padding-bottom:0;padding-left:0\">\n<div class=\"wp-block-group has-background-color has-text-color has-background has-global-padding is-layout-constrained wp-container-core-group-is-layout-4a803732 wp-block-group-is-layout-constrained\" style=\"border-top-left-radius:20px;border-top-right-radius:20px;background-color:#053c5c;padding-top:20px;padding-right:30px;padding-bottom:20px;padding-left:30px\">\n<div style=\"height:20px\" aria-hidden=\"true\" class=\"wp-block-spacer\"><\/div>\n\n\n\n<h3 class=\"wp-block-heading has-text-align-center has-white-color has-text-color\" style=\"font-size:clamp(18.959px, 1.185rem + ((1vw - 3.2px) * 1.15), 30px);\">3 \u2013 6 dn\u00ed pred za\u010dat\u00edm akcie<\/h3>\n\n\n\n<div style=\"height:20px\" aria-hidden=\"true\" class=\"wp-block-spacer\"><\/div>\n<\/div>\n\n\n\n<div class=\"wp-block-group has-global-padding is-layout-constrained wp-container-core-group-is-layout-c1694ee5 wp-block-group-is-layout-constrained\" style=\"border-style:none;border-width:0px;padding-top:40px;padding-right:40px;padding-bottom:40px;padding-left:40px\">\n<p class=\"has-text-align-center has-small-font-size\">Pok\u00fasime sa n\u00e1js\u0165 n\u00e1hradn\u00edkov \u2013 ak sa n\u00e1m to podar\u00ed, pon\u00fakneme V\u00e1m zmenu term\u00ednu alebo 100% vr\u00e1tenie pe\u0148az\u00ed. Ak n\u00e1hradn\u00edkov nen\u00e1jdeme, poskytneme v\u00e1m voucher vo v\u00fd\u0161ke 50 % z celkovej ceny. <\/p>\n<\/div>\n<\/div>\n\n\n\n<div class=\"wp-block-column is-style-shadow has-background-background-color has-background is-layout-flow wp-container-core-column-is-layout-dba16a7e wp-block-column-is-layout-flow\" style=\"border-style:none;border-width:0px;padding-top:0;padding-right:0;padding-bottom:0;padding-left:0\">\n<div class=\"wp-block-group has-background-color has-text-color has-background has-global-padding is-layout-constrained wp-container-core-group-is-layout-4a803732 wp-block-group-is-layout-constrained\" style=\"border-top-left-radius:20px;border-top-right-radius:20px;background-color:#ba9b37;padding-top:20px;padding-right:30px;padding-bottom:20px;padding-left:30px\">\n<div style=\"height:20px\" aria-hidden=\"true\" class=\"wp-block-spacer\"><\/div>\n\n\n\n<h3 class=\"wp-block-heading has-text-align-center has-white-color has-text-color\" style=\"font-size:clamp(18.959px, 1.185rem + ((1vw - 3.2px) * 1.15), 30px);\">Menej ne\u017e 2 dni pred akciou<\/h3>\n\n\n\n<div style=\"height:20px\" aria-hidden=\"true\" class=\"wp-block-spacer\"><\/div>\n<\/div>\n\n\n\n<div class=\"wp-block-group has-global-padding is-layout-constrained wp-container-core-group-is-layout-c1694ee5 wp-block-group-is-layout-constrained\" style=\"border-style:none;border-width:0px;padding-top:40px;padding-right:40px;padding-bottom:40px;padding-left:40px\">\n<p class=\"has-text-align-center has-small-font-size\">V pr\u00edpade zru\u0161enia rezerv\u00e1cie do 48 hod\u00edn pred za\u010diatkom alebo nepr\u00edchodu si <strong>\u00fa\u010dtujeme pln\u00fa cenu<\/strong> rezerv\u00e1cie. <\/p>\n<\/div>\n<\/div>\n<\/div>\n<\/div>\n\n\n\n<div class=\"wp-block-group alignfull has-white-background-color has-background has-global-padding is-layout-constrained wp-block-group-is-layout-constrained\">\n<p class=\"has-text-align-center\"><strong>\u2731<\/strong>&nbsp;<strong>Rezerv\u00e1cie s\u00fa prenosn\u00e9<\/strong><br>Ak sa nem\u00f4\u017eete z\u00fa\u010dastni\u0165, m\u00f4\u017eete svoju rezerv\u00e1ciu darova\u0165 niekomu in\u00e9mu. Sta\u010d\u00ed n\u00e1m vopred nap\u00edsa\u0165 meno nov\u00e9ho n\u00e1v\u0161tevn\u00edka.<\/p>\n\n\n\n<p class=\"has-text-align-center\"><strong>\u2731<\/strong>&nbsp;<strong>Zl\u00e9 po\u010dasie alebo in\u00e9 vy\u0161\u0161ie moci<\/strong><br>Ak by sme museli udalos\u0165 zru\u0161i\u0165 z na\u0161ej strany (napr. extr\u00e9mne po\u010dasie, zdravotn\u00e9 d\u00f4vody u zvierat), pon\u00fakneme v\u00e1m nov\u00fd term\u00edn alebo pln\u00fa refund\u00e1ciu.<\/p>\n\n\n\n<p class=\"has-text-align-center\"><strong>\u2731<\/strong>&nbsp;&#8222;<strong>Ako urob\u00edm storno?<\/strong>&#8222;<br>Prejdite do sekcie &#8218;Kontakt&#8216; kde n\u00e1jdete n\u00e1\u0161 Kontaktn\u00fd formul\u00e1r. Po vyplnen\u00ed tohto formul\u00e1ru V\u00e1m odp\u00ed\u0161eme prostredn\u00edctvom e-mailu. Odpoveda\u0165 sa st\u00e1le sna\u017e\u00edme \u010do najsk\u00f4r, no ka\u017ed\u00fa po\u017eiadavku rie\u0161ime individu\u00e1lne preto n\u00e1m to m\u00f4\u017ee chv\u00ed\u013eku trva\u0165, za \u010do sa vopred ospravedl\u0148ujeme a \u010fakujeme za pochopenie. Ak je Va\u0161a po\u017eiadavka \u010di ot\u00e1zka urgentn\u00e1, m\u00f4\u017eete sa na n\u00e1s obr\u00e1ti\u0165 aj na na\u0161om telef\u00f3nnom \u010d\u00edsle.<\/p>\n\n\n\n<p class=\"has-text-align-center\"><\/p>\n<\/div>\n\n\n\n<div class=\"wp-block-group alignfull pattern_multiple_covers has-background has-global-padding is-layout-constrained wp-block-group-is-layout-constrained\" id=\"services\" style=\"background-color:#ba9b37\">\n<p class=\"has-text-align-left has-primary-color has-text-color\" style=\"letter-spacing:1px\"><br><strong>\u2731 OBJAVTE OSTATN\u00c9 AKTIVITY S ALPAKAMI!<\/strong><\/p>\n\n\n\n<h2 class=\"wp-block-heading has-text-align-left\">Presk\u00famajte na\u0161e \u010fal\u0161ie aktivity&#8230;<\/h2>\n\n\n\n<div class=\"wp-block-columns is-layout-flex wp-container-core-columns-is-layout-28f84493 wp-block-columns-is-layout-flex\">\n<div class=\"wp-block-column is-layout-flow wp-block-column-is-layout-flow\" style=\"padding-top:0;padding-right:0;padding-bottom:0;padding-left:0\">\n<div class=\"wp-block-cover has-custom-content-position is-position-bottom-left\" style=\"border-radius:10px;padding-top:var(--wp--preset--spacing--small);padding-right:var(--wp--preset--spacing--x-small);padding-bottom:var(--wp--preset--spacing--small);padding-left:var(--wp--preset--spacing--x-small)\"><img loading=\"lazy\" decoding=\"async\" width=\"1024\" height=\"635\" class=\"wp-block-cover__image-background wp-image-2135 size-large\" alt=\"\" src=\"https:\/\/alpacafe.sk\/wp-content\/uploads\/2024\/09\/KP_21-1024x635.jpg\" data-object-fit=\"cover\" srcset=\"https:\/\/alpacafe.sk\/wp-content\/uploads\/2024\/09\/KP_21-1024x635.jpg 1024w, https:\/\/alpacafe.sk\/wp-content\/uploads\/2024\/09\/KP_21-300x186.jpg 300w, https:\/\/alpacafe.sk\/wp-content\/uploads\/2024\/09\/KP_21-2000x1240.jpg 2000w, https:\/\/alpacafe.sk\/wp-content\/uploads\/2024\/09\/KP_21-scaled-18x12.jpg 18w\" sizes=\"auto, (max-width: 1024px) 100vw, 1024px\" \/><span aria-hidden=\"true\" class=\"wp-block-cover__background has-primary-background-color has-background-dim-70 has-background-dim\"><\/span><div class=\"wp-block-cover__inner-container is-layout-flow wp-block-cover-is-layout-flow\">\n<h3 class=\"wp-block-heading has-white-color has-text-color has-medium-font-size\" style=\"margin-top:0;margin-right:0;margin-bottom:0;margin-left:0\">Feed &amp; Greet<\/h3>\n\n\n\n<p class=\"has-lightgrey-color has-text-color has-link-color wp-elements-96485ab22c369e3730a95be595d2a6ca\" style=\"margin-top:0;margin-right:0;margin-bottom:0;margin-left:0\"><a href=\"https:\/\/alpacafe.sk\/en\/feed-greet\/\">K\u0155menie a spozn\u00e1vanie na\u0161ich alp\u00e1k \u2192<\/a><\/p>\n<\/div><\/div>\n<\/div>\n\n\n\n<div class=\"wp-block-column is-layout-flow wp-block-column-is-layout-flow\">\n<div class=\"wp-block-cover has-custom-content-position is-position-bottom-left\" style=\"border-radius:3.3%;padding-top:var(--wp--preset--spacing--small);padding-right:var(--wp--preset--spacing--x-small);padding-bottom:var(--wp--preset--spacing--small);padding-left:var(--wp--preset--spacing--x-small)\"><img loading=\"lazy\" decoding=\"async\" width=\"1024\" height=\"683\" class=\"wp-block-cover__image-background wp-image-1160 size-large\" alt=\"\" src=\"https:\/\/alpacafe.sk\/wp-content\/uploads\/2024\/06\/KP_14-4-1024x683.jpg\" data-object-fit=\"cover\" srcset=\"https:\/\/alpacafe.sk\/wp-content\/uploads\/2024\/06\/KP_14-4-1024x683.jpg 1024w, https:\/\/alpacafe.sk\/wp-content\/uploads\/2024\/06\/KP_14-4-300x200.jpg 300w, https:\/\/alpacafe.sk\/wp-content\/uploads\/2024\/06\/KP_14-4-2000x1333.jpg 2000w, https:\/\/alpacafe.sk\/wp-content\/uploads\/2024\/06\/KP_14-4-scaled-18x12.jpg 18w, https:\/\/alpacafe.sk\/wp-content\/uploads\/2024\/06\/KP_14-4-scaled-600x400.jpg 600w\" sizes=\"auto, (max-width: 1024px) 100vw, 1024px\" \/><span aria-hidden=\"true\" class=\"wp-block-cover__background has-primary-background-color has-background-dim-70 has-background-dim\"><\/span><div class=\"wp-block-cover__inner-container is-layout-flow wp-block-cover-is-layout-flow\">\n<h3 class=\"wp-block-heading has-white-color has-text-color has-medium-font-size\" style=\"margin-top:0;margin-right:0;margin-bottom:0;margin-left:0\">Breakfast with alpacas<\/h3>\n\n\n\n<p class=\"has-lightgrey-color has-text-color has-link-color wp-elements-73237c5362475baa6f8c19cfb72b5cc9\" style=\"margin-top:0;margin-right:0;margin-bottom:0;margin-left:0\"><a href=\"https:\/\/alpacafe.sk\/en\/cajova-party\/\" data-type=\"link\" data-id=\"https:\/\/alpacafe.sk\/sk\/cajova-party\/\"><\/a><a href=\"https:\/\/alpacafe.sk\/en\/ranajky-s-alpakami\/\">Jedine\u010dn\u00e1 ra\u0148ajkov\u00e1 terapia s alpakami \u2192<\/a><\/p>\n<\/div><\/div>\n<\/div>\n\n\n\n<div class=\"wp-block-column is-layout-flow wp-block-column-is-layout-flow\" style=\"padding-top:0;padding-right:0;padding-bottom:0;padding-left:0\">\n<div class=\"wp-block-cover has-custom-content-position is-position-bottom-left\" style=\"border-radius:10px;padding-top:var(--wp--preset--spacing--small);padding-right:var(--wp--preset--spacing--x-small);padding-bottom:var(--wp--preset--spacing--small);padding-left:var(--wp--preset--spacing--x-small)\"><img loading=\"lazy\" decoding=\"async\" width=\"1707\" height=\"2560\" class=\"wp-block-cover__image-background wp-image-1084\" alt=\"\" src=\"https:\/\/alpacafe.sk\/wp-content\/uploads\/2024\/06\/KP_32-scaled.jpg\" style=\"object-position:50% 9%\" data-object-fit=\"cover\" data-object-position=\"50% 9%\" srcset=\"https:\/\/alpacafe.sk\/wp-content\/uploads\/2024\/06\/KP_32-scaled.jpg 1707w, https:\/\/alpacafe.sk\/wp-content\/uploads\/2024\/06\/KP_32-200x300.jpg 200w, https:\/\/alpacafe.sk\/wp-content\/uploads\/2024\/06\/KP_32-683x1024.jpg 683w, https:\/\/alpacafe.sk\/wp-content\/uploads\/2024\/06\/KP_32-2000x3000.jpg 2000w, https:\/\/alpacafe.sk\/wp-content\/uploads\/2024\/06\/KP_32-scaled-8x12.jpg 8w, https:\/\/alpacafe.sk\/wp-content\/uploads\/2024\/06\/KP_32-scaled-600x900.jpg 600w\" sizes=\"auto, (max-width: 1707px) 100vw, 1707px\" \/><span aria-hidden=\"true\" class=\"wp-block-cover__background has-primary-background-color has-background-dim-70 has-background-dim\"><\/span><div class=\"wp-block-cover__inner-container is-layout-flow wp-block-cover-is-layout-flow\">\n<h3 class=\"wp-block-heading has-white-color has-text-color has-medium-font-size\" style=\"margin-top:0;margin-right:0;margin-bottom:0;margin-left:0\">Double Date<\/h3>\n\n\n\n<p class=\"has-lightgrey-color has-text-color has-link-color wp-elements-877673abf5ddd0e0ea9faf50b4528cb2\" style=\"margin-top:0;margin-right:0;margin-bottom:0;margin-left:0\"><a href=\"https:\/\/alpacafe.sk\/en\/cajova-party\/\" data-type=\"link\" data-id=\"https:\/\/alpacafe.sk\/sk\/cajova-party\/\"><\/a><a href=\"https:\/\/alpacafe.sk\/en\/double-date\/\">Ve\u010dern\u00e1 prech\u00e1dzka a k\u0155menie alp\u00e1k \u2192<\/a><\/p>\n<\/div><\/div>\n<\/div>\n<\/div>\n\n\n\n<div style=\"height:103px\" aria-hidden=\"true\" class=\"wp-block-spacer\"><\/div>\n<\/div>\n\n\n\n<p><\/p>","protected":false},"excerpt":{"rendered":"<p>terapeutick\u00e1 prech\u00e1dzka s alpakami \u2731\u00a0Krok za krokom k pokoju Niektor\u00e9 chv\u00edle n\u00e1s dok\u00e1\u017eu zastavi\u0165 \u2013 nie silou, ale pokojom. Prech\u00e1dzka s alpakami je jednou z nich. V AlpaCaf\u00e9 ver\u00edme, \u017ee kontakt s pr\u00edrodou a zvieratami dok\u00e1\u017ee preh\u013abi\u0165 n\u00e1\u0161 vz\u0165ah k sebe sam\u00e9mu. Preto sme pre v\u00e1s pripravili jemn\u00fa, vedom\u00fa aktivitu, ktor\u00e1 v\u00e1s zavedie do tich\u00e9ho &hellip; <\/p>\n<p class=\"link-more\"><a href=\"http:\/\/alpacafe.sk\/en\/prechadzka-s-alpakami\/\" class=\"more-link\">Read more<span class=\"screen-reader-text\"> &#8222;Prech\u00e1dzka s alpakami&#8220;<\/span><\/a><\/p>","protected":false},"author":1,"featured_media":0,"parent":0,"menu_order":0,"comment_status":"closed","ping_status":"closed","template":"","meta":{"footnotes":""},"class_list":["post-2116","page","type-page","status-publish","hentry"],"_links":{"self":[{"href":"http:\/\/alpacafe.sk\/en\/wp-json\/wp\/v2\/pages\/2116","targetHints":{"allow":["GET"]}}],"collection":[{"href":"http:\/\/alpacafe.sk\/en\/wp-json\/wp\/v2\/pages"}],"about":[{"href":"http:\/\/alpacafe.sk\/en\/wp-json\/wp\/v2\/types\/page"}],"author":[{"embeddable":true,"href":"http:\/\/alpacafe.sk\/en\/wp-json\/wp\/v2\/users\/1"}],"replies":[{"embeddable":true,"href":"http:\/\/alpacafe.sk\/en\/wp-json\/wp\/v2\/comments?post=2116"}],"version-history":[{"count":6,"href":"http:\/\/alpacafe.sk\/en\/wp-json\/wp\/v2\/pages\/2116\/revisions"}],"predecessor-version":[{"id":3648,"href":"http:\/\/alpacafe.sk\/en\/wp-json\/wp\/v2\/pages\/2116\/revisions\/3648"}],"wp:attachment":[{"href":"http:\/\/alpacafe.sk\/en\/wp-json\/wp\/v2\/media?parent=2116"}],"curies":[{"name":"wp","href":"https:\/\/api.w.org\/{rel}","templated":true}]}}