{"id":107,"date":"2024-02-04T19:54:47","date_gmt":"2024-02-04T19:54:47","guid":{"rendered":"https:\/\/alpacafe.sk\/?page_id=107"},"modified":"2025-11-29T11:52:03","modified_gmt":"2025-11-29T10:52:03","slug":"feed-greet","status":"publish","type":"page","link":"http:\/\/alpacafe.sk\/en\/feed-greet\/","title":{"rendered":"Feed and greet"},"content":{"rendered":"<div class=\"wp-block-cover alignfull\" style=\"min-height:100vh;aspect-ratio:unset;\"><video class=\"wp-block-cover__video-background intrinsic-ignore\" autoplay muted loop playsinline src=\"https:\/\/alpacafe.sk\/wp-content\/uploads\/2025\/05\/Video-2.mov\" data-object-fit=\"cover\"><\/video><span aria-hidden=\"true\" class=\"wp-block-cover__background has-primary-background-color has-background-dim\"><\/span><div class=\"wp-block-cover__inner-container is-layout-flow wp-block-cover-is-layout-flow\">\n<p class=\"has-text-align-center has-white-color has-text-color\" style=\"font-size:clamp(37.821px, 2.364rem + ((1vw - 3.2px) * 3.352), 70px);font-style:normal;font-weight:900\"><strong>Feed &amp; Greet<\/strong><\/p>\n\n\n\n<p class=\"has-text-align-center has-white-color has-text-color has-medium-font-size\" style=\"letter-spacing:1px\">Alpaka terapia zameran\u00e1 na k\u0155menie a spozn\u00e1vanie na\u0161ich alp\u00e1k\u2026<\/p>\n\n\n\n<div class=\"wp-block-buttons is-content-justification-center is-layout-flex wp-container-core-buttons-is-layout-a89b3969 wp-block-buttons-is-layout-flex\">\n<div class=\"wp-block-button is-style-outline is-style-outline--1\"><a class=\"wp-block-button__link has-white-color has-text-color wp-element-button\" href=\"https:\/\/alpacafe.sk\/en\/rezervacie\/\" style=\"border-radius:0px\">Make a reservation \u2192<\/a><\/div>\n<\/div>\n<\/div><\/div>\n\n\n\n<div class=\"wp-block-group has-global-padding is-layout-constrained wp-block-group-is-layout-constrained\">\n<div class=\"wp-block-columns is-layout-flex wp-container-core-columns-is-layout-28f84493 wp-block-columns-is-layout-flex\">\n<div class=\"wp-block-column is-style-default is-layout-flow wp-block-column-is-layout-flow\" style=\"border-style:none;border-width:0px;padding-top:0;padding-right:0;padding-bottom:0;padding-left:0\">\n<div class=\"wp-block-columns is-layout-flex wp-container-core-columns-is-layout-7db7aa3e wp-block-columns-is-layout-flex\" style=\"padding-right:0;padding-left:0\">\n<div class=\"wp-block-column is-vertically-aligned-center is-layout-flow wp-block-column-is-layout-flow\">\n<h2 class=\"wp-block-heading has-medium-font-size\" style=\"text-transform:uppercase\"><strong>FEED &amp; GREET<\/strong><\/h2>\n\n\n\n<p><strong>\u2731<\/strong>&nbsp;<strong>K\u0155menie a spozn\u00e1vanie alp\u00e1k<\/strong><\/p>\n\n\n\n<p>Chceli by ste k\u0155mi\u0165 na\u0161e alpaky priamo z ruky a pohladka\u0165 ich m\u00e4kk\u00fa vlnit\u00fa srs\u0165? Ak \u00e1no, t\u00e1to aktivita je presne pre v\u00e1s! Pri aktivite Feed and Greet si m\u00f4\u017eete vychutna\u0165 nie len interakciu s alpakami, ale aj sa dozviete mno\u017estvo zauj\u00edmav\u00fdch inform\u00e1ci\u00ed o nich, ich osobitostiach a \u017eivote v na\u0161om resorte. Po skon\u010den\u00ed aktivity sa m\u00f4\u017eete odmeni\u0165 n\u00e1pojom pod\u013ea V\u00e1\u0161ho v\u00fdberu&nbsp;ku ktor\u00e9mu dostanete aj sladk\u00fd alebo slan\u00fd sez\u00f3nny snack. Te\u0161\u00edme sa na stretnutie s vami a na to, \u017ee v\u00e1m predstav\u00edme na\u0161e milovan\u00e9 alpaky a ich jedine\u010dn\u00fd \u017eivot.<\/p>\n\n\n\n<p class=\"has-text-color has-link-color wp-elements-8fd6ba473e043a54a76c15995efb5e6f\" style=\"color:#ba9b37\"><strong>\u2731<\/strong> <strong>Na v\u0161etky na\u0161e aktivity s alpakami maj\u00fa deti do 3 rokov (vr\u00e1tane) VSTUP ZDARMA! <\/strong>Sta\u010d\u00ed, \u017ee n\u00e1m uvediete po\u010det det\u00ed do 3 rokov do pozn\u00e1mky pri vytvoren\u00ed rezerv\u00e1cie. <\/p>\n\n\n\n<div class=\"wp-block-buttons is-horizontal is-content-justification-left is-layout-flex wp-container-core-buttons-is-layout-20be11b6 wp-block-buttons-is-layout-flex\">\n<div class=\"wp-block-button is-style-outline is-style-outline--2\"><a class=\"wp-block-button__link has-text-align-center wp-element-button\" href=\"https:\/\/alpacafe.sk\/en\/rezervacie\/\" style=\"border-radius:10px\">Prezrite si na\u0161e dostupn\u00e9 term\u00edny \u2192<\/a><\/div>\n<\/div>\n\n\n\n<p><\/p>\n<\/div>\n\n\n\n<div class=\"wp-block-column is-layout-flow wp-block-column-is-layout-flow\">\n<figure class=\"wp-block-image size-large has-custom-border\"><img loading=\"lazy\" decoding=\"async\" width=\"819\" height=\"1024\" src=\"https:\/\/alpacafe.sk\/wp-content\/uploads\/2025\/05\/3-2-819x1024.jpeg\" alt=\"\" class=\"wp-image-3574\" style=\"border-radius:27px\" srcset=\"https:\/\/alpacafe.sk\/wp-content\/uploads\/2025\/05\/3-2-819x1024.jpeg 819w, https:\/\/alpacafe.sk\/wp-content\/uploads\/2025\/05\/3-2-240x300.jpeg 240w, https:\/\/alpacafe.sk\/wp-content\/uploads\/2025\/05\/3-2-10x12.jpeg 10w, https:\/\/alpacafe.sk\/wp-content\/uploads\/2025\/05\/3-2.jpeg 992w\" sizes=\"auto, (max-width: 819px) 100vw, 819px\" \/><\/figure>\n<\/div>\n<\/div>\n<\/div>\n<\/div>\n<\/div>\n\n\n\n<div class=\"wp-block-group alignfull has-background has-global-padding is-layout-constrained wp-block-group-is-layout-constrained\" style=\"background-color:#f2f3ec;padding-top:var(--wp--preset--spacing--small);padding-bottom:var(--wp--preset--spacing--small)\">\n<div class=\"wp-block-columns is-layout-flex wp-container-core-columns-is-layout-7db7aa3e wp-block-columns-is-layout-flex\" style=\"padding-right:0;padding-left:0\">\n<div class=\"wp-block-column is-vertically-aligned-center is-layout-flow wp-block-column-is-layout-flow\">\n<h2 class=\"wp-block-heading has-medium-font-size\" style=\"text-transform:uppercase\"><strong>\u2731<\/strong>&nbsp;<strong>Ako t\u00e1to aktivita prebieha?<\/strong><\/h2>\n\n\n\n<p>Odd\u00fdchnite si a na\u010derpajte pokoj v pr\u00edtomnosti na\u0161ich alp\u00e1k priamo v AlpaCaf\u00e9.&nbsp;<strong>Feed &amp; Greet<\/strong>&nbsp;je pokojn\u00e1 forma z\u00e1\u017eitkovej terapie, pri ktorej <strong>zost\u00e1vate usaden\u00ed a alpaky pr\u00eddu za vami<\/strong>.<\/p>\n\n\n\n<p>V pr\u00edjemnom prostred\u00ed n\u00e1\u0161ho bistra si vychutn\u00e1te chv\u00edle ticha, smiechu a nen\u00faten\u00e9ho kontaktu so zvieratami, ktor\u00e9 si s l\u00e1skou pr\u00eddu po svoj ob\u013e\u00faben\u00fd snack. Vy k\u0155mite, oni si v\u00e1s zvedavo obzeraj\u00fa a vn\u00edmaj\u00fa \u2013 bez slov, no s pln\u00fdm porozumen\u00edm.<\/p>\n\n\n\n<ol class=\"wp-block-list\">\n<li>Po vstupe do are\u00e1lu zabo\u010dte do prava, kde n\u00e1jdete na\u0161e AlpaCaf\u00e9 bistro. Pros\u00edme v\u00e1s o dochv\u00ed\u013enos\u0165, aktivita za\u010d\u00edna v presne stanoven\u00fd \u010das.<\/li>\n\n\n\n<li>N\u00e1\u0161mu person\u00e1lu uk\u00e1\u017ete Va\u0161e <strong>potvrdenie o rezerv\u00e1cii<\/strong> a n\u00e1sledne budete usaden\u00ed k V\u00e1\u0161mu stolu.<\/li>\n\n\n\n<li>Po \u00favodn\u00fdch in\u0161trukci\u00e1ch od na\u0161ich sprievodcov pr\u00eddu alpaky a bud\u00fa sa <strong>vo\u013ene pohybova\u0165 medzi vami<\/strong>.<\/li>\n\n\n\n<li>Ka\u017ed\u00fd \u00fa\u010dastn\u00edk dostane n\u00e1dobku s porciou krmiva \u2013 <strong>krmivo d\u00e1vkujte pomaly<\/strong>, po men\u0161\u00edch mno\u017estv\u00e1ch aby sa alpak\u00e1m \u013eah\u0161ie pre\u017e\u00favalo. Mno\u017estvo krmiva je vopred ur\u010den\u00e9 a schv\u00e1len\u00e9 na\u0161\u00edm veterin\u00e1rom kv\u00f4li citliv\u00e9mu tr\u00e1veniu alp\u00e1k, preto ho nie je mo\u017en\u00e9 nav\u00fd\u0161i\u0165. <strong>D\u013a\u017eka samotn\u00e9ho k\u0155menia z\u00e1vis\u00ed teda hlavne od v\u00e1s<\/strong> \u2013 \u010d\u00edm pokojnej\u0161ie si chv\u00edle vychutn\u00e1te, t\u00fdm dlh\u0161ie potrv\u00e1.<\/li>\n\n\n\n<li>Po skon\u010den\u00ed k\u0155menia n\u00e1\u0161 person\u00e1l alpaky odprevad\u00ed ved\u013ea do ohr\u00e1dky kde ich e\u0161te chv\u00ed\u013eu m\u00f4\u017eete pozorova\u0165 pri ich oddychu. Vy si zatia\u013e m\u00f4\u017eete v pokoji vychutna\u0165 svoj n\u00e1poj a vybran\u00fd snack.<\/li>\n<\/ol>\n\n\n\n<p class=\"has-medium-font-size\"><strong>\u2731<\/strong>&nbsp;<strong>V\u0160EOBECN\u00c9 ODPOR\u00da\u010cANIA A N\u00c1V\u0160TEVA S DE\u0164MI<\/strong><\/p>\n\n\n\n<p>Feed &amp; Greet&nbsp;je ide\u00e1lny sp\u00f4sob, ako si na chv\u00ed\u013eu odd\u00fdchnu\u0165 od ka\u017edodenn\u00e9ho zhonu a znovu sa naladi\u0165 \u2013 na pr\u00edrodu, na zvierat\u00e1, aj na seba. Pri tejto aktivite <strong>zost\u00e1vate pokojne usaden\u00ed<\/strong>, aby alpaky mohli prirodzene pr\u00eds\u0165 k v\u00e1m. <strong>\u010c\u00edm viac pokoja v sebe n\u00e1jdete, t\u00fdm viac v\u00e1m ho tieto v\u00fdnimo\u010dn\u00e9 zvierat\u00e1 vr\u00e1tia.<\/strong><\/p>\n\n\n\n<p><strong>Z\u00e1\u017eitok je vhodn\u00fd aj pre deti, no len v sprievode dospelej osoby<\/strong>, ktor\u00e1 dohliadne na ich spr\u00e1vanie. Ke\u010f\u017ee ide o ve\u013emi kontaktn\u00fa aktivitu, samostatn\u00fd vstup det\u00ed nie je mo\u017en\u00fd.<\/p>\n\n\n\n<p>Pros\u00edme v\u00e1s o <strong>re\u0161pektovanie pokynov n\u00e1\u0161ho person\u00e1lu<\/strong> \u2013 sl\u00fa\u017eia na ochranu v\u00e1s, ostatn\u00fdch host\u00ed aj samotn\u00fdch alp\u00e1k. Ak by do\u0161lo k nevhodn\u00e9mu spr\u00e1vaniu, ktor\u00e9 by mohlo naru\u0161i\u0165 priebeh aktivity alebo ohrozi\u0165 bezpe\u010die, vyhradzujeme si pr\u00e1vo zasiahnu\u0165.<\/p>\n\n\n\n<p>\u010eakujeme, \u017ee k n\u00e1m prich\u00e1dzate s re\u0161pektom, zvedavos\u0165ou a otvoren\u00fdm srdcom. V takom naladen\u00ed vznikaj\u00fa tie najkraj\u0161ie chv\u00edle \u2013 tich\u00e9, \u00faprimn\u00e9 a nezabudnute\u013en\u00e9.<\/p>\n<\/div>\n<\/div>\n<\/div>\n\n\n\n<div class=\"wp-block-group alignfull has-white-background-color has-background has-global-padding is-layout-constrained wp-block-group-is-layout-constrained\">\n<p><\/p>\n\n\n\n<h2 class=\"wp-block-heading alignwide has-text-align-center has-large-font-size\" id=\"inspiro-is-a-digital-product-agency-that-focuses-on-strategy-and-design\" style=\"font-style:normal;font-weight:100\"><strong>\u2731<\/strong> <strong>Aktu\u00e1lna ponuka ob\u010derstvenia<\/strong><\/h2>\n\n\n\n<p>Ka\u017ed\u00fd n\u00e1v\u0161tevn\u00edk si pri vytvoren\u00ed rezerv\u00e1cie m\u00f4\u017ee vybra\u0165&nbsp;<strong>jeden sez\u00f3nny snack<\/strong>, ktor\u00fd pre v\u00e1s priprav\u00edme a naserv\u00edrujeme po z\u00e1\u017eitku. V\u00fdber je mo\u017en\u00fd pre ka\u017ed\u00fa osobu zvl\u00e1\u0161\u0165. <strong>Tento v\u00fdber nie je mo\u017en\u00e9 zmeni\u0165 na mieste.<\/strong><\/p>\n\n\n\n<div class=\"wp-block-columns is-layout-flex wp-container-core-columns-is-layout-28f84493 wp-block-columns-is-layout-flex\">\n<div class=\"wp-block-column is-layout-flow wp-block-column-is-layout-flow\">\n<h3 class=\"wp-block-heading has-text-align-center has-text-color has-medium-font-size\" style=\"color:#ba9b37\"><strong>\u2731<\/strong> <strong>Nachos s cheddarom<\/strong><\/h3>\n\n\n\n<p class=\"has-text-align-center has-text-color\" style=\"color:#7a7a7a\">Tepl\u00e9 nachos so zape\u010den\u00fdm cheddarom, ktor\u00fd sa kr\u00e1sne roztop\u00ed na vrchu. Tento snack sa pod\u00e1va s BBQ om\u00e1\u010dkou.<\/p>\n<\/div>\n\n\n\n<div class=\"wp-block-column is-layout-flow wp-block-column-is-layout-flow\">\n<h3 class=\"wp-block-heading has-text-align-center has-text-color has-medium-font-size\" style=\"color:#ba9b37\"><strong><strong>\u2731<\/strong> <strong>Sladk\u00e9 lievance<\/strong><\/strong><\/h3>\n\n\n\n<p class=\"has-text-align-center has-text-color\" style=\"color:#7a7a7a\">Nad\u00fdchan\u00e9 lievance s vanilkovo-Lotus kr\u00e9mom, ozdoben\u00e9 \u010derstv\u00fdm sez\u00f3nnym ovoc\u00edm.<\/p>\n\n\n\n<p class=\"has-text-align-center has-text-color has-link-color has-medium-font-size wp-elements-a02906cf5416b6b2e2f26bdcdca7f238\" style=\"color:#ba9b37\"><strong><strong>\u2731<\/strong> <strong>Medovn\u00edkov\u00fd kol\u00e1\u010d<\/strong><\/strong><\/p>\n<\/div>\n\n\n\n<div class=\"wp-block-column is-layout-flow wp-block-column-is-layout-flow\">\n<h3 class=\"wp-block-heading has-text-align-center has-text-color has-medium-font-size\" style=\"color:#ba9b37\"><strong><strong>\u2731<\/strong> <strong>Hor\u00faca \u010dokol\u00e1da<\/strong><\/strong><\/h3>\n\n\n\n<p class=\"has-text-align-center has-text-color\" style=\"color:#7a7a7a\">Hor\u00faca \u010dokol\u00e1da so \u0161\u013eaha\u010dkou a na\u0161ou dom\u00e1cou alpaka su\u0161ienkou. Sladk\u00e1 bodka, ktor\u00e1 pote\u0161\u00ed mal\u00fdch aj ve\u013ek\u00fdch.<\/p>\n<\/div>\n<\/div>\n\n\n\n<h3 class=\"wp-block-heading has-large-font-size\" id=\"inspiro-is-a-digital-product-agency-that-focuses-on-strategy-and-desig\" style=\"font-style:normal;font-weight:300\"><\/h3>\n<\/div>\n\n\n\n<div class=\"wp-block-group alignwide has-background has-global-padding is-layout-constrained wp-block-group-is-layout-constrained\" style=\"background-color:#053c5c;padding-top:var(--wp--preset--spacing--small);padding-bottom:var(--wp--preset--spacing--small)\">\n<div class=\"wp-block-columns is-layout-flex wp-container-core-columns-is-layout-7db7aa3e wp-block-columns-is-layout-flex\" style=\"padding-right:0;padding-left:0\">\n<div class=\"wp-block-column is-vertically-aligned-center is-layout-flow wp-block-column-is-layout-flow\">\n<h2 class=\"wp-block-heading has-white-color has-text-color has-link-color has-medium-font-size wp-elements-3dbe49e781498cbdc0e6395538e1af4b\" style=\"text-transform:uppercase\"><strong>\u2731<\/strong> ODPOR\u00da\u010cAN\u00c1 PR\u00edprava pred n\u00e1v\u0161tevou<\/h2>\n\n\n\n<p class=\"has-white-color has-text-color has-link-color wp-elements-728e22c49e56dff2d6a4c8057d7744be\">T\u00e1to aktivita sa kon\u00e1 v na\u0161om AlpaCaf\u00e9 bistre, ktor\u00e9 je polootvoren\u00e9. Z tohto d\u00f4vodu odpor\u00fa\u010dame zvoli\u0165 oble\u010denie primeran\u00e9 po\u010dasiu v dan\u00fd de\u0148. Odpor\u00fa\u010dame si obliec\u0165 oble\u010denie aj obuv, ktor\u00e9 sa m\u00f4\u017eu za\u0161pini\u0165. Sand\u00e1le alebo otvoren\u00e1 obuv sa neodpor\u00fa\u010da, preto\u017ee alpaky v\u00e1m m\u00f4\u017eu nechtiac st\u00fapi\u0165 na nohu. Ako aj psy, alpaky maj\u00fa pod labkami mozole, no ich nechty m\u00f4\u017eu by\u0165 ostrej\u0161ie.<\/p>\n\n\n\n<p class=\"has-white-color has-text-color has-link-color wp-elements-14d6c333747f9e4aed768d156939f1dd\">Ke\u010f\u017ee sa t\u00e1to aktivita kon\u00e1 v AlpaCaf\u00e9 bistre, je mo\u017en\u00e9 ju absolvova\u0165 aj v nepriaznivom po\u010das\u00ed. V zimn\u00fdch mesiacoch je bistro vyhrievan\u00e9, av\u0161ak odpor\u00fa\u010dame sa obliec\u0165 teplej\u0161ie, ke\u010f\u017ee V\u00e1m m\u00f4\u017ee by\u0165 chladno. V lete odpor\u00fa\u010dame donies\u0165 si pokr\u00fdvku hlavy, slne\u010dn\u00e9 okuliare a pou\u017ei\u0165 opa\u013eovac\u00ed kr\u00e9m.<\/p>\n<\/div>\n\n\n\n<div class=\"wp-block-column is-layout-flow wp-block-column-is-layout-flow\">\n<figure class=\"wp-block-image size-full has-custom-border\"><img loading=\"lazy\" decoding=\"async\" width=\"2560\" height=\"1920\" src=\"https:\/\/alpacafe.sk\/wp-content\/uploads\/2025\/05\/KP_80-edited-1-scaled.jpg\" alt=\"\" class=\"wp-image-3554\" style=\"border-radius:19px\" srcset=\"https:\/\/alpacafe.sk\/wp-content\/uploads\/2025\/05\/KP_80-edited-1-scaled.jpg 2560w, https:\/\/alpacafe.sk\/wp-content\/uploads\/2025\/05\/KP_80-edited-1-300x225.jpg 300w, https:\/\/alpacafe.sk\/wp-content\/uploads\/2025\/05\/KP_80-edited-1-1024x768.jpg 1024w, https:\/\/alpacafe.sk\/wp-content\/uploads\/2025\/05\/KP_80-edited-1-2000x1500.jpg 2000w, https:\/\/alpacafe.sk\/wp-content\/uploads\/2025\/05\/KP_80-edited-1-scaled-16x12.jpg 16w\" sizes=\"auto, (max-width: 2560px) 100vw, 2560px\" \/><\/figure>\n<\/div>\n<\/div>\n<\/div>\n\n\n\n<div class=\"wp-block-group alignfull has-global-padding is-layout-constrained wp-block-group-is-layout-constrained\" style=\"margin-top:0px\">\n<p><\/p>\n\n\n\n<h2 class=\"wp-block-heading has-text-align-center has-text-align-left has-x-large-font-size\" id=\"pricing-table\"><strong>\u2731<\/strong> Cancellation terms<\/h2>\n\n\n\n<div class=\"wp-block-columns has-smaller-left-margin is-layout-flex wp-container-core-columns-is-layout-28f84493 wp-block-columns-is-layout-flex\">\n<div class=\"wp-block-column is-style-shadow has-background-background-color has-background is-layout-flow wp-container-core-column-is-layout-dba16a7e wp-block-column-is-layout-flow\" style=\"padding-top:0;padding-right:0;padding-bottom:0;padding-left:0\">\n<div class=\"wp-block-group has-background-color has-text-color has-background is-layout-flow wp-block-group-is-layout-flow\" style=\"border-top-left-radius:20px;border-top-right-radius:20px;background-color:#ba9b37;padding-top:20px;padding-right:30px;padding-bottom:20px;padding-left:30px\">\n<div style=\"height:20px\" aria-hidden=\"true\" class=\"wp-block-spacer\"><\/div>\n\n\n\n<h3 class=\"wp-block-heading has-text-align-center has-white-color has-text-color\" style=\"font-size:clamp(18.959px, 1.185rem + ((1vw - 3.2px) * 1.15), 30px);\">7+ days before the start of the event<\/h3>\n\n\n\n<div style=\"height:20px\" aria-hidden=\"true\" class=\"wp-block-spacer\"><\/div>\n<\/div>\n\n\n\n<div class=\"wp-block-group is-layout-flow wp-container-core-group-is-layout-8a7de2ab wp-block-group-is-layout-flow\" style=\"border-style:none;border-width:0px;padding-top:40px;padding-right:40px;padding-bottom:40px;padding-left:40px\">\n<p class=\"has-text-align-center has-small-font-size\"><strong>Zmena term\u00ednu zdarma, alebo 100\u202f% vr\u00e1tenie pe\u0148az\u00ed.<\/strong><br>Ak si nov\u00fd term\u00edn nevyberiete hne\u010f, dostanete voucher platn\u00fd 3 mesiace.<\/p>\n<\/div>\n<\/div>\n\n\n\n<div class=\"wp-block-column is-style-shadow has-background-background-color has-background is-layout-flow wp-container-core-column-is-layout-dba16a7e wp-block-column-is-layout-flow\" style=\"border-style:none;border-width:0px;padding-top:0;padding-right:0;padding-bottom:0;padding-left:0\">\n<div class=\"wp-block-group has-background-color has-text-color has-background has-global-padding is-layout-constrained wp-container-core-group-is-layout-4a803732 wp-block-group-is-layout-constrained\" style=\"border-top-left-radius:20px;border-top-right-radius:20px;background-color:#053c5c;padding-top:20px;padding-right:30px;padding-bottom:20px;padding-left:30px\">\n<div style=\"height:20px\" aria-hidden=\"true\" class=\"wp-block-spacer\"><\/div>\n\n\n\n<h3 class=\"wp-block-heading has-text-align-center has-white-color has-text-color\" style=\"font-size:clamp(18.959px, 1.185rem + ((1vw - 3.2px) * 1.15), 30px);\">3 \u2013 6 dn\u00ed pred za\u010dat\u00edm akcie<\/h3>\n\n\n\n<div style=\"height:20px\" aria-hidden=\"true\" class=\"wp-block-spacer\"><\/div>\n<\/div>\n\n\n\n<div class=\"wp-block-group has-global-padding is-layout-constrained wp-container-core-group-is-layout-c1694ee5 wp-block-group-is-layout-constrained\" style=\"border-style:none;border-width:0px;padding-top:40px;padding-right:40px;padding-bottom:40px;padding-left:40px\">\n<p class=\"has-text-align-center has-small-font-size\">Pok\u00fasime sa n\u00e1js\u0165 n\u00e1hradn\u00edkov \u2013 ak sa n\u00e1m to podar\u00ed, pon\u00fakneme V\u00e1m zmenu term\u00ednu alebo 100% vr\u00e1tenie pe\u0148az\u00ed. Ak n\u00e1hradn\u00edkov nen\u00e1jdeme, poskytneme v\u00e1m voucher vo v\u00fd\u0161ke 50 % z celkovej ceny. <\/p>\n<\/div>\n<\/div>\n\n\n\n<div class=\"wp-block-column is-style-shadow has-background-background-color has-background is-layout-flow wp-container-core-column-is-layout-dba16a7e wp-block-column-is-layout-flow\" style=\"border-style:none;border-width:0px;padding-top:0;padding-right:0;padding-bottom:0;padding-left:0\">\n<div class=\"wp-block-group has-background-color has-text-color has-background has-global-padding is-layout-constrained wp-container-core-group-is-layout-4a803732 wp-block-group-is-layout-constrained\" style=\"border-top-left-radius:20px;border-top-right-radius:20px;background-color:#ba9b37;padding-top:20px;padding-right:30px;padding-bottom:20px;padding-left:30px\">\n<div style=\"height:20px\" aria-hidden=\"true\" class=\"wp-block-spacer\"><\/div>\n\n\n\n<h3 class=\"wp-block-heading has-text-align-center has-white-color has-text-color\" style=\"font-size:clamp(18.959px, 1.185rem + ((1vw - 3.2px) * 1.15), 30px);\">Menej ne\u017e 2 dni pred akciou<\/h3>\n\n\n\n<div style=\"height:20px\" aria-hidden=\"true\" class=\"wp-block-spacer\"><\/div>\n<\/div>\n\n\n\n<div class=\"wp-block-group has-global-padding is-layout-constrained wp-container-core-group-is-layout-c1694ee5 wp-block-group-is-layout-constrained\" style=\"border-style:none;border-width:0px;padding-top:40px;padding-right:40px;padding-bottom:40px;padding-left:40px\">\n<p class=\"has-text-align-center has-small-font-size\">V pr\u00edpade zru\u0161enia rezerv\u00e1cie do 48 hod\u00edn pred za\u010diatkom alebo nepr\u00edchodu si <strong>\u00fa\u010dtujeme pln\u00fa cenu<\/strong> rezerv\u00e1cie. <\/p>\n<\/div>\n<\/div>\n<\/div>\n<\/div>\n\n\n\n<div class=\"wp-block-group alignfull has-white-background-color has-background has-global-padding is-layout-constrained wp-block-group-is-layout-constrained\">\n<p class=\"has-text-align-center\"><strong>\u2731<\/strong>&nbsp;<strong>Rezerv\u00e1cie s\u00fa prenosn\u00e9<\/strong><br>Ak sa nem\u00f4\u017eete z\u00fa\u010dastni\u0165, m\u00f4\u017eete svoju rezerv\u00e1ciu darova\u0165 niekomu in\u00e9mu. Sta\u010d\u00ed n\u00e1m vopred nap\u00edsa\u0165 meno nov\u00e9ho n\u00e1v\u0161tevn\u00edka.<\/p>\n\n\n\n<p class=\"has-text-align-center\"><strong>\u2731<\/strong>&nbsp;<strong>Zl\u00e9 po\u010dasie alebo in\u00e9 vy\u0161\u0161ie moci<\/strong><br>Ak by sme museli udalos\u0165 zru\u0161i\u0165 z na\u0161ej strany (napr. extr\u00e9mne po\u010dasie, zdravotn\u00e9 d\u00f4vody u zvierat), pon\u00fakneme v\u00e1m nov\u00fd term\u00edn alebo pln\u00fa refund\u00e1ciu.<\/p>\n\n\n\n<p class=\"has-text-align-center\"><strong>\u2731<\/strong>&nbsp;&#8222;<strong>Ako urob\u00edm storno?<\/strong>&#8222;<br>Prejdite do sekcie &#8218;Kontakt&#8216; kde n\u00e1jdete n\u00e1\u0161 Kontaktn\u00fd formul\u00e1r. Po vyplnen\u00ed tohto formul\u00e1ru V\u00e1m odp\u00ed\u0161eme prostredn\u00edctvom e-mailu. Odpoveda\u0165 sa st\u00e1le sna\u017e\u00edme \u010do najsk\u00f4r, no ka\u017ed\u00fa po\u017eiadavku rie\u0161ime individu\u00e1lne preto n\u00e1m to m\u00f4\u017ee chv\u00ed\u013eku trva\u0165, za \u010do sa vopred ospravedl\u0148ujeme a \u010fakujeme za pochopenie. Ak je Va\u0161a po\u017eiadavka \u010di ot\u00e1zka urgentn\u00e1, m\u00f4\u017eete sa na n\u00e1s obr\u00e1ti\u0165 aj na na\u0161om telef\u00f3nnom \u010d\u00edsle.<\/p>\n\n\n\n<p class=\"has-text-align-center\"><\/p>\n<\/div>\n\n\n\n<div class=\"wp-block-group alignfull pattern_multiple_covers has-background has-global-padding is-layout-constrained wp-block-group-is-layout-constrained\" id=\"services\" style=\"background-color:#ba9b37\">\n<p class=\"has-text-align-left has-primary-color has-text-color\" style=\"letter-spacing:1px\"><br><strong>\u2731 OBJAVTE OSTATN\u00c9 AKTIVITY S ALPAKAMI!<\/strong><\/p>\n\n\n\n<h2 class=\"wp-block-heading has-text-align-left\">Presk\u00famajte na\u0161e \u010fal\u0161ie aktivity&#8230;<\/h2>\n\n\n\n<div class=\"wp-block-columns is-layout-flex wp-container-core-columns-is-layout-28f84493 wp-block-columns-is-layout-flex\">\n<div class=\"wp-block-column is-layout-flow wp-block-column-is-layout-flow\" style=\"padding-top:0;padding-right:0;padding-bottom:0;padding-left:0\">\n<div class=\"wp-block-cover has-custom-content-position is-position-bottom-left\" style=\"border-radius:10px;padding-top:var(--wp--preset--spacing--small);padding-right:var(--wp--preset--spacing--x-small);padding-bottom:var(--wp--preset--spacing--small);padding-left:var(--wp--preset--spacing--x-small)\"><img loading=\"lazy\" decoding=\"async\" width=\"2560\" height=\"1707\" class=\"wp-block-cover__image-background wp-image-1160\" alt=\"\" src=\"https:\/\/alpacafe.sk\/wp-content\/uploads\/2024\/06\/KP_14-4-scaled.jpg\" data-object-fit=\"cover\" srcset=\"https:\/\/alpacafe.sk\/wp-content\/uploads\/2024\/06\/KP_14-4-scaled.jpg 2560w, https:\/\/alpacafe.sk\/wp-content\/uploads\/2024\/06\/KP_14-4-300x200.jpg 300w, https:\/\/alpacafe.sk\/wp-content\/uploads\/2024\/06\/KP_14-4-1024x683.jpg 1024w, https:\/\/alpacafe.sk\/wp-content\/uploads\/2024\/06\/KP_14-4-2000x1333.jpg 2000w, https:\/\/alpacafe.sk\/wp-content\/uploads\/2024\/06\/KP_14-4-scaled-18x12.jpg 18w, https:\/\/alpacafe.sk\/wp-content\/uploads\/2024\/06\/KP_14-4-scaled-600x400.jpg 600w\" sizes=\"auto, (max-width: 2560px) 100vw, 2560px\" \/><span aria-hidden=\"true\" class=\"wp-block-cover__background has-primary-background-color has-background-dim-70 has-background-dim\"><\/span><div class=\"wp-block-cover__inner-container is-layout-flow wp-block-cover-is-layout-flow\">\n<h3 class=\"wp-block-heading has-white-color has-text-color has-medium-font-size\" style=\"margin-top:0;margin-right:0;margin-bottom:0;margin-left:0\">Breakfast with alpacas<\/h3>\n\n\n\n<p class=\"has-lightgrey-color has-text-color has-link-color wp-elements-5a03b145603874860ac0c76c3fecab6b\" style=\"margin-top:0;margin-right:0;margin-bottom:0;margin-left:0\"><a href=\"https:\/\/alpacafe.sk\/en\/ranajky-s-alpakami\/\" data-type=\"link\" data-id=\"https:\/\/alpacafe.sk\/sk\/ranajky-s-alpakami\/\">Every morning spent with alpacas is unique\u2026 <\/a><a href=\"https:\/\/alpacafe.sk\/en\/ranajky-s-alpakami\/\" data-type=\"link\" data-id=\"https:\/\/alpacafe.sk\/sk\/ranajky-s-alpakami\/\">\u2192<\/a><\/p>\n<\/div><\/div>\n<\/div>\n\n\n\n<div class=\"wp-block-column is-layout-flow wp-block-column-is-layout-flow\">\n<div class=\"wp-block-cover has-custom-content-position is-position-bottom-left\" style=\"border-radius:3.3%;padding-top:var(--wp--preset--spacing--small);padding-right:var(--wp--preset--spacing--x-small);padding-bottom:var(--wp--preset--spacing--small);padding-left:var(--wp--preset--spacing--x-small)\"><img loading=\"lazy\" decoding=\"async\" width=\"936\" height=\"1024\" class=\"wp-block-cover__image-background wp-image-422 size-large\" alt=\"\" src=\"https:\/\/alpacafe.sk\/wp-content\/uploads\/2024\/02\/KP_62-2-936x1024.jpg\" data-object-fit=\"cover\" srcset=\"https:\/\/alpacafe.sk\/wp-content\/uploads\/2024\/02\/KP_62-2-936x1024.jpg 936w, https:\/\/alpacafe.sk\/wp-content\/uploads\/2024\/02\/KP_62-2-274x300.jpg 274w, https:\/\/alpacafe.sk\/wp-content\/uploads\/2024\/02\/KP_62-2-2000x2187.jpg 2000w, https:\/\/alpacafe.sk\/wp-content\/uploads\/2024\/02\/KP_62-2-scaled-11x12.jpg 11w\" sizes=\"auto, (max-width: 936px) 100vw, 936px\" \/><span aria-hidden=\"true\" class=\"wp-block-cover__background has-primary-background-color has-background-dim-70 has-background-dim\"><\/span><div class=\"wp-block-cover__inner-container is-layout-flow wp-block-cover-is-layout-flow\">\n<h3 class=\"wp-block-heading has-white-color has-text-color has-medium-font-size\" style=\"margin-top:0;margin-right:0;margin-bottom:0;margin-left:0\">Prech\u00e1dzka s alpakami<\/h3>\n\n\n\n<p class=\"has-lightgrey-color has-text-color has-link-color wp-elements-2f4bd5199c8966f5c19694d8e7ba2b02\" style=\"margin-top:0;margin-right:0;margin-bottom:0;margin-left:0\"><a href=\"https:\/\/alpacafe.sk\/en\/cajova-party\/\" data-type=\"link\" data-id=\"https:\/\/alpacafe.sk\/sk\/cajova-party\/\"><\/a><a href=\"https:\/\/alpacafe.sk\/en\/nachos-feed-greet\/\">Prejdite sa s alpakami v na\u0161om parku \u2192<\/a><\/p>\n<\/div><\/div>\n<\/div>\n\n\n\n<div class=\"wp-block-column is-layout-flow wp-block-column-is-layout-flow\" style=\"padding-top:0;padding-right:0;padding-bottom:0;padding-left:0\">\n<div class=\"wp-block-cover has-custom-content-position is-position-bottom-left\" style=\"border-radius:10px;padding-top:var(--wp--preset--spacing--small);padding-right:var(--wp--preset--spacing--x-small);padding-bottom:var(--wp--preset--spacing--small);padding-left:var(--wp--preset--spacing--x-small)\"><img loading=\"lazy\" decoding=\"async\" width=\"1707\" height=\"2560\" class=\"wp-block-cover__image-background wp-image-1084\" alt=\"\" src=\"https:\/\/alpacafe.sk\/wp-content\/uploads\/2024\/06\/KP_32-scaled.jpg\" style=\"object-position:50% 9%\" data-object-fit=\"cover\" data-object-position=\"50% 9%\" srcset=\"https:\/\/alpacafe.sk\/wp-content\/uploads\/2024\/06\/KP_32-scaled.jpg 1707w, https:\/\/alpacafe.sk\/wp-content\/uploads\/2024\/06\/KP_32-200x300.jpg 200w, https:\/\/alpacafe.sk\/wp-content\/uploads\/2024\/06\/KP_32-683x1024.jpg 683w, https:\/\/alpacafe.sk\/wp-content\/uploads\/2024\/06\/KP_32-2000x3000.jpg 2000w, https:\/\/alpacafe.sk\/wp-content\/uploads\/2024\/06\/KP_32-scaled-8x12.jpg 8w, https:\/\/alpacafe.sk\/wp-content\/uploads\/2024\/06\/KP_32-scaled-600x900.jpg 600w\" sizes=\"auto, (max-width: 1707px) 100vw, 1707px\" \/><span aria-hidden=\"true\" class=\"wp-block-cover__background has-primary-background-color has-background-dim-70 has-background-dim\"><\/span><div class=\"wp-block-cover__inner-container is-layout-flow wp-block-cover-is-layout-flow\">\n<h3 class=\"wp-block-heading has-white-color has-text-color has-medium-font-size\" style=\"margin-top:0;margin-right:0;margin-bottom:0;margin-left:0\">Double Date<\/h3>\n\n\n\n<p class=\"has-lightgrey-color has-text-color has-link-color wp-elements-877673abf5ddd0e0ea9faf50b4528cb2\" style=\"margin-top:0;margin-right:0;margin-bottom:0;margin-left:0\"><a href=\"https:\/\/alpacafe.sk\/en\/cajova-party\/\" data-type=\"link\" data-id=\"https:\/\/alpacafe.sk\/sk\/cajova-party\/\"><\/a><a href=\"https:\/\/alpacafe.sk\/en\/double-date\/\">Ve\u010dern\u00e1 prech\u00e1dzka a k\u0155menie alp\u00e1k \u2192<\/a><\/p>\n<\/div><\/div>\n<\/div>\n<\/div>\n\n\n\n<div style=\"height:103px\" aria-hidden=\"true\" class=\"wp-block-spacer\"><\/div>\n<\/div>\n\n\n\n<div class=\"wp-block-group alignfull has-global-padding is-content-justification-center is-layout-constrained wp-container-core-group-is-layout-df757ecc wp-block-group-is-layout-constrained\" style=\"margin-top:0;margin-bottom:0;padding-top:calc( 0.5 * var(--wp--style--root--padding-right, var(--wp--custom--gap--horizontal)));padding-right:var(--wp--style--root--padding-right, var(--wp--custom--gap--horizontal));padding-bottom:calc( 0.5 * var(--wp--style--root--padding-right, var(--wp--custom--gap--horizontal)));padding-left:var(--wp--style--root--padding-left, var(--wp--custom--gap--horizontal))\">\n<div style=\"height:calc( 0.25 * var(--wp--style--root--padding-right, var(--wp--custom--gap--horizontal)))\" aria-hidden=\"true\" class=\"wp-block-spacer\"><\/div>\n\n\n\n<div style=\"height:calc( 0.25 * var(--wp--style--root--padding-right, var(--wp--custom--gap--horizontal)))\" aria-hidden=\"true\" class=\"wp-block-spacer\"><\/div>\n<\/div>","protected":false},"excerpt":{"rendered":"<p>FEED &amp; GREET \u2731&nbsp;K\u0155menie a spozn\u00e1vanie alp\u00e1k Chceli by ste k\u0155mi\u0165 na\u0161e alpaky priamo z ruky a pohladka\u0165 ich m\u00e4kk\u00fa vlnit\u00fa srs\u0165? Ak \u00e1no, t\u00e1to aktivita je presne pre v\u00e1s! Pri aktivite Feed and Greet si m\u00f4\u017eete vychutna\u0165 nie len interakciu s alpakami, ale aj sa dozviete mno\u017estvo zauj\u00edmav\u00fdch inform\u00e1ci\u00ed o nich, ich osobitostiach a &hellip; <\/p>\n<p class=\"link-more\"><a href=\"http:\/\/alpacafe.sk\/en\/feed-greet\/\" class=\"more-link\">Read more<span class=\"screen-reader-text\"> &#8222;Feed and greet&#8220;<\/span><\/a><\/p>","protected":false},"author":1,"featured_media":0,"parent":0,"menu_order":0,"comment_status":"closed","ping_status":"closed","template":"","meta":{"footnotes":""},"class_list":["post-107","page","type-page","status-publish","hentry"],"_links":{"self":[{"href":"http:\/\/alpacafe.sk\/en\/wp-json\/wp\/v2\/pages\/107","targetHints":{"allow":["GET"]}}],"collection":[{"href":"http:\/\/alpacafe.sk\/en\/wp-json\/wp\/v2\/pages"}],"about":[{"href":"http:\/\/alpacafe.sk\/en\/wp-json\/wp\/v2\/types\/page"}],"author":[{"embeddable":true,"href":"http:\/\/alpacafe.sk\/en\/wp-json\/wp\/v2\/users\/1"}],"replies":[{"embeddable":true,"href":"http:\/\/alpacafe.sk\/en\/wp-json\/wp\/v2\/comments?post=107"}],"version-history":[{"count":32,"href":"http:\/\/alpacafe.sk\/en\/wp-json\/wp\/v2\/pages\/107\/revisions"}],"predecessor-version":[{"id":4988,"href":"http:\/\/alpacafe.sk\/en\/wp-json\/wp\/v2\/pages\/107\/revisions\/4988"}],"wp:attachment":[{"href":"http:\/\/alpacafe.sk\/en\/wp-json\/wp\/v2\/media?parent=107"}],"curies":[{"name":"wp","href":"https:\/\/api.w.org\/{rel}","templated":true}]}}