{"id":103,"date":"2024-02-04T19:47:43","date_gmt":"2024-02-04T19:47:43","guid":{"rendered":"https:\/\/alpacafe.sk\/?page_id=103"},"modified":"2025-05-10T18:21:08","modified_gmt":"2025-05-10T18:21:08","slug":"double-date","status":"publish","type":"page","link":"http:\/\/alpacafe.sk\/en\/double-date\/","title":{"rendered":"Double Date"},"content":{"rendered":"<div class=\"wp-block-cover alignfull\" style=\"min-height:100vh;aspect-ratio:unset;\"><img loading=\"lazy\" decoding=\"async\" width=\"1707\" height=\"2560\" class=\"wp-block-cover__image-background wp-image-1078\" alt=\"\" src=\"https:\/\/alpacafe.sk\/wp-content\/uploads\/2024\/06\/KP_31-scaled.jpg\" style=\"object-position:50% 69%\" data-object-fit=\"cover\" data-object-position=\"50% 69%\" srcset=\"https:\/\/alpacafe.sk\/wp-content\/uploads\/2024\/06\/KP_31-scaled.jpg 1707w, https:\/\/alpacafe.sk\/wp-content\/uploads\/2024\/06\/KP_31-200x300.jpg 200w, https:\/\/alpacafe.sk\/wp-content\/uploads\/2024\/06\/KP_31-683x1024.jpg 683w, https:\/\/alpacafe.sk\/wp-content\/uploads\/2024\/06\/KP_31-2000x3000.jpg 2000w, https:\/\/alpacafe.sk\/wp-content\/uploads\/2024\/06\/KP_31-scaled-8x12.jpg 8w\" sizes=\"auto, (max-width: 1707px) 100vw, 1707px\" \/><span aria-hidden=\"true\" class=\"wp-block-cover__background has-primary-background-color has-background-dim\"><\/span><div class=\"wp-block-cover__inner-container is-layout-flow wp-block-cover-is-layout-flow\">\n<p class=\"has-text-align-center has-white-color has-text-color\" style=\"font-size:clamp(37.821px, 2.364rem + ((1vw - 3.2px) * 3.352), 70px);font-style:normal;font-weight:900\"><strong>Double Date<\/strong>.<\/p>\n\n\n\n<p class=\"has-text-align-center has-white-color has-text-color has-medium-font-size\" style=\"letter-spacing:1px\">Ve\u010dern\u00e1 prech\u00e1dzka a k\u0155menie alp\u00e1k&#8230;<\/p>\n\n\n\n<p><\/p>\n\n\n\n<div class=\"wp-block-buttons is-content-justification-center is-layout-flex wp-container-core-buttons-is-layout-a89b3969 wp-block-buttons-is-layout-flex\">\n<div class=\"wp-block-button is-style-outline is-style-outline--1\"><a class=\"wp-block-button__link has-white-color has-text-color wp-element-button\" href=\"https:\/\/alpacafe.sk\/en\/rezervacie\/\" style=\"border-radius:0px\">Make a reservation \u2192<\/a><\/div>\n<\/div>\n<\/div><\/div>\n\n\n\n<div class=\"wp-block-columns is-layout-flex wp-container-core-columns-is-layout-7db7aa3e wp-block-columns-is-layout-flex\" style=\"padding-right:0;padding-left:0\">\n<div class=\"wp-block-column is-vertically-aligned-center is-layout-flow wp-block-column-is-layout-flow\">\n<h2 class=\"wp-block-heading has-medium-font-size\" style=\"text-transform:uppercase\">double date<\/h2>\n\n\n\n<p><strong>\u2731\u00a0Ve\u010dern\u00e1 prech\u00e1dzka a k\u0155menie alp\u00e1k<\/strong><\/p>\n\n\n\n<p>Za\u017eite ve\u010der, ktor\u00fd spomal\u00ed \u010das \u2013 n\u00e1\u0161\u00a0<strong>Double Date s alpakami<\/strong>\u00a0je ide\u00e1lnym sp\u00f4sobom, ako sa na chv\u00ed\u013eu odpoji\u0165 od vonkaj\u0161ieho sveta a znovu sa naladi\u0165 \u2013 na seba, na partnera, na priate\u013eov. Po\u010das podve\u010dernej prech\u00e1dzky v sprievode na\u0161ich alp\u00e1k si doprajete pokoj, ticho a nen\u00faten\u00e9 prepojenie so zvieratami, ktor\u00e9 dok\u00e1\u017eu z\u00e1zra\u010dne st\u00ed\u0161i\u0165 aj to najru\u0161nej\u0161ie vn\u00fatro. N\u00e1sledne budete ma\u0165 mo\u017enos\u0165 alpaky k\u0155mi\u0165 v na\u0161om AlpaCaf\u00e9 bistre z pohodlia V\u00e1\u0161ho miesta. Po k\u0155men\u00ed budeme serv\u00edrova\u0165 talianske antipasti a v cene m\u00e1te taktie\u017e poh\u00e1r v\u00edna \u010di in\u00fd n\u00e1poj pod\u013ea v\u00fdberu. <\/p>\n\n\n\n<p>Ide\u00e1lne pre romantick\u00fd ve\u010der vo dvojici, ale aj pre nev\u0161edn\u00fd z\u00e1\u017eitok v kruhu priate\u013eov \u010di bl\u00edzkych. V cene tohto eventu s\u00fa aj alkoholick\u00e9 n\u00e1poje, z tohto d\u00f4vodu je Double Date vhodn\u00fd len pre osoby <strong>over 18 years old<\/strong>.<\/p>\n\n\n\n<div class=\"wp-block-buttons is-horizontal is-content-justification-left is-layout-flex wp-container-core-buttons-is-layout-20be11b6 wp-block-buttons-is-layout-flex\">\n<div class=\"wp-block-button is-style-outline is-style-outline--2\"><a class=\"wp-block-button__link has-text-align-center wp-element-button\" href=\"https:\/\/alpacafe.sk\/en\/rezervacie\/\" style=\"border-radius:10px\">Prezrite si na\u0161e dostupn\u00e9 term\u00edny \u2192<\/a><\/div>\n<\/div>\n\n\n\n<p><\/p>\n<\/div>\n\n\n\n<div class=\"wp-block-column is-layout-flow wp-block-column-is-layout-flow\">\n<figure class=\"wp-block-image size-large has-custom-border\"><img loading=\"lazy\" decoding=\"async\" width=\"819\" height=\"1024\" src=\"https:\/\/alpacafe.sk\/wp-content\/uploads\/2025\/05\/6-2-819x1024.jpeg\" alt=\"\" class=\"wp-image-3571\" style=\"border-radius:27px\" srcset=\"https:\/\/alpacafe.sk\/wp-content\/uploads\/2025\/05\/6-2-819x1024.jpeg 819w, https:\/\/alpacafe.sk\/wp-content\/uploads\/2025\/05\/6-2-240x300.jpeg 240w, https:\/\/alpacafe.sk\/wp-content\/uploads\/2025\/05\/6-2-10x12.jpeg 10w, https:\/\/alpacafe.sk\/wp-content\/uploads\/2025\/05\/6-2.jpeg 992w\" sizes=\"auto, (max-width: 819px) 100vw, 819px\" \/><\/figure>\n<\/div>\n<\/div>\n\n\n\n<div class=\"wp-block-group alignfull has-background has-global-padding is-layout-constrained wp-block-group-is-layout-constrained\" style=\"background-color:#f2f3ec;padding-top:var(--wp--preset--spacing--small);padding-bottom:var(--wp--preset--spacing--small)\">\n<div class=\"wp-block-columns is-layout-flex wp-container-core-columns-is-layout-7db7aa3e wp-block-columns-is-layout-flex\" style=\"padding-right:0;padding-left:0\">\n<div class=\"wp-block-column is-vertically-aligned-center is-layout-flow wp-block-column-is-layout-flow\">\n<h2 class=\"wp-block-heading has-medium-font-size\" style=\"text-transform:uppercase\"><strong>\u2731<\/strong>&nbsp;<strong>Ako t\u00e1to aktivita prebieha?<\/strong><\/h2>\n\n\n\n<p>Zvo\u013enite tempo a pre\u017eite ve\u010der, ktor\u00fd bude patri\u0165 len v\u00e1m \u2013 a alpak\u00e1m.\u00a0<strong>Double Date s alpakami<\/strong>\u00a0je ve\u010dern\u00e1 z\u00e1\u017eitkov\u00e1 terapia, ktor\u00e1 prep\u00e1ja pokojn\u00fa prech\u00e1dzku s t\u00fdmito l\u00e1skav\u00fdmi zvieratami, jemn\u00fd kontakt po\u010das k\u0155menia a spolo\u010dn\u00e9 chv\u00edle pri poh\u00e1ri v\u00edna a v\u00fdbere talianskych antipasti v AlpaCaf\u00e9.<\/p>\n\n\n\n<ol class=\"wp-block-list\">\n<li>Po vstupe do are\u00e1lu zabo\u010dte do prava, kde n\u00e1jdete na\u0161e AlpaCaf\u00e9 bistro. Pros\u00edme v\u00e1s o dochv\u00ed\u013enos\u0165, aktivita za\u010d\u00edna v presne stanoven\u00fd \u010das.<\/li>\n\n\n\n<li>N\u00e1\u0161mu person\u00e1lu uk\u00e1\u017ete Va\u0161e <strong>potvrdenie o rezerv\u00e1cii<\/strong> a n\u00e1sledne budete usmernen\u00ed na miesto za\u010diatku tejto aktivity.<\/li>\n\n\n\n<li>Double Date terapia za\u010d\u00edna kr\u00e1tkou prech\u00e1dzkou po na\u0161om pr\u00edrodnom are\u00e1li, kde V\u00e1m na\u0161i chovate\u013esk\u00ed asistenti vyrozpr\u00e1vaj\u00fa mno\u017estvo zauj\u00edmavost\u00ed o (nie len na\u0161ich) alpak\u00e1ch.<\/li>\n\n\n\n<li>N\u00e1sledne sa presuniete do n\u00e1\u0161ho AlpaCaf\u00e9 bistra kde sa usad\u00edte a alpaky sa bud\u00fa <strong>vo\u013ene pohybova\u0165 medzi vami<\/strong>.<\/li>\n\n\n\n<li>Ka\u017ed\u00fd \u00fa\u010dastn\u00edk dostane n\u00e1dobku s porciou krmiva \u2013 <strong>krmivo d\u00e1vkujte pomaly<\/strong>, po men\u0161\u00edch mno\u017estv\u00e1ch aby sa alpak\u00e1m \u013eah\u0161ie pre\u017e\u00favalo. Mno\u017estvo krmiva je vopred ur\u010den\u00e9 a schv\u00e1len\u00e9 na\u0161\u00edm veterin\u00e1rom kv\u00f4li citliv\u00e9mu tr\u00e1veniu alp\u00e1k, preto ho nie je mo\u017en\u00e9 nav\u00fd\u0161i\u0165. <strong>D\u013a\u017eka samotn\u00e9ho k\u0155menia z\u00e1vis\u00ed teda hlavne od v\u00e1s<\/strong> \u2013 \u010d\u00edm pokojnej\u0161ie si chv\u00edle vychutn\u00e1te, t\u00fdm dlh\u0161ie potrv\u00e1.<\/li>\n\n\n\n<li>Po skon\u010den\u00ed k\u0155menia n\u00e1\u0161 person\u00e1l alpaky odprevad\u00ed ved\u013ea do ohr\u00e1dky kde ich e\u0161te chv\u00ed\u013eu m\u00f4\u017eete pozorova\u0165 pri ich oddychu. Z\u00e1ver ve\u010dera patr\u00ed kvalitn\u00e9mu jedlu \u2013 doprajte si poh\u00e1r v\u00edna (alebo nealko alternat\u00edvu) a v\u00fdber z \u010derstv\u00fdch talianskych delikates, ktor\u00e9 pre v\u00e1s pripravil n\u00e1\u0161 t\u00edm.<\/li>\n<\/ol>\n\n\n\n<p class=\"has-medium-font-size\"><strong>\u2731<\/strong>&nbsp;<strong>V\u0160EOBECN\u00c9 ODPOR\u00da\u010cANIA A N\u00c1V\u0160TEVA S DE\u0164MI<\/strong><\/p>\n\n\n\n<p><strong>Double Date s alpakami<\/strong>\u00a0je ve\u010dern\u00fd z\u00e1\u017eitok, ktor\u00fd prep\u00e1ja pohyb, ticho, dotyk a chu\u0165 \u2013 a vytv\u00e1ra tak priestor pre uvo\u013enenie, zdie\u013eanie a hlb\u0161\u00ed kontakt so sebou aj s druh\u00fdmi. V pr\u00edtm\u00ed padaj\u00faceho d\u0148a sa alpaky st\u00e1vaj\u00fa nen\u00faten\u00fdmi sprievodcami v\u00e1\u0161ho spolo\u010dn\u00e9ho ve\u010dera.<\/p>\n\n\n\n<p>Tento z\u00e1\u017eitok je navrhnut\u00fd <strong>predov\u0161etk\u00fdm pre dospel\u00fdch<\/strong> \u2013 kv\u00f4li pod\u00e1vaniu alkoholick\u00fdch n\u00e1pojov, charakteru menu a celkovej atmosf\u00e9re, ktor\u00e1 je pokojn\u00e1, komorn\u00e1 a ve\u010dern\u00e1. N\u00e1v\u0161teva s de\u0165mi nie je vyslovene zak\u00e1zan\u00e1, no pros\u00edme, zv\u00e1\u017ete, \u010di je t\u00e1to forma aktivity pre ne vhodn\u00e1. Ak sa rozhodnete pr\u00eds\u0165 s de\u0165mi, zodpovednos\u0165 za ich spr\u00e1vanie nesie sprev\u00e1dzaj\u00faca dospel\u00e1 osoba. <\/p>\n\n\n\n<p>Pros\u00edme v\u00e1s o <strong>re\u0161pektovanie pokynov n\u00e1\u0161ho person\u00e1lu<\/strong> \u2013 sl\u00fa\u017eia na ochranu v\u00e1s, ostatn\u00fdch host\u00ed aj samotn\u00fdch alp\u00e1k. Ak by do\u0161lo k nevhodn\u00e9mu spr\u00e1vaniu, ktor\u00e9 by mohlo naru\u0161i\u0165 priebeh aktivity alebo ohrozi\u0165 bezpe\u010die, vyhradzujeme si pr\u00e1vo zasiahnu\u0165.<\/p>\n\n\n\n<p>\u010eakujeme, \u017ee k n\u00e1m prich\u00e1dzate s re\u0161pektom, zvedavos\u0165ou a otvoren\u00fdm srdcom. V takom naladen\u00ed vznikaj\u00fa tie najkraj\u0161ie chv\u00edle \u2013 tich\u00e9, \u00faprimn\u00e9 a nezabudnute\u013en\u00e9.<\/p>\n<\/div>\n<\/div>\n<\/div>\n\n\n\n<div class=\"wp-block-columns alignwide is-layout-flex wp-container-core-columns-is-layout-62a63864 wp-block-columns-is-layout-flex\" style=\"margin-top:0px;margin-bottom:80px\">\n<div class=\"wp-block-column is-layout-flow wp-block-column-is-layout-flow\">\n<div class=\"wp-block-cover is-light\" style=\"min-height:716px;aspect-ratio:unset;\"><img loading=\"lazy\" decoding=\"async\" width=\"1707\" height=\"2560\" class=\"wp-block-cover__image-background wp-image-1084\" alt=\"\" src=\"https:\/\/alpacafe.sk\/wp-content\/uploads\/2024\/06\/KP_32-scaled.jpg\" style=\"object-position:52% 3%\" data-object-fit=\"cover\" data-object-position=\"52% 3%\" srcset=\"https:\/\/alpacafe.sk\/wp-content\/uploads\/2024\/06\/KP_32-scaled.jpg 1707w, https:\/\/alpacafe.sk\/wp-content\/uploads\/2024\/06\/KP_32-200x300.jpg 200w, https:\/\/alpacafe.sk\/wp-content\/uploads\/2024\/06\/KP_32-683x1024.jpg 683w, https:\/\/alpacafe.sk\/wp-content\/uploads\/2024\/06\/KP_32-2000x3000.jpg 2000w, https:\/\/alpacafe.sk\/wp-content\/uploads\/2024\/06\/KP_32-scaled-8x12.jpg 8w, https:\/\/alpacafe.sk\/wp-content\/uploads\/2024\/06\/KP_32-scaled-600x900.jpg 600w\" sizes=\"auto, (max-width: 1707px) 100vw, 1707px\" \/><span aria-hidden=\"true\" class=\"wp-block-cover__background has-background-dim-0 has-background-dim\" style=\"background-color:#bab6ad\"><\/span><div class=\"wp-block-cover__inner-container has-global-padding is-layout-constrained wp-block-cover-is-layout-constrained\">\n<p class=\"has-text-align-center has-large-font-size\"><\/p>\n<\/div><\/div>\n<\/div>\n\n\n\n<div class=\"wp-block-column is-vertically-aligned-center is-layout-flow wp-block-column-is-layout-flow\">\n<div class=\"wp-block-group has-global-padding is-layout-constrained wp-container-core-group-is-layout-4a5aaad9 wp-block-group-is-layout-constrained\" style=\"margin-top:0;margin-bottom:0;padding-top:20px;padding-right:50px;padding-bottom:20px;padding-left:50px\">\n<h3 class=\"wp-block-heading has-large-font-size\"><strong><strong>\u2731<\/strong> <strong>\u010co ochutn\u00e1te po\u010das Double Date?<\/strong><\/strong><\/h3>\n\n\n\n<p>Po prech\u00e1dzke a k\u0155men\u00ed alp\u00e1k v\u00e1s \u010dak\u00e1 antipasti pre dvoch, pln\u00e9 autentick\u00fdch talianskych chut\u00ed. Pod\u00e1vame ho s poh\u00e1rom v\u00edna alebo nealko alternat\u00edvou pod\u013ea v\u00e1\u0161ho v\u00fdberu.<\/p>\n\n\n\n<p><strong><strong>\u2731<\/strong> <strong><strong>Talianske m\u00e4sov\u00e9 delikatesy<\/strong><\/strong><\/strong><br>Prosciutto, mortadella a pikantn\u00e1 sal\u00e1ma Ventricina.<\/p>\n\n\n\n<p><strong><strong>\u2731<\/strong> <strong><strong>V\u00fdber talianskych syrov<\/strong><\/strong><\/strong><br>Parmiggiano Reggiano &amp; Pecorino Romano.<\/p>\n\n\n\n<p><strong><strong>\u2731<\/strong> <strong><strong>Stedomorsk\u00e9 doplnky<\/strong><\/strong><\/strong><br>Su\u0161en\u00e9 paradajky, olivy a extra panensk\u00fd olivov\u00fd olej s \u010derstvou upe\u010denou bagetou.<\/p>\n\n\n\n<div class=\"wp-block-group has-global-padding is-layout-constrained wp-container-core-group-is-layout-cc91c3e3 wp-block-group-is-layout-constrained\"><\/div>\n<\/div>\n<\/div>\n<\/div>\n\n\n\n<div class=\"wp-block-group alignwide has-background has-global-padding is-layout-constrained wp-block-group-is-layout-constrained\" style=\"background-color:#053c5c;padding-top:var(--wp--preset--spacing--small);padding-bottom:var(--wp--preset--spacing--small)\">\n<div class=\"wp-block-columns is-layout-flex wp-container-core-columns-is-layout-7db7aa3e wp-block-columns-is-layout-flex\" style=\"padding-right:0;padding-left:0\">\n<div class=\"wp-block-column is-vertically-aligned-center is-layout-flow wp-block-column-is-layout-flow\">\n<h2 class=\"wp-block-heading has-white-color has-text-color has-link-color has-medium-font-size wp-elements-3dbe49e781498cbdc0e6395538e1af4b\" style=\"text-transform:uppercase\"><strong>\u2731<\/strong> ODPOR\u00da\u010cAN\u00c1 PR\u00edprava pred n\u00e1v\u0161tevou<\/h2>\n\n\n\n<p class=\"has-white-color has-text-color has-link-color wp-elements-20e49c8565b9d5b53a717cd1eb8097cc\">T\u00e1to aktivita sa kon\u00e1 aj vonku aj v na\u0161om AlpaCaf\u00e9 bistre, ktor\u00e9 je polootvoren\u00e9. Z tohto d\u00f4vodu odpor\u00fa\u010dame zvoli\u0165 oble\u010denie primeran\u00e9 po\u010dasiu v dan\u00fd de\u0148. Odpor\u00fa\u010dame si obliec\u0165 oble\u010denie aj obuv, ktor\u00e9 sa m\u00f4\u017eu za\u0161pini\u0165. Sand\u00e1le alebo otvoren\u00e1 obuv sa neodpor\u00fa\u010da, preto\u017ee alpaky v\u00e1m m\u00f4\u017eu nechtiac st\u00fapi\u0165 na nohu. Ako aj psy, alpaky maj\u00fa pod labkami mozole, no ich nechty m\u00f4\u017eu by\u0165 ostrej\u0161ie.<\/p>\n\n\n\n<p class=\"has-white-color has-text-color has-link-color wp-elements-af99139b2bafea0a72a42303c66b7fda\">Ke\u010f\u017ee sa \u010das\u0165 tejto aktivity kon\u00e1 v AlpaCaf\u00e9 bistre, je mo\u017en\u00e9 ju absolvova\u0165 aj v nepriaznivom po\u010das\u00ed. V pr\u00edpade zr\u00e1\u017eok je mo\u017en\u00e9, \u017ee bude prech\u00e1dzka zru\u0161en\u00e1 &#8211; no o to viac \u010dasu budete ma\u0165 s alpakami vo vn\u00fatri pri k\u0155men\u00ed. V zimn\u00fdch mesiacoch je bistro vyhrievan\u00e9, av\u0161ak odpor\u00fa\u010dame sa obliec\u0165 teplej\u0161ie, ke\u010f\u017ee V\u00e1m m\u00f4\u017ee by\u0165 chladno. V lete odpor\u00fa\u010dame donies\u0165 si pokr\u00fdvku hlavy, slne\u010dn\u00e9 okuliare a pou\u017ei\u0165 opa\u013eovac\u00ed kr\u00e9m.<\/p>\n<\/div>\n\n\n\n<div class=\"wp-block-column is-layout-flow wp-block-column-is-layout-flow\">\n<figure class=\"wp-block-image size-full has-custom-border\"><img loading=\"lazy\" decoding=\"async\" width=\"2560\" height=\"1920\" src=\"https:\/\/alpacafe.sk\/wp-content\/uploads\/2025\/05\/KP_80-edited-1-scaled.jpg\" alt=\"\" class=\"wp-image-3554\" style=\"border-radius:19px\" srcset=\"https:\/\/alpacafe.sk\/wp-content\/uploads\/2025\/05\/KP_80-edited-1-scaled.jpg 2560w, https:\/\/alpacafe.sk\/wp-content\/uploads\/2025\/05\/KP_80-edited-1-300x225.jpg 300w, https:\/\/alpacafe.sk\/wp-content\/uploads\/2025\/05\/KP_80-edited-1-1024x768.jpg 1024w, https:\/\/alpacafe.sk\/wp-content\/uploads\/2025\/05\/KP_80-edited-1-2000x1500.jpg 2000w, https:\/\/alpacafe.sk\/wp-content\/uploads\/2025\/05\/KP_80-edited-1-scaled-16x12.jpg 16w\" sizes=\"auto, (max-width: 2560px) 100vw, 2560px\" \/><\/figure>\n<\/div>\n<\/div>\n<\/div>\n\n\n\n<div class=\"wp-block-group alignfull has-global-padding is-layout-constrained wp-block-group-is-layout-constrained\" style=\"margin-top:0px\">\n<p><\/p>\n\n\n\n<h2 class=\"wp-block-heading has-text-align-center has-text-align-left has-x-large-font-size\" id=\"pricing-table\"><strong>\u2731<\/strong> Cancellation terms<\/h2>\n\n\n\n<div class=\"wp-block-columns has-smaller-left-margin is-layout-flex wp-container-core-columns-is-layout-28f84493 wp-block-columns-is-layout-flex\">\n<div class=\"wp-block-column is-style-shadow has-background-background-color has-background is-layout-flow wp-container-core-column-is-layout-dba16a7e wp-block-column-is-layout-flow\" style=\"padding-top:0;padding-right:0;padding-bottom:0;padding-left:0\">\n<div class=\"wp-block-group has-background-color has-text-color has-background is-layout-flow wp-block-group-is-layout-flow\" style=\"border-top-left-radius:20px;border-top-right-radius:20px;background-color:#ba9b37;padding-top:20px;padding-right:30px;padding-bottom:20px;padding-left:30px\">\n<div style=\"height:20px\" aria-hidden=\"true\" class=\"wp-block-spacer\"><\/div>\n\n\n\n<h3 class=\"wp-block-heading has-text-align-center has-white-color has-text-color\" style=\"font-size:clamp(18.959px, 1.185rem + ((1vw - 3.2px) * 1.15), 30px);\">7+ days before the start of the event<\/h3>\n\n\n\n<div style=\"height:20px\" aria-hidden=\"true\" class=\"wp-block-spacer\"><\/div>\n<\/div>\n\n\n\n<div class=\"wp-block-group is-layout-flow wp-container-core-group-is-layout-8a7de2ab wp-block-group-is-layout-flow\" style=\"border-style:none;border-width:0px;padding-top:40px;padding-right:40px;padding-bottom:40px;padding-left:40px\">\n<p class=\"has-text-align-center has-small-font-size\"><strong>Zmena term\u00ednu zdarma, alebo 100\u202f% vr\u00e1tenie pe\u0148az\u00ed.<\/strong><br>Ak si nov\u00fd term\u00edn nevyberiete hne\u010f, dostanete voucher platn\u00fd 3 mesiace.<\/p>\n<\/div>\n<\/div>\n\n\n\n<div class=\"wp-block-column is-style-shadow has-background-background-color has-background is-layout-flow wp-container-core-column-is-layout-dba16a7e wp-block-column-is-layout-flow\" style=\"border-style:none;border-width:0px;padding-top:0;padding-right:0;padding-bottom:0;padding-left:0\">\n<div class=\"wp-block-group has-background-color has-text-color has-background has-global-padding is-layout-constrained wp-container-core-group-is-layout-4a803732 wp-block-group-is-layout-constrained\" style=\"border-top-left-radius:20px;border-top-right-radius:20px;background-color:#053c5c;padding-top:20px;padding-right:30px;padding-bottom:20px;padding-left:30px\">\n<div style=\"height:20px\" aria-hidden=\"true\" class=\"wp-block-spacer\"><\/div>\n\n\n\n<h3 class=\"wp-block-heading has-text-align-center has-white-color has-text-color\" style=\"font-size:clamp(18.959px, 1.185rem + ((1vw - 3.2px) * 1.15), 30px);\">3 \u2013 6 dn\u00ed pred za\u010dat\u00edm akcie<\/h3>\n\n\n\n<div style=\"height:20px\" aria-hidden=\"true\" class=\"wp-block-spacer\"><\/div>\n<\/div>\n\n\n\n<div class=\"wp-block-group has-global-padding is-layout-constrained wp-container-core-group-is-layout-c1694ee5 wp-block-group-is-layout-constrained\" style=\"border-style:none;border-width:0px;padding-top:40px;padding-right:40px;padding-bottom:40px;padding-left:40px\">\n<p class=\"has-text-align-center has-small-font-size\">Pok\u00fasime sa n\u00e1js\u0165 n\u00e1hradn\u00edkov \u2013 ak sa n\u00e1m to podar\u00ed, pon\u00fakneme V\u00e1m zmenu term\u00ednu alebo 100% vr\u00e1tenie pe\u0148az\u00ed. Ak n\u00e1hradn\u00edkov nen\u00e1jdeme, poskytneme v\u00e1m voucher vo v\u00fd\u0161ke 50 % z celkovej ceny. <\/p>\n<\/div>\n<\/div>\n\n\n\n<div class=\"wp-block-column is-style-shadow has-background-background-color has-background is-layout-flow wp-container-core-column-is-layout-dba16a7e wp-block-column-is-layout-flow\" style=\"border-style:none;border-width:0px;padding-top:0;padding-right:0;padding-bottom:0;padding-left:0\">\n<div class=\"wp-block-group has-background-color has-text-color has-background has-global-padding is-layout-constrained wp-container-core-group-is-layout-4a803732 wp-block-group-is-layout-constrained\" style=\"border-top-left-radius:20px;border-top-right-radius:20px;background-color:#ba9b37;padding-top:20px;padding-right:30px;padding-bottom:20px;padding-left:30px\">\n<div style=\"height:20px\" aria-hidden=\"true\" class=\"wp-block-spacer\"><\/div>\n\n\n\n<h3 class=\"wp-block-heading has-text-align-center has-white-color has-text-color\" style=\"font-size:clamp(18.959px, 1.185rem + ((1vw - 3.2px) * 1.15), 30px);\">Menej ne\u017e 2 dni pred akciou<\/h3>\n\n\n\n<div style=\"height:20px\" aria-hidden=\"true\" class=\"wp-block-spacer\"><\/div>\n<\/div>\n\n\n\n<div class=\"wp-block-group has-global-padding is-layout-constrained wp-container-core-group-is-layout-c1694ee5 wp-block-group-is-layout-constrained\" style=\"border-style:none;border-width:0px;padding-top:40px;padding-right:40px;padding-bottom:40px;padding-left:40px\">\n<p class=\"has-text-align-center has-small-font-size\">V pr\u00edpade zru\u0161enia rezerv\u00e1cie do 48 hod\u00edn pred za\u010diatkom alebo nepr\u00edchodu si <strong>\u00fa\u010dtujeme pln\u00fa cenu<\/strong> rezerv\u00e1cie. <\/p>\n<\/div>\n<\/div>\n<\/div>\n<\/div>\n\n\n\n<div class=\"wp-block-group alignfull has-white-background-color has-background has-global-padding is-layout-constrained wp-block-group-is-layout-constrained\">\n<p class=\"has-text-align-center\"><strong>\u2731<\/strong>&nbsp;<strong>Rezerv\u00e1cie s\u00fa prenosn\u00e9<\/strong><br>Ak sa nem\u00f4\u017eete z\u00fa\u010dastni\u0165, m\u00f4\u017eete svoju rezerv\u00e1ciu darova\u0165 niekomu in\u00e9mu. Sta\u010d\u00ed n\u00e1m vopred nap\u00edsa\u0165 meno nov\u00e9ho n\u00e1v\u0161tevn\u00edka.<\/p>\n\n\n\n<p class=\"has-text-align-center\"><strong>\u2731<\/strong>&nbsp;<strong>Zl\u00e9 po\u010dasie alebo in\u00e9 vy\u0161\u0161ie moci<\/strong><br>Ak by sme museli udalos\u0165 zru\u0161i\u0165 z na\u0161ej strany (napr. extr\u00e9mne po\u010dasie, zdravotn\u00e9 d\u00f4vody u zvierat), pon\u00fakneme v\u00e1m nov\u00fd term\u00edn alebo pln\u00fa refund\u00e1ciu.<\/p>\n\n\n\n<p class=\"has-text-align-center\"><strong>\u2731<\/strong>&nbsp;&#8222;<strong>Ako urob\u00edm storno?<\/strong>&#8222;<br>Prejdite do sekcie &#8218;Kontakt&#8216; kde n\u00e1jdete n\u00e1\u0161 Kontaktn\u00fd formul\u00e1r. Po vyplnen\u00ed tohto formul\u00e1ru V\u00e1m odp\u00ed\u0161eme prostredn\u00edctvom e-mailu. Odpoveda\u0165 sa st\u00e1le sna\u017e\u00edme \u010do najsk\u00f4r, no ka\u017ed\u00fa po\u017eiadavku rie\u0161ime individu\u00e1lne preto n\u00e1m to m\u00f4\u017ee chv\u00ed\u013eku trva\u0165, za \u010do sa vopred ospravedl\u0148ujeme a \u010fakujeme za pochopenie. Ak je Va\u0161a po\u017eiadavka \u010di ot\u00e1zka urgentn\u00e1, m\u00f4\u017eete sa na n\u00e1s obr\u00e1ti\u0165 aj na na\u0161om telef\u00f3nnom \u010d\u00edsle.<\/p>\n\n\n\n<p class=\"has-text-align-center\"><\/p>\n<\/div>\n\n\n\n<div class=\"wp-block-group alignfull pattern_multiple_covers has-background has-global-padding is-layout-constrained wp-block-group-is-layout-constrained\" id=\"services\" style=\"background-color:#ba9b37\">\n<p class=\"has-text-align-left has-primary-color has-text-color\" style=\"letter-spacing:1px\"><br><strong>\u2731 OBJAVTE OSTATN\u00c9 AKTIVITY S ALPAKAMI!<\/strong><\/p>\n\n\n\n<h2 class=\"wp-block-heading has-text-align-left\">Presk\u00famajte na\u0161e \u010fal\u0161ie aktivity&#8230;<\/h2>\n\n\n\n<div class=\"wp-block-columns is-layout-flex wp-container-core-columns-is-layout-28f84493 wp-block-columns-is-layout-flex\">\n<div class=\"wp-block-column is-layout-flow wp-block-column-is-layout-flow\" style=\"padding-top:0;padding-right:0;padding-bottom:0;padding-left:0\">\n<div class=\"wp-block-cover has-custom-content-position is-position-bottom-left\" style=\"border-radius:10px;padding-top:var(--wp--preset--spacing--small);padding-right:var(--wp--preset--spacing--x-small);padding-bottom:var(--wp--preset--spacing--small);padding-left:var(--wp--preset--spacing--x-small)\"><img loading=\"lazy\" decoding=\"async\" width=\"1024\" height=\"635\" class=\"wp-block-cover__image-background wp-image-2135 size-large\" alt=\"\" src=\"https:\/\/alpacafe.sk\/wp-content\/uploads\/2024\/09\/KP_21-1024x635.jpg\" data-object-fit=\"cover\" srcset=\"https:\/\/alpacafe.sk\/wp-content\/uploads\/2024\/09\/KP_21-1024x635.jpg 1024w, https:\/\/alpacafe.sk\/wp-content\/uploads\/2024\/09\/KP_21-300x186.jpg 300w, https:\/\/alpacafe.sk\/wp-content\/uploads\/2024\/09\/KP_21-2000x1240.jpg 2000w, https:\/\/alpacafe.sk\/wp-content\/uploads\/2024\/09\/KP_21-scaled-18x12.jpg 18w\" sizes=\"auto, (max-width: 1024px) 100vw, 1024px\" \/><span aria-hidden=\"true\" class=\"wp-block-cover__background has-primary-background-color has-background-dim-70 has-background-dim\"><\/span><div class=\"wp-block-cover__inner-container is-layout-flow wp-block-cover-is-layout-flow\">\n<h3 class=\"wp-block-heading has-white-color has-text-color has-medium-font-size\" style=\"margin-top:0;margin-right:0;margin-bottom:0;margin-left:0\">Feed &amp; Greet<\/h3>\n\n\n\n<p class=\"has-lightgrey-color has-text-color has-link-color wp-elements-96485ab22c369e3730a95be595d2a6ca\" style=\"margin-top:0;margin-right:0;margin-bottom:0;margin-left:0\"><a href=\"https:\/\/alpacafe.sk\/en\/feed-greet\/\">K\u0155menie a spozn\u00e1vanie na\u0161ich alp\u00e1k \u2192<\/a><\/p>\n<\/div><\/div>\n<\/div>\n\n\n\n<div class=\"wp-block-column is-layout-flow wp-block-column-is-layout-flow\">\n<div class=\"wp-block-cover has-custom-content-position is-position-bottom-left\" style=\"border-radius:3.3%;padding-top:var(--wp--preset--spacing--small);padding-right:var(--wp--preset--spacing--x-small);padding-bottom:var(--wp--preset--spacing--small);padding-left:var(--wp--preset--spacing--x-small)\"><img loading=\"lazy\" decoding=\"async\" width=\"936\" height=\"1024\" class=\"wp-block-cover__image-background wp-image-422 size-large\" alt=\"\" src=\"https:\/\/alpacafe.sk\/wp-content\/uploads\/2024\/02\/KP_62-2-936x1024.jpg\" data-object-fit=\"cover\" srcset=\"https:\/\/alpacafe.sk\/wp-content\/uploads\/2024\/02\/KP_62-2-936x1024.jpg 936w, https:\/\/alpacafe.sk\/wp-content\/uploads\/2024\/02\/KP_62-2-274x300.jpg 274w, https:\/\/alpacafe.sk\/wp-content\/uploads\/2024\/02\/KP_62-2-2000x2187.jpg 2000w, https:\/\/alpacafe.sk\/wp-content\/uploads\/2024\/02\/KP_62-2-scaled-11x12.jpg 11w\" sizes=\"auto, (max-width: 936px) 100vw, 936px\" \/><span aria-hidden=\"true\" class=\"wp-block-cover__background has-primary-background-color has-background-dim-70 has-background-dim\"><\/span><div class=\"wp-block-cover__inner-container is-layout-flow wp-block-cover-is-layout-flow\">\n<h3 class=\"wp-block-heading has-white-color has-text-color has-medium-font-size\" style=\"margin-top:0;margin-right:0;margin-bottom:0;margin-left:0\">Prech\u00e1dzka s alpakami<\/h3>\n\n\n\n<p class=\"has-lightgrey-color has-text-color has-link-color wp-elements-2f4bd5199c8966f5c19694d8e7ba2b02\" style=\"margin-top:0;margin-right:0;margin-bottom:0;margin-left:0\"><a href=\"https:\/\/alpacafe.sk\/en\/cajova-party\/\" data-type=\"link\" data-id=\"https:\/\/alpacafe.sk\/sk\/cajova-party\/\"><\/a><a href=\"https:\/\/alpacafe.sk\/en\/nachos-feed-greet\/\">Prejdite sa s alpakami v na\u0161om parku \u2192<\/a><\/p>\n<\/div><\/div>\n<\/div>\n\n\n\n<div class=\"wp-block-column is-layout-flow wp-block-column-is-layout-flow\" style=\"padding-top:0;padding-right:0;padding-bottom:0;padding-left:0\">\n<div class=\"wp-block-cover has-custom-content-position is-position-bottom-left\" style=\"border-radius:10px;padding-top:var(--wp--preset--spacing--small);padding-right:var(--wp--preset--spacing--x-small);padding-bottom:var(--wp--preset--spacing--small);padding-left:var(--wp--preset--spacing--x-small)\"><img loading=\"lazy\" decoding=\"async\" width=\"1024\" height=\"683\" class=\"wp-block-cover__image-background wp-image-1160 size-large\" alt=\"\" src=\"https:\/\/alpacafe.sk\/wp-content\/uploads\/2024\/06\/KP_14-4-1024x683.jpg\" data-object-fit=\"cover\" srcset=\"https:\/\/alpacafe.sk\/wp-content\/uploads\/2024\/06\/KP_14-4-1024x683.jpg 1024w, https:\/\/alpacafe.sk\/wp-content\/uploads\/2024\/06\/KP_14-4-300x200.jpg 300w, https:\/\/alpacafe.sk\/wp-content\/uploads\/2024\/06\/KP_14-4-2000x1333.jpg 2000w, https:\/\/alpacafe.sk\/wp-content\/uploads\/2024\/06\/KP_14-4-scaled-18x12.jpg 18w, https:\/\/alpacafe.sk\/wp-content\/uploads\/2024\/06\/KP_14-4-scaled-600x400.jpg 600w\" sizes=\"auto, (max-width: 1024px) 100vw, 1024px\" \/><span aria-hidden=\"true\" class=\"wp-block-cover__background has-primary-background-color has-background-dim-70 has-background-dim\"><\/span><div class=\"wp-block-cover__inner-container is-layout-flow wp-block-cover-is-layout-flow\">\n<h3 class=\"wp-block-heading has-white-color has-text-color has-medium-font-size\" style=\"margin-top:0;margin-right:0;margin-bottom:0;margin-left:0\">Breakfast with alpacas<\/h3>\n\n\n\n<p class=\"has-lightgrey-color has-text-color has-link-color wp-elements-79a45890230bfdd30766c72539b932af\" style=\"margin-top:0;margin-right:0;margin-bottom:0;margin-left:0\"><a href=\"https:\/\/alpacafe.sk\/en\/cajova-party\/\" data-type=\"link\" data-id=\"https:\/\/alpacafe.sk\/sk\/cajova-party\/\"><\/a><a href=\"https:\/\/alpacafe.sk\/en\/ranajky-s-alpakami\/\">S alpakami je ka\u017ed\u00e9 r\u00e1no jedine\u010dn\u00e9 \u2192<\/a><\/p>\n<\/div><\/div>\n<\/div>\n<\/div>\n\n\n\n<div style=\"height:103px\" aria-hidden=\"true\" class=\"wp-block-spacer\"><\/div>\n<\/div>","protected":false},"excerpt":{"rendered":"<p>double date \u2731\u00a0Ve\u010dern\u00e1 prech\u00e1dzka a k\u0155menie alp\u00e1k Za\u017eite ve\u010der, ktor\u00fd spomal\u00ed \u010das \u2013 n\u00e1\u0161\u00a0Double Date s alpakami\u00a0je ide\u00e1lnym sp\u00f4sobom, ako sa na chv\u00ed\u013eu odpoji\u0165 od vonkaj\u0161ieho sveta a znovu sa naladi\u0165 \u2013 na seba, na partnera, na priate\u013eov. Po\u010das podve\u010dernej prech\u00e1dzky v sprievode na\u0161ich alp\u00e1k si doprajete pokoj, ticho a nen\u00faten\u00e9 prepojenie so zvieratami, ktor\u00e9 &hellip; <\/p>\n<p class=\"link-more\"><a href=\"http:\/\/alpacafe.sk\/en\/double-date\/\" class=\"more-link\">Read more<span class=\"screen-reader-text\"> &#8222;Double Date&#8220;<\/span><\/a><\/p>","protected":false},"author":1,"featured_media":0,"parent":0,"menu_order":0,"comment_status":"closed","ping_status":"closed","template":"","meta":{"footnotes":""},"class_list":["post-103","page","type-page","status-publish","hentry"],"_links":{"self":[{"href":"http:\/\/alpacafe.sk\/en\/wp-json\/wp\/v2\/pages\/103","targetHints":{"allow":["GET"]}}],"collection":[{"href":"http:\/\/alpacafe.sk\/en\/wp-json\/wp\/v2\/pages"}],"about":[{"href":"http:\/\/alpacafe.sk\/en\/wp-json\/wp\/v2\/types\/page"}],"author":[{"embeddable":true,"href":"http:\/\/alpacafe.sk\/en\/wp-json\/wp\/v2\/users\/1"}],"replies":[{"embeddable":true,"href":"http:\/\/alpacafe.sk\/en\/wp-json\/wp\/v2\/comments?post=103"}],"version-history":[{"count":28,"href":"http:\/\/alpacafe.sk\/en\/wp-json\/wp\/v2\/pages\/103\/revisions"}],"predecessor-version":[{"id":3588,"href":"http:\/\/alpacafe.sk\/en\/wp-json\/wp\/v2\/pages\/103\/revisions\/3588"}],"wp:attachment":[{"href":"http:\/\/alpacafe.sk\/en\/wp-json\/wp\/v2\/media?parent=103"}],"curies":[{"name":"wp","href":"https:\/\/api.w.org\/{rel}","templated":true}]}}